{"id":3360,"date":"2026-03-26T00:33:11","date_gmt":"2026-03-25T22:33:11","guid":{"rendered":"https:\/\/international.uaic.ro\/?page_id=3360"},"modified":"2026-03-31T02:01:14","modified_gmt":"2026-03-30T23:01:14","slug":"mobilitati-erasmus-de-scurta-durata","status":"publish","type":"page","link":"https:\/\/international.uaic.ro\/?page_id=3360","title":{"rendered":"Mobilit\u0103\u021bi Erasmus de scurt\u0103 durat\u0103"},"content":{"rendered":"\t\t<div data-elementor-type=\"wp-page\" data-elementor-id=\"3360\" class=\"elementor elementor-3360\">\n\t\t\t\t<div class=\"elementor-element elementor-element-136b2b6e e-flex e-con-boxed e-con e-parent\" data-id=\"136b2b6e\" data-element_type=\"container\" data-e-type=\"container\">\n\t\t\t\t\t<div class=\"e-con-inner\">\n\t\t\t\t<div class=\"elementor-element elementor-element-35799887 elementor-widget elementor-widget-heading\" data-id=\"35799887\" data-element_type=\"widget\" data-e-type=\"widget\" data-widget_type=\"heading.default\">\n\t\t\t\t<div class=\"elementor-widget-container\">\n\t\t\t\t\t<h2 class=\"elementor-heading-title elementor-size-default\">Mobilit\u0103\u021bi Erasmus de scurt\u0103 durat\u0103\n<\/h2>\t\t\t\t<\/div>\n\t\t\t\t<\/div>\n\t\t\t\t\t<\/div>\n\t\t\t\t<\/div>\n\t\t<div class=\"elementor-element elementor-element-80fbc4c e-grid e-con-boxed e-con e-parent\" data-id=\"80fbc4c\" data-element_type=\"container\" data-e-type=\"container\">\n\t\t\t\t\t<div class=\"e-con-inner\">\n\t\t\t\t<div class=\"elementor-element elementor-element-da29437 elementor-widget elementor-widget-button\" data-id=\"da29437\" data-element_type=\"widget\" data-e-type=\"widget\" data-widget_type=\"button.default\">\n\t\t\t\t<div class=\"elementor-widget-container\">\n\t\t\t\t\t\t\t\t\t<div class=\"elementor-button-wrapper\">\n\t\t\t\t\t<a class=\"elementor-button elementor-button-link elementor-size-sm\" href=\"https:\/\/international.uaic.ro\/?page_id=3226\">\n\t\t\t\t\t\t<span class=\"elementor-button-content-wrapper\">\n\t\t\t\t\t\t\t\t\t<span class=\"elementor-button-text\">\u00cenainte de plecare<\/span>\n\t\t\t\t\t<\/span>\n\t\t\t\t\t<\/a>\n\t\t\t\t<\/div>\n\t\t\t\t\t\t\t\t<\/div>\n\t\t\t\t<\/div>\n\t\t\t\t<div class=\"elementor-element elementor-element-256cc04 elementor-widget elementor-widget-button\" data-id=\"256cc04\" data-element_type=\"widget\" data-e-type=\"widget\" data-widget_type=\"button.default\">\n\t\t\t\t<div class=\"elementor-widget-container\">\n\t\t\t\t\t\t\t\t\t<div class=\"elementor-button-wrapper\">\n\t\t\t\t\t<a class=\"elementor-button elementor-button-link elementor-size-sm\" href=\"https:\/\/international.uaic.ro\/?page_id=3228\">\n\t\t\t\t\t\t<span class=\"elementor-button-content-wrapper\">\n\t\t\t\t\t\t\t\t\t<span class=\"elementor-button-text\">La \u00eentoarcere<\/span>\n\t\t\t\t\t<\/span>\n\t\t\t\t\t<\/a>\n\t\t\t\t<\/div>\n\t\t\t\t\t\t\t\t<\/div>\n\t\t\t\t<\/div>\n\t\t\t\t<div class=\"elementor-element elementor-element-21d2876b elementor-widget elementor-widget-button\" data-id=\"21d2876b\" data-element_type=\"widget\" data-e-type=\"widget\" data-widget_type=\"button.default\">\n\t\t\t\t<div class=\"elementor-widget-container\">\n\t\t\t\t\t\t\t\t\t<div class=\"elementor-button-wrapper\">\n\t\t\t\t\t<a class=\"elementor-button elementor-button-link elementor-size-sm\" href=\"https:\/\/international.uaic.ro\/?page_id=3230\">\n\t\t\t\t\t\t<span class=\"elementor-button-content-wrapper\">\n\t\t\t\t\t\t\t\t\t<span class=\"elementor-button-text\">Absolvent<\/span>\n\t\t\t\t\t<\/span>\n\t\t\t\t\t<\/a>\n\t\t\t\t<\/div>\n\t\t\t\t\t\t\t\t<\/div>\n\t\t\t\t<\/div>\n\t\t\t\t\t<\/div>\n\t\t\t\t<\/div>\n\t\t<div class=\"elementor-element elementor-element-31198e42 e-flex e-con-boxed e-con e-parent\" data-id=\"31198e42\" data-element_type=\"container\" data-e-type=\"container\" data-settings=\"{&quot;background_background&quot;:&quot;classic&quot;}\">\n\t\t\t\t\t<div class=\"e-con-inner\">\n\t\t\t\t<div class=\"elementor-element elementor-element-5117727c e-n-tabs-mobile elementor-widget elementor-widget-n-tabs\" data-id=\"5117727c\" data-element_type=\"widget\" data-e-type=\"widget\" data-widget_type=\"nested-tabs.default\">\n\t\t\t\t<div class=\"elementor-widget-container\">\n\t\t\t\t\t\t\t<div class=\"e-n-tabs\" data-widget-number=\"1360491132\" aria-label=\"File. Deschizi elementele cu tasta Enter sau Spa\u021biu, le \u00eenchizi cu Esc \u0219i navighezi folosind tastele s\u0103ge\u021bi.\">\n\t\t\t<div class=\"e-n-tabs-heading\" role=\"tablist\">\n\t\t\t\t\t<button id=\"e-n-tab-title-13604911321\" data-tab-title-id=\"e-n-tab-title-13604911321\" class=\"e-n-tab-title\" aria-selected=\"true\" data-tab-index=\"1\" role=\"tab\" tabindex=\"0\" aria-controls=\"e-n-tab-content-13604911321\" style=\"--n-tabs-title-order: 1;\">\n\t\t\t\t\t\t<span class=\"e-n-tab-title-text\">\n\t\t\t\tReguli Generale\t\t\t<\/span>\n\t\t<\/button>\n\t\t\t\t<button id=\"e-n-tab-title-13604911322\" data-tab-title-id=\"e-n-tab-title-13604911322\" class=\"e-n-tab-title\" aria-selected=\"false\" data-tab-index=\"2\" role=\"tab\" tabindex=\"-1\" aria-controls=\"e-n-tab-content-13604911322\" style=\"--n-tabs-title-order: 2;\">\n\t\t\t\t\t\t<span class=\"e-n-tab-title-text\">\n\t\t\t\tA\u015fa \u00eencepe mobilitatea ta Erasmus\t\t\t<\/span>\n\t\t<\/button>\n\t\t\t\t<button id=\"e-n-tab-title-13604911323\" data-tab-title-id=\"e-n-tab-title-13604911323\" class=\"e-n-tab-title\" aria-selected=\"false\" data-tab-index=\"3\" role=\"tab\" tabindex=\"-1\" aria-controls=\"e-n-tab-content-13604911323\" style=\"--n-tabs-title-order: 3;\">\n\t\t\t\t\t\t<span class=\"e-n-tab-title-text\">\n\t\t\t\tFormulare\t\t\t<\/span>\n\t\t<\/button>\n\t\t\t\t<button id=\"e-n-tab-title-13604911324\" data-tab-title-id=\"e-n-tab-title-13604911324\" class=\"e-n-tab-title\" aria-selected=\"false\" data-tab-index=\"4\" role=\"tab\" tabindex=\"-1\" aria-controls=\"e-n-tab-content-13604911324\" style=\"--n-tabs-title-order: 4;\">\n\t\t\t\t\t\t<span class=\"e-n-tab-title-text\">\n\t\t\t\tCriterii de eligibilitate\t\t\t<\/span>\n\t\t<\/button>\n\t\t\t\t<button id=\"e-n-tab-title-13604911325\" data-tab-title-id=\"e-n-tab-title-13604911325\" class=\"e-n-tab-title\" aria-selected=\"false\" data-tab-index=\"5\" role=\"tab\" tabindex=\"-1\" aria-controls=\"e-n-tab-content-13604911325\" style=\"--n-tabs-title-order: 5;\">\n\t\t\t\t\t\t<span class=\"e-n-tab-title-text\">\n\t\t\t\tDocumente necesare la dosarul de candidatur\u0103\t\t\t<\/span>\n\t\t<\/button>\n\t\t\t\t<button id=\"e-n-tab-title-13604911326\" data-tab-title-id=\"e-n-tab-title-13604911326\" class=\"e-n-tab-title\" aria-selected=\"false\" data-tab-index=\"6\" role=\"tab\" tabindex=\"-1\" aria-controls=\"e-n-tab-content-13604911326\" style=\"--n-tabs-title-order: 6;\">\n\t\t\t\t\t\t<span class=\"e-n-tab-title-text\">\n\t\t\t\tUnde po\u021bi pleca?\t\t\t<\/span>\n\t\t<\/button>\n\t\t\t\t<button id=\"e-n-tab-title-13604911327\" data-tab-title-id=\"e-n-tab-title-13604911327\" class=\"e-n-tab-title\" aria-selected=\"false\" data-tab-index=\"7\" role=\"tab\" tabindex=\"-1\" aria-controls=\"e-n-tab-content-13604911327\" style=\"--n-tabs-title-order: 7;\">\n\t\t\t\t\t\t<span class=\"e-n-tab-title-text\">\n\t\t\t\tC\u00e2t dureaz\u0103 mobilitatea de scurt\u0103 durat\u0103?\t\t\t<\/span>\n\t\t<\/button>\n\t\t\t\t<button id=\"e-n-tab-title-13604911328\" data-tab-title-id=\"e-n-tab-title-13604911328\" class=\"e-n-tab-title\" aria-selected=\"false\" data-tab-index=\"8\" role=\"tab\" tabindex=\"-1\" aria-controls=\"e-n-tab-content-13604911328\" style=\"--n-tabs-title-order: 8;\">\n\t\t\t\t\t\t<span class=\"e-n-tab-title-text\">\n\t\t\t\tCalendarul selec\u021biei\t\t\t<\/span>\n\t\t<\/button>\n\t\t\t\t<button id=\"e-n-tab-title-13604911329\" data-tab-title-id=\"e-n-tab-title-13604911329\" class=\"e-n-tab-title\" aria-selected=\"false\" data-tab-index=\"9\" role=\"tab\" tabindex=\"-1\" aria-controls=\"e-n-tab-content-13604911329\" style=\"--n-tabs-title-order: 9;\">\n\t\t\t\t\t\t<span class=\"e-n-tab-title-text\">\n\t\t\t\tValorea bursei\t\t\t<\/span>\n\t\t<\/button>\n\t\t\t\t<button id=\"e-n-tab-title-136049113210\" data-tab-title-id=\"e-n-tab-title-136049113210\" class=\"e-n-tab-title\" aria-selected=\"false\" data-tab-index=\"10\" role=\"tab\" tabindex=\"-1\" aria-controls=\"e-n-tab-content-136049113210\" style=\"--n-tabs-title-order: 10;\">\n\t\t\t\t\t\t<span class=\"e-n-tab-title-text\">\n\t\t\t\tSuplimentarea bursei Erasmus\t\t\t<\/span>\n\t\t<\/button>\n\t\t\t\t<button id=\"e-n-tab-title-136049113211\" data-tab-title-id=\"e-n-tab-title-136049113211\" class=\"e-n-tab-title\" aria-selected=\"false\" data-tab-index=\"11\" role=\"tab\" tabindex=\"-1\" aria-controls=\"e-n-tab-content-136049113211\" style=\"--n-tabs-title-order: 11;\">\n\t\t\t\t\t\t<span class=\"e-n-tab-title-text\">\n\t\t\t\tNevoi speciale\t\t\t<\/span>\n\t\t<\/button>\n\t\t\t\t<button id=\"e-n-tab-title-136049113212\" data-tab-title-id=\"e-n-tab-title-136049113212\" class=\"e-n-tab-title\" aria-selected=\"false\" data-tab-index=\"12\" role=\"tab\" tabindex=\"-1\" aria-controls=\"e-n-tab-content-136049113212\" style=\"--n-tabs-title-order: 12;\">\n\t\t\t\t\t\t<span class=\"e-n-tab-title-text\">\n\t\t\t\tOferte de stagii\t\t\t<\/span>\n\t\t<\/button>\n\t\t\t\t<button id=\"e-n-tab-title-136049113213\" data-tab-title-id=\"e-n-tab-title-136049113213\" class=\"e-n-tab-title\" aria-selected=\"false\" data-tab-index=\"13\" role=\"tab\" tabindex=\"-1\" aria-controls=\"e-n-tab-content-136049113213\" style=\"--n-tabs-title-order: 13;\">\n\t\t\t\t\t\t<span class=\"e-n-tab-title-text\">\n\t\t\t\tRecunoa\u0219tere \u0219i echivalare\t\t\t<\/span>\n\t\t<\/button>\n\t\t\t\t<button id=\"e-n-tab-title-136049113214\" data-tab-title-id=\"e-n-tab-title-136049113214\" class=\"e-n-tab-title\" aria-selected=\"false\" data-tab-index=\"14\" role=\"tab\" tabindex=\"-1\" aria-controls=\"e-n-tab-content-136049113214\" style=\"--n-tabs-title-order: 14;\">\n\t\t\t\t\t\t<span class=\"e-n-tab-title-text\">\n\t\t\t\tCoordonatori Erasmus\t\t\t<\/span>\n\t\t<\/button>\n\t\t\t\t<button id=\"e-n-tab-title-136049113215\" data-tab-title-id=\"e-n-tab-title-136049113215\" class=\"e-n-tab-title\" aria-selected=\"false\" data-tab-index=\"15\" role=\"tab\" tabindex=\"-1\" aria-controls=\"e-n-tab-content-136049113215\" style=\"--n-tabs-title-order: 15;\">\n\t\t\t\t\t\t<span class=\"e-n-tab-title-text\">\n\t\t\t\tCazare\t\t\t<\/span>\n\t\t<\/button>\n\t\t\t\t<button id=\"e-n-tab-title-136049113216\" data-tab-title-id=\"e-n-tab-title-136049113216\" class=\"e-n-tab-title\" aria-selected=\"false\" data-tab-index=\"16\" role=\"tab\" tabindex=\"-1\" aria-controls=\"e-n-tab-content-136049113216\" style=\"--n-tabs-title-order: 16;\">\n\t\t\t\t\t\t<span class=\"e-n-tab-title-text\">\n\t\t\t\tProgramare depunere documente\t\t\t<\/span>\n\t\t<\/button>\n\t\t\t\t<button id=\"e-n-tab-title-136049113217\" data-tab-title-id=\"e-n-tab-title-136049113217\" class=\"e-n-tab-title\" aria-selected=\"false\" data-tab-index=\"17\" role=\"tab\" tabindex=\"-1\" aria-controls=\"e-n-tab-content-136049113217\" style=\"--n-tabs-title-order: 17;\">\n\t\t\t\t\t\t<span class=\"e-n-tab-title-text\">\n\t\t\t\tEramus+ App\t\t\t<\/span>\n\t\t<\/button>\n\t\t\t\t<button id=\"e-n-tab-title-136049113218\" data-tab-title-id=\"e-n-tab-title-136049113218\" class=\"e-n-tab-title\" aria-selected=\"false\" data-tab-index=\"18\" role=\"tab\" tabindex=\"-1\" aria-controls=\"e-n-tab-content-136049113218\" style=\"--n-tabs-title-order: 18;\">\n\t\t\t\t\t\t<span class=\"e-n-tab-title-text\">\n\t\t\t\tPlatforma EU Academy (noul OLS)\t\t\t<\/span>\n\t\t<\/button>\n\t\t\t\t<button id=\"e-n-tab-title-136049113219\" data-tab-title-id=\"e-n-tab-title-136049113219\" class=\"e-n-tab-title\" aria-selected=\"false\" data-tab-index=\"19\" role=\"tab\" tabindex=\"-1\" aria-controls=\"e-n-tab-content-136049113219\" style=\"--n-tabs-title-order: 19;\">\n\t\t\t\t\t\t<span class=\"e-n-tab-title-text\">\n\t\t\t\tCarta studentului Erasmus\t\t\t<\/span>\n\t\t<\/button>\n\t\t\t\t<button id=\"e-n-tab-title-136049113220\" data-tab-title-id=\"e-n-tab-title-136049113220\" class=\"e-n-tab-title\" aria-selected=\"false\" data-tab-index=\"20\" role=\"tab\" tabindex=\"-1\" aria-controls=\"e-n-tab-content-136049113220\" style=\"--n-tabs-title-order: 20;\">\n\t\t\t\t\t\t<span class=\"e-n-tab-title-text\">\n\t\t\t\tContact\t\t\t<\/span>\n\t\t<\/button>\n\t\t\t\t\t<\/div>\n\t\t\t<div class=\"e-n-tabs-content\">\n\t\t\t\t<div id=\"e-n-tab-content-13604911321\" role=\"tabpanel\" aria-labelledby=\"e-n-tab-title-13604911321\" data-tab-index=\"1\" style=\"--n-tabs-title-order: 1;\" class=\"e-active elementor-element elementor-element-1f0f6ec2 e-con-full e-flex e-con e-child\" data-id=\"1f0f6ec2\" data-element_type=\"container\" data-e-type=\"container\">\n\t\t\t\t<div class=\"elementor-element elementor-element-ae1468c elementor-widget elementor-widget-text-editor\" data-id=\"ae1468c\" data-element_type=\"widget\" data-e-type=\"widget\" data-widget_type=\"text-editor.default\">\n\t\t\t\t<div class=\"elementor-widget-container\">\n\t\t\t\t\t\t\t\t\t<p><a href=\"https:\/\/www.uaic.ro\/wp-content\/uploads\/2025\/04\/Apel-mobilitati-de-scurta-durata-DI_2025-2026-FINAL-01.05.2025.pdf\"><strong>Apel de selec\u0163ie SMS \u015fi SMT \u2013 scurt\u0103 durat\u0103<\/strong><\/a>\u00a0<strong>(aplicabil selec\u021biilor organizate \u00eencep\u00e2nd cu data de 1 mai 2025)<\/strong><\/p><p><a href=\"https:\/\/www.uaic.ro\/wp-content\/uploads\/2025\/01\/Mobilitati-ERASMUS_ianuarie-2025.pdf\"><strong>Prezentare mobilit\u0103\u021bi ERASMUS+ de scurt\u0103 durat\u0103<\/strong><\/a><\/p><p><a href=\"https:\/\/www.uaic.ro\/wp-content\/uploads\/2025\/10\/SREI-Regulament-Erasmus-KA131_revizie-2025.pdf\"><strong>Regulament UAIC privind selec\u0163ia \u015fi organizarea mobilit\u0103\u0163ilor \u00een cadrul Programului ERASMUS+ KA131 \u2013 HED\u00a0<\/strong><\/a><\/p><p><strong>Mobilitate de studiu (SMS) de scurt\u0103 durat\u0103<\/strong>\u00a0\u2013 perioad\u0103 de studiu efectuat\u0103 de studen\u021bi la o institu\u021bie de \u00eenv\u0103\u021b\u0103m\u00e2nt superior din str\u0103in\u0103tate.<\/p><p>La selec\u021bia pentru mobilit\u0103\u021bile de studiu de scurt\u0103 durat\u0103\u00a0 \u00een cadrul Programului Erasmus+ pot participa studen\u021bii Universit\u0103\u021bii \u201eAlexandru Ioan Cuza\u201d (UAIC) al c\u0103ror domeniu de studiu este inclus \u00een acordurile bilaterale \u00eencheiate de UAIC cu universit\u0103\u021bi din \u021b\u0103rile Programului Erasmus+ KA131-HED (<strong>statele membre UE, SEE \u2013 Norvegia, Islanda \u0219i Liechtenstein, Turcia, Macedonia de Nord, Serbia).<\/strong><\/p><p>Lista cu universit\u0103\u021bile partenere este disponibil\u0103 at\u00e2t pe pagina web UAIC\u00a0<strong>(<a href=\"https:\/\/www.uaic.ro\/international\/programul-erasmus\/studenti\/mobilitati-de-studiu-erasmus\/\">https:\/\/www.uaic.ro\/international\/programul-erasmus\/studenti\/mobilitati-de-studiu-erasmus\/<\/a>)<\/strong>, c\u00e2t \u0219i pe paginile web ale facult\u0103\u021bilor UAIC.<\/p><p><strong>Mobilitatea de practic\u0103 (SMT) de scurt\u0103 durat\u0103<\/strong>\u00a0\u2013\u00a0<u>o perioad\u0103 de stagiu \u00een str\u0103in\u0103tate<\/u>\u00a0(<strong>\u00een<\/strong>\u00a0<strong>statele membre UE, SEE \u2013 Norvegia, Islanda \u0219i Liechtenstein, Turcia, Macedonia de Nord, Serbia<\/strong>) (activit\u0103\u021bi practice de formare) desf\u0103\u0219urat de studen\u021bii, doctoranzii \u0219i viitori proasp\u0103t absolven\u021bii UAIC la<strong><a href=\"https:\/\/www.uaic.ro\/international\/mobilitati-erasmus-de-scurta-durata\/#_ftn1\" name=\"_ftnref1\">[1]<\/a><\/strong>:<\/p><p>a) orice organiza\u021bie public\u0103 sau privat\u0103 activ\u0103 pe pia\u021ba for\u021bei de munc\u0103 sau \u00een domeniile educa\u021biei, form\u0103rii, tineretului, cercet\u0103rii \u0219i inov\u0103rii. De exemplu, o astfel de organiza\u021bie poate fi:<\/p><ul><li>o \u00eentreprindere mic\u0103, mijlocie sau mare, public\u0103 sau privat\u0103 (inclusiv \u00eentreprinderile sociale);<\/li><li>un organism public de la nivel local, regional sau na\u021bional;<\/li><li>ambasade sau birouri consulare ale Rom\u00e2niei;<\/li><li>un partener social sau alt reprezentant din domeniul for\u021bei de munc\u0103, inclusiv camere de comer\u021b, asocia\u021bii me\u0219te\u0219ug\u0103re\u0219ti\/profesionale \u0219i sindicate;<\/li><li>un institut de cercetare;<\/li><li>o funda\u021bie;<\/li><li>o \u0219coal\u0103\/un institut\/un centru educa\u021bional (de orice nivel, de la \u00eenv\u0103\u021b\u0103m\u00e2ntul pre\u0219colar la cel secundar superior, incluz\u00e2nd formarea profesional\u0103 \u0219i \u00eenv\u0103\u021b\u0103m\u00e2ntul pentru adul\u021bi);<\/li><\/ul><p>b) o organiza\u021bie, o asocia\u021bie, un ONG non-profit;<\/p><p>c) un organism care ofer\u0103 servicii de orientare profesional\u0103, de consiliere profesional\u0103 \u0219i de informare;<\/p><p>d) o institu\u021bie de \u00eenv\u0103\u021b\u0103m\u00e2nt superior dintr-un stat membru al UE sau dintr-o \u021bar\u0103 ter\u021b\u0103 asociat\u0103 la program care de\u021bine o ECHE sau o institu\u021bie de \u00eenv\u0103\u021b\u0103m\u00e2nt superior dintr-o \u021bar\u0103 ter\u021b\u0103 care nu este asociat\u0103 la program recunoscut\u0103 de autorit\u0103\u021bile competente, care a semnat acorduri interinstitu\u021bionale cu partenerii s\u0103i dintr-un stat membru al UE sau dintr-o \u021bar\u0103 ter\u021b\u0103 asociat\u0103 la program \u00eenainte ca mobilitatea s\u0103 aib\u0103 loc.<\/p><p>Mobilit\u0103\u021bile Erasmus+ de practic\u0103 includ \u0219i:<\/p><ul><li><u>Stagii de asisten\u021b\u0103 pentru viitoarele cadre didactice<\/u>\u00a0\u2013 \u201eassistantships\u201d;<\/li><li><u>Stagii de asisten\u021b\u0103 pentru cercetare<\/u>\u00a0realizate \u00een orice institu\u021bie de cercetare relevant\u0103;<\/li><li><u>Digital Opportunity Traineeships<a href=\"https:\/\/www.uaic.ro\/international\/mobilitati-erasmus-de-scurta-durata\/#_ftn2\" name=\"_ftnref2\"><strong>[2]<\/strong><\/a><\/u>\u00a0\u2013 desf\u0103\u0219urate pentru ob\u021binerea de competen\u021be digitale.<\/li><\/ul><p><strong>Pentru oferte de mobilit\u0103\u021bi de practic\u0103<\/strong>\u00a0pute\u021bi consulta:<\/p><ul><li><strong>Pagina web UAIC<\/strong>:\u00a0<strong><a href=\"http:\/\/www.uaic.ro\/international\/programul-erasmus\/studenti\/mobilitati-de-practica-erasmus\/oferte-stagii-practica-erasmus\/\">http:\/\/www.uaic.ro\/international\/programul-erasmus\/studenti\/mobilitati-de-practica-erasmus\/oferte-stagii-practica-erasmus\/<\/a>\u00a0<\/strong>\u0219i paginile web ale facult\u0103\u021bilor UAIC;<\/li><li>Pagina de\u00a0<strong>Facebook<\/strong>\u00a0a Serviciului de Rela\u021bii Interna\u021bionale:<strong>\u00a0<a href=\"https:\/\/www.facebook.com\/ServiciulRelatiiInternationaleUAIC\">https:\/\/www.facebook.com\/ServiciulRelatiiInternationaleUAIC<\/a><\/strong><\/li><li>Grupul de\u00a0<strong>Facebook<\/strong>\u00a0<strong>Erasmus UAIC<\/strong>:\u00a0<strong><a href=\"https:\/\/www.facebook.com\/groups\/173152296132716\/\">https:\/\/www.facebook.com\/groups\/173152296132716\/<\/a><\/strong><\/li><li>Pagina de\u00a0<strong>Instagram<\/strong>\u00a0<strong>Erasmus+\/SEE, UAIC:\u00a0<a href=\"https:\/\/www.instagram.com\/erasmus_see_uaic\/\">https:\/\/www.instagram.com\/erasmus_see_uaic\/<\/a><\/strong><\/li><li>Paginile de\u00a0<strong>Facebook<\/strong>\u00a0ale facult\u0103\u021bilor UAIC;<\/li><li><strong>Avizierul<\/strong>\u00a0de la secretariatele facult\u0103\u021bilor<\/li><li><strong>Portalul\u00a0<a href=\"http:\/\/www.erasmusintern.org\/\">erasmusintern.org<\/a><\/strong><\/li><li><strong>Coordonatorii Erasmus+<\/strong>\u00a0pentru mobilit\u0103\u021bi de practic\u0103 de la facultate;<\/li><li><strong>Paginile web ale institu\u021biilor publice sau private eligibile.<\/strong><\/li><\/ul><p><a href=\"https:\/\/www.uaic.ro\/international\/mobilitati-erasmus-de-scurta-durata\/#_ftnref1\" name=\"_ftn1\"><strong>[1]<\/strong><\/a>\u00a0Urm\u0103toarele tipuri de organiza\u021bii nu sunt eligibile ca institu\u021bii gazd\u0103 \u00een cazul deplas\u0103rii studen\u021bilor \u00een scopul mobilit\u0103\u021bii: institu\u021biile UE \u0219i alte organisme ale UE, inclusiv agen\u021bii specializate (lista exhaustiv\u0103 a acestora este disponibil\u0103 pe site-ul \u2013 https:\/\/europa.eu\/european-union\/abouteu\/institutions-bodies_ro); organiza\u021bii care administreaz\u0103 programele UE, cum ar fi agen\u021biile na\u021bionale Erasmus+ (pentru a se evita un posibil conflict de interese \u0219i\/sau finan\u021barea dubl\u0103).<\/p><p><strong><a href=\"https:\/\/www.uaic.ro\/international\/mobilitati-erasmus-de-scurta-durata\/#_ftnref2\" name=\"_ftn2\">[2]<\/a><\/strong>\u00a0Atunci c\u00e2nd studentul sau proasp\u0103t absolventul realizeaz\u0103 una sau mai multe dintre urm\u0103toarele activit\u0103\u021bi pe durata mobilit\u0103\u021bii: marketing digital; design digital\u00a0 grafic, mecanic sau arhitectural; dezvoltarea de aplica\u021bii, programe informatice, scripturi sau site-uri web; instalarea, \u00eentre\u021binerea \u0219i gestionarea de sisteme \u0219i re\u021bele IT; securitatea cibernetic\u0103; analiza, explorarea \u0219i vizualizarea de date; programarea \u0219i instruirea de robo\u021bi \u0219i aplica\u021bii ale inteligen\u021bei artificiale. Asisten\u021ba generic\u0103 pentru clien\u021bi, onorarea comenzilor, introducerea de date sau activit\u0103\u021bile de birou nu fac parte din aceast\u0103 categorie.<\/p>\t\t\t\t\t\t\t\t<\/div>\n\t\t\t\t<\/div>\n\t\t\t\t<\/div>\n\t\t<div id=\"e-n-tab-content-13604911322\" role=\"tabpanel\" aria-labelledby=\"e-n-tab-title-13604911322\" data-tab-index=\"2\" style=\"--n-tabs-title-order: 2;\" class=\" elementor-element elementor-element-18294f38 e-con-full e-flex e-con e-child\" data-id=\"18294f38\" data-element_type=\"container\" data-e-type=\"container\">\n\t\t\t\t<div class=\"elementor-element elementor-element-53b49a19 elementor-widget elementor-widget-text-editor\" data-id=\"53b49a19\" data-element_type=\"widget\" data-e-type=\"widget\" data-widget_type=\"text-editor.default\">\n\t\t\t\t<div class=\"elementor-widget-container\">\n\t\t\t\t\t\t\t\t\t<p><img data-dominant-color=\"dbdedd\" data-has-transparency=\"false\" style=\"--dominant-color: #dbdedd;\" fetchpriority=\"high\" decoding=\"async\" class=\"alignnone size-full wp-image-3143 not-transparent\" src=\"https:\/\/international.uaic.ro\/wp-content\/uploads\/2026\/02\/Asa-incepe-mobilitatea-ta-Erasmus-600x450.png.webp\" alt=\"\" width=\"600\" height=\"450\" srcset=\"https:\/\/international.uaic.ro\/wp-content\/uploads\/2026\/02\/Asa-incepe-mobilitatea-ta-Erasmus-600x450.png.webp 600w, https:\/\/international.uaic.ro\/wp-content\/uploads\/2026\/02\/Asa-incepe-mobilitatea-ta-Erasmus-600x450.png-300x225.webp 300w\" sizes=\"(max-width: 600px) 100vw, 600px\" \/><\/p><h3 class=\"fusion-responsive-typography-calculated\" data-fontsize=\"16\" data-lineheight=\"24px\">Click\u00a0<a href=\"https:\/\/www.uaic.ro\/wp-content\/uploads\/2025\/02\/A%C5%9Fa-%C3%AEncepe-mobilitatea-ta-Erasmus-1.png\">aici<\/a>\u00a0pentru o rezolu\u0163ie mai bun\u0103!<\/h3>\t\t\t\t\t\t\t\t<\/div>\n\t\t\t\t<\/div>\n\t\t\t\t<\/div>\n\t\t<div id=\"e-n-tab-content-13604911323\" role=\"tabpanel\" aria-labelledby=\"e-n-tab-title-13604911323\" data-tab-index=\"3\" style=\"--n-tabs-title-order: 3;\" class=\" elementor-element elementor-element-4f25eeb4 e-con-full e-flex e-con e-child\" data-id=\"4f25eeb4\" data-element_type=\"container\" data-e-type=\"container\">\n\t\t\t\t<div class=\"elementor-element elementor-element-6c796169 elementor-widget elementor-widget-text-editor\" data-id=\"6c796169\" data-element_type=\"widget\" data-e-type=\"widget\" data-widget_type=\"text-editor.default\">\n\t\t\t\t<div class=\"elementor-widget-container\">\n\t\t\t\t\t\t\t\t\t<p><strong>Formulare \u0219i documente utile pentru desf\u0103\u0219urarea mobilit\u0103\u0163ilor de studiu Erasmus+ de scurt\u0103 durat\u0103:<\/strong><\/p><ul><li><strong><a href=\"https:\/\/www.uaic.ro\/wp-content\/uploads\/2024\/10\/HE-Learning-agreement-studies-KA131-Digital.pdf\">Erasmus+ Digital Learning Agreement<\/a><\/strong><\/li><li><a href=\"https:\/\/www.uaic.ro\/wp-content\/uploads\/2024\/10\/Formular-candidatura-SMT_scurte_outgoing-1.docx\"><strong>Formular de candidatur\u0103<\/strong><\/a><\/li><li><strong><a href=\"https:\/\/www.uaic.ro\/wp-content\/uploads\/2024\/10\/Certificate-of-stay-KA-131_SMS_scurte.doc\">Certificat de \u015federe<\/a><\/strong><\/li><li><a href=\"https:\/\/www.uaic.ro\/wp-content\/uploads\/2023\/04\/Cerere-de-deplasare_aprobat_BECA_aprilie_2023.pdf\"><strong>Cerere tip pentru emiterea Dispozi\u0163iei Rectorului pentru deplas\u0103rile \u00een str\u0103in\u0103tate<\/strong><\/a>\u00a0\u00a0(aici\u00a0<a href=\"https:\/\/www.uaic.ro\/wp-content\/uploads\/2024\/11\/formular-cerere-de-deplasare_model-de-completare_2024-2026.pdf\"><strong>model de completare<\/strong><\/a>)<\/li><li><strong><a href=\"https:\/\/www.uaic.ro\/wp-content\/uploads\/2024\/10\/SMS-SCURTE-INAINTE-Declaratie-Erasmus.doc\">Declara\u0163ie Erasmus+<\/a>\u00a0<\/strong>(\u00eenainte de plecare)<\/li><li><a href=\"https:\/\/www.uaic.ro\/wp-content\/uploads\/2024\/10\/SMS-SCURTE-INAINTE-Declaratie-Erasmus_scurta-durata_beneficiaza.doc\"><strong>Declara\u0163ie Erasmus+<\/strong><\/a><\/li><li><a href=\"https:\/\/www.uaic.ro\/wp-content\/uploads\/2024\/10\/SMS-SCURTE-REVENIRE-Declara%C8%9Bie-pe-propria-r%C4%83spundere-pentru-evitarea-dublei-finan%C8%9B%C4%83ri-2.doc\"><strong>Declara\u0163ie pe propria r\u0103spundere pentru evitarea dublei finan\u0163\u0103ri<\/strong><\/a>\u00a0(la revenirea din mobilitate)<\/li><li><a href=\"https:\/\/www.uaic.ro\/wp-content\/uploads\/2025\/09\/Anexa-2-Cerere-de-echivalare-%C8%99i-recunoa%C8%99tere-studiu-1.docx\"><strong>Cerere de recunoa\u015ftere \u015fi echivalare a mobilit\u0103\u0163ii de studiu Erasmus+<\/strong><\/a><\/li><\/ul><p><strong>Formulare \u0219i documente utile pentru desf\u0103\u0219urarea mobilit\u0103\u0163ilor de practic\u0103 Erasmus+ de scurt\u0103 durat\u0103:<\/strong><\/p><ul><li><a href=\"https:\/\/www.uaic.ro\/wp-content\/uploads\/2024\/11\/2.-Learning-agreement-Before-the-mobility-Traineeship-3.docx\"><strong>Learning Agreement Student Mobility for Traineeships<\/strong><\/a>\u00a0\u00a0(<strong><a href=\"https:\/\/www.uaic.ro\/wp-content\/uploads\/2021\/12\/Anexa_V_STUDENTI_HE_Learning_agreement_traineeships_guidelines_2021.docx\">ghid de completare<\/a><\/strong>,\u00a0respectiv\u00a0<strong><a href=\"http:\/\/www.uaic.ro\/wp-content\/uploads\/2022\/05\/Model-de-completare_Learning-agreement_traineeships_form_final_2021-22.docx\">model de completare<\/a><\/strong>)<\/li><li><strong><a href=\"https:\/\/www.uaic.ro\/wp-content\/uploads\/2024\/10\/Formular-candidatura-SMT_scurte_outgoing.docx\">Formular de candidatur\u0103<\/a><\/strong><\/li><li><a href=\"https:\/\/www.uaic.ro\/wp-content\/uploads\/2024\/11\/3.-ConfirmationLetterErasmus_SMT-2.doc\"><strong>Scrisoare de accept<\/strong><\/a><\/li><li><a href=\"https:\/\/www.uaic.ro\/wp-content\/uploads\/2023\/04\/Cerere-de-deplasare_aprobat_BECA_aprilie_2023.pdf\"><strong>Cerere tip pentru emiterea Dispozi\u0163iei Rectorului pentru deplas\u0103rile \u00een str\u0103in\u0103tate<\/strong><\/a>\u00a0\u00a0(aici\u00a0<a href=\"https:\/\/www.uaic.ro\/wp-content\/uploads\/2024\/11\/formular-cerere-de-deplasare_model-de-completare_2024-2026.pdf\"><strong>model de completare<\/strong><\/a>)<\/li><li><a href=\"https:\/\/www.uaic.ro\/wp-content\/uploads\/2024\/11\/5.-Fisa_bursier_ERASMUS_SMT-1.doc\"><strong>Fi\u0219a bursierului ERASMUS+<\/strong><\/a><\/li><li><a href=\"https:\/\/www.uaic.ro\/wp-content\/uploads\/2024\/11\/4.-Declaratie-Erasmus_SMT-1-1.doc\"><strong>Declara\u021bie Erasmus- mobilitate de practic\u0103<\/strong><\/a><\/li><li><strong><a href=\"https:\/\/www.uaic.ro\/wp-content\/uploads\/2024\/11\/8.-CertificateofStaySMT-1.doc\">Certificat de \u0219edere<\/a><\/strong><\/li><li><a href=\"https:\/\/www.uaic.ro\/wp-content\/uploads\/2024\/11\/declaratiedublafin_SMT-la-revenire-1.doc\"><strong>Declara\u0163ie pe propria raspundere de evitare a dublei finan\u0163\u0103ri<\/strong>\u00a0<\/a>(la revenirea din mobilitate)<\/li><li><strong><a href=\"https:\/\/www.uaic.ro\/wp-content\/uploads\/2024\/11\/7.-Learning-agreement-After-the-mobility-Traineeship-1.docx\">Learning Agreement \u2013 after the mobility<\/a><\/strong><\/li><li><a href=\"https:\/\/www.uaic.ro\/wp-content\/uploads\/2025\/09\/Anexa-3-Cerere-de-echivalare-%C8%99i-recunoasterea-practica.doc\"><strong>Cerere de echivalare a mobilit\u0103\u0163ii de practic\u0103 Erasmus+<\/strong><\/a><\/li><\/ul>\t\t\t\t\t\t\t\t<\/div>\n\t\t\t\t<\/div>\n\t\t\t\t<\/div>\n\t\t<div id=\"e-n-tab-content-13604911324\" role=\"tabpanel\" aria-labelledby=\"e-n-tab-title-13604911324\" data-tab-index=\"4\" style=\"--n-tabs-title-order: 4;\" class=\" elementor-element elementor-element-13a79553 e-flex e-con-boxed e-con e-child\" data-id=\"13a79553\" data-element_type=\"container\" data-e-type=\"container\">\n\t\t\t\t\t<div class=\"e-con-inner\">\n\t\t\t\t<div class=\"elementor-element elementor-element-6d3134ed elementor-widget elementor-widget-text-editor\" data-id=\"6d3134ed\" data-element_type=\"widget\" data-e-type=\"widget\" data-widget_type=\"text-editor.default\">\n\t\t\t\t<div class=\"elementor-widget-container\">\n\t\t\t\t\t\t\t\t\t<p><strong><u>CRITERII DE ELIGIBILITATE<\/u><\/strong><strong>:<\/strong><\/p><p>Se pot \u00eenscrie la selec\u021bie:<\/p><p>\u2013 Studen\u021bii \u00eenmatricula\u021bi la Universitatea \u201eAlexandru Ioan Cuza\u201d din Ia\u0219i, \u00een orice an \u0219i la orice nivel de studiu, cet\u0103\u021beni rom\u00e2ni sau cet\u0103\u021beni ai altor state;<\/p><p>\u2013 Studen\u021bii care au beneficiat de mobilit\u0103\u021bi \u00een cadrul Programelor Socrates \/ LLP-Erasmus \/ Erasmus+) pot beneficia de noi mobilit\u0103\u021bi numai cu condi\u021bia ca durata total\u0103 a acestora s\u0103 nu dep\u0103\u0219easc\u0103 12 luni\/ ciclu de studiu;<\/p><p>\u2013\u00a0<strong><u>numai pentru mobilit\u0103\u021bi de practic\u0103<\/u><\/strong>: studen\u021bii \u0219i doctoranzii din anii terminali pot participa la selec\u021bii p\u00e2n\u0103 la data \u00a0\u00eencheierii sesiunii de evaluare din semestrul al II-lea al anului terminal, respectiv p\u00e2n\u0103 la data sus\u021binerii publice a tezei de doctorat, pentru mobilit\u0103\u021bi care au loc \u00een primul an de dup\u0103 absolvire; ace\u0219tia vor avea statut de \u201cselectat condi\u021bionat\u201d \u0219i vor deveni \u201ctitulari\u201d \u00een momentul \u00een care pot face dovada statutului de absolvent prin prezentarea unei adeverin\u021be eliberate de facultate, respectiv a unei\u00a0 adeverin\u021be eliberate de Secretariatul \u0218colii Doctorale unde a fost \u00eenmatriculat sau de Biroul pentru Studiile Universitare de Doctorat. Aceste mobilit\u0103\u021bi se pot efectua \u0219i finaliza \u00een termen de un an de la absolvire;<\/p><p>\u2013 Un student poate beneficia de mobilit\u0103\u021bi de studiu \u0219i de practic\u0103 Erasmus+ la fiecare nivel de studii (licen\u021b\u0103, master, doctorat), \u00eensum\u00e2nd maximum 12 luni de mobilitate (studiu + practic\u0103) per nivel;<\/p><p>\u2013 Nu sunt eligibile mobilit\u0103\u021bi consecutive la aceea\u0219i institu\u021bie gazd\u0103.<\/p><p><strong><u>Observa\u021bii!<\/u><\/strong><\/p><p>Studen\u021bii pot participa la mai multe sesiuni de selec\u021bie pentru mobilit\u0103\u021bi de studiu\/practic\u0103 Erasmus+, \u00eens\u0103 se recomand\u0103 ca \u00eentre 2 mobilit\u0103\u021bi s\u0103 existe un interval de timp suficient at\u00e2t pentru solu\u021bionarea tuturor obliga\u021biilor \u0219i responsabilit\u0103\u021bilor specifice finaliz\u0103rii primei mobilit\u0103\u021bi Erasmus+, c\u00e2t \u0219i pentru realizarea procedurii administrative necesare desf\u0103\u0219ur\u0103rii urm\u0103toarei mobilit\u0103\u021bi.<\/p>\t\t\t\t\t\t\t\t<\/div>\n\t\t\t\t<\/div>\n\t\t\t\t\t<\/div>\n\t\t\t\t<\/div>\n\t\t<div id=\"e-n-tab-content-13604911325\" role=\"tabpanel\" aria-labelledby=\"e-n-tab-title-13604911325\" data-tab-index=\"5\" style=\"--n-tabs-title-order: 5;\" class=\" elementor-element elementor-element-606fb316 e-flex e-con-boxed e-con e-child\" data-id=\"606fb316\" data-element_type=\"container\" data-e-type=\"container\">\n\t\t\t\t\t<div class=\"e-con-inner\">\n\t\t\t\t<div class=\"elementor-element elementor-element-2f7b7c9a elementor-widget elementor-widget-text-editor\" data-id=\"2f7b7c9a\" data-element_type=\"widget\" data-e-type=\"widget\" data-widget_type=\"text-editor.default\">\n\t\t\t\t<div class=\"elementor-widget-container\">\n\t\t\t\t\t\t\t\t\t<p><strong><u>DOCUMENTE NECESARE LA DOSARUL DE CANDIDATUR\u0102<\/u><\/strong><strong>:<\/strong><\/p><ul><li>Formular de candidatur\u0103\u00a0<em>\u2013 care va include<\/em><ul><li>Motiva\u021bia (incluz\u00e2nd obiectivele concrete urm\u0103rite de candidat \u0219i rezultatele a\u0219teptate)<\/li><li>Perioada propus\u0103 pentru mobilitate<\/li><li>Declara\u021bie cu privire la num\u0103rul maxim de luni de mobilitate Erasmus+ de care un student poate beneficia pe durata ciclului de studii la care este \u00eenmatriculat la momentul candidaturii;<\/li><li>Not\u0103 de informare privind prelucrarea datelor cu caracter personal;<\/li><\/ul><\/li><li>Curriculum Vitae;<\/li><li>Atestatul de limb\u0103 \/ foaia matricol\u0103 din liceu \/ certificatul de competen\u021be lingvistice ob\u021binut la examenul de Bacalaureat \/ situa\u021bia \u0219colar\u0103 aferent\u0103 studiilor universitare la limba str\u0103in\u0103 studiat\u0103 sau la programul de studiu, pentru cei care studiaz\u0103 \u00eentr-o limb\u0103 str\u0103in\u0103, conform op\u021biunii candidatului \u0219i \u00een func\u021bie de limbile str\u0103ine studiate (va r\u0103m\u00e2ne \u00een copie la dosarul de selec\u021bie al studentului);<\/li><li>Scrisoarea de invita\u021bie din partea universit\u0103\u021bii \/ institu\u021biei gazd\u0103 unde se va desf\u0103\u0219ura mobilitatea (se accept\u0103 o copie scanat\u0103 transmis\u0103 prin email).<\/li><\/ul><p>CV-ul va fi prezentat \u00een limba de studiu a cursurilor, respectiv de lucru a activit\u0103\u021bilor desf\u0103\u0219urate \u00een mobilitate.<\/p><p><strong>Documente suplimentare, pentru studen\u021bii care nu au cet\u0103\u021benia unui stat membru UE:<\/strong><\/p><ul><li>copie a permisului de \u0219edere pe teritoriul Rom\u00e2niei; excep\u021bie de la aceast\u0103 cerin\u021b\u0103 fac studen\u021bii \u00eenmatricula\u021bi la UAIC \u2013 Extensiunea B\u0103l\u021bi\/ Chi\u0219in\u0103u.<\/li><\/ul><p><strong><em>Dosarele incomplete vor fi declarate respinse.<\/em><\/strong><\/p><p><strong>Modalitatea de notare a dosarului:<\/strong><br \/>a) competen\u021bele lingvistice (20%); media aritmetic\u0103 a notelor din liceu\/ nota sau punctajul certificatului lingvistic de la Bacalaureat\/ media aferent\u0103 studiilor universitare ori punctajul minim acceptat (pentru nivel minimum B1) trebuie s\u0103 fie egal cu 80 % din nota sau punctajul maxim (ex: min. nota 8\/10, 16\/20 sau bine, \u00een cazul calificativelor).<br \/>Excep\u021bie fac certificatele recunoscute interna\u021bional (tip DELF, DALF, Cambridge, TOEFL, IELTS, DELE, Goethe), ob\u021binute pentru un nivel minimum B1, pentru care se accept\u0103 orice punctaj.<br \/>b) motiva\u021bie \u0219i\/sau interviu (80%)<strong><a href=\"https:\/\/www.uaic.ro\/international\/mobilitati-erasmus-de-scurta-durata\/#_ftnref1\" name=\"_ftn1\">[1]<\/a><\/strong>; nota ob\u021binut\u0103 la evaluarea motiva\u021biei \u0219i\/sau interviului sus\u021binut \u00een cadrul selec\u021biei trebuie s\u0103 fie minim 7\/10.<\/p><p><strong><a href=\"https:\/\/www.uaic.ro\/international\/mobilitati-erasmus-de-scurta-durata\/#_ftnref1\" name=\"_ftn1\">[1]<\/a><\/strong>\u00a0Comisia de selec\u021bie pentru mobilit\u0103\u021bi Erasmus+ de scurt\u0103 durat\u0103 de la nivelul fiec\u0103rei facult\u0103\u021bi poate decide dac\u0103 \u00een procesul de evaluare al candida\u021bilor se va nota doar scrisoarea de motiva\u021bie a acestora sau daca se impune \u0219i realizarea unui interviu.<\/p>\t\t\t\t\t\t\t\t<\/div>\n\t\t\t\t<\/div>\n\t\t\t\t\t<\/div>\n\t\t\t\t<\/div>\n\t\t<div id=\"e-n-tab-content-13604911326\" role=\"tabpanel\" aria-labelledby=\"e-n-tab-title-13604911326\" data-tab-index=\"6\" style=\"--n-tabs-title-order: 6;\" class=\" elementor-element elementor-element-5e5a5c2f e-flex e-con-boxed e-con e-child\" data-id=\"5e5a5c2f\" data-element_type=\"container\" data-e-type=\"container\">\n\t\t\t\t\t<div class=\"e-con-inner\">\n\t\t\t\t<div class=\"elementor-element elementor-element-31f58315 elementor-widget elementor-widget-text-editor\" data-id=\"31f58315\" data-element_type=\"widget\" data-e-type=\"widget\" data-widget_type=\"text-editor.default\">\n\t\t\t\t<div class=\"elementor-widget-container\">\n\t\t\t\t\t\t\t\t\t<p><strong>Mobilitate de studiu (SMS) de scurt\u0103 durat\u0103<\/strong>\u00a0\u2013 perioad\u0103 de studiu efectuat\u0103 de studen\u021bi la o institu\u021bie de \u00eenv\u0103\u021b\u0103m\u00e2nt superior din str\u0103in\u0103tate.<\/p><p>La selec\u021bia pentru mobilit\u0103\u021bile de studiu de scurt\u0103 durat\u0103\u00a0 \u00een cadrul Programului Erasmus+ KA131-HED pot participa studen\u021bii UAIC al c\u0103ror domeniu de studiu este inclus \u00een acordurile bilaterale \u00eencheiate de UAIC cu universit\u0103\u021bi din \u021b\u0103rile Programului Erasmus+ KA131-HED (<strong>statele membre UE, SEE \u2013 Norvegia, Islanda \u0219i Liechtenstein, Turcia, Macedonia de Nord, Serbia<\/strong>)<strong><a href=\"https:\/\/www.uaic.ro\/international\/mobilitati-erasmus-de-scurta-durata\/#_ftn1\" name=\"_ftnref1\">[1]<\/a><\/strong>.<\/p><p>Lista cu universit\u0103\u021bile partenere este disponibil\u0103 at\u00e2t pe pagina web UAIC\u00a0<strong>(<a href=\"https:\/\/www.uaic.ro\/international\/programul-erasmus\/studenti\/mobilitati-de-studiu-erasmus\/\">https:\/\/www.uaic.ro\/international\/programul-erasmus\/studenti\/mobilitati-de-studiu-erasmus\/<\/a>)<\/strong>, c\u00e2t \u0219i pe website-ul facult\u0103\u021bii (www. \u2026\u2026\u2026\u2026..).<\/p><p><strong>Mobilitatea de practic\u0103 (SMT) de scurt\u0103 durat\u0103<\/strong>\u00a0\u2013\u00a0<u>o perioad\u0103 de stagiu \u00een str\u0103in\u0103tate<\/u>\u00a0(<u>nu cursuri urmate \u00een cadrul unei universit\u0103\u021bi<\/u>) desf\u0103\u0219urat de studen\u021bi, doctoranzi \u0219i viitori proasp\u0103t absolven\u021bi la<strong><a href=\"https:\/\/www.uaic.ro\/international\/mobilitati-erasmus-de-scurta-durata\/#_ftn2\" name=\"_ftnref2\">[2]<\/a><\/strong>:<\/p><ul><li>o institu\u021bie public\u0103 sau privat\u0103 activ\u0103 pe pia\u021ba muncii, sau \u00een domeniile educa\u021biei, form\u0103rii, tineretului, cercet\u0103rii \u0219i inova\u021biei;<\/li><li>o organiza\u021bie, o asocia\u021bie, un ONG non-profit;<\/li><li>un organism care ofer\u0103 servicii de orientare profesional\u0103, de consiliere profesional\u0103 \u0219i de informare;<\/li><li>o institu\u021bie de \u00eenv\u0103\u021b\u0103m\u00e2nt superior dintr-un stat membru al UE sau dintr-o \u021bar\u0103 ter\u021b\u0103 asociat\u0103 la program care de\u021bine o ECHE sau o institu\u021bie de \u00eenv\u0103\u021b\u0103m\u00e2nt superior dintr-o \u021bar\u0103 ter\u021b\u0103 care nu este asociat\u0103 la program recunoscut\u0103 de autorit\u0103\u021bile competente, care a semnat acorduri interinstitu\u021bionale cu partenerii s\u0103i dintr-un stat membru al UE sau dintr-o \u021bar\u0103 ter\u021b\u0103 asociat\u0103 la program \u00eenainte ca mobilitatea s\u0103 aib\u0103 loc.<\/li><\/ul><p>Mobilit\u0103\u021bile Erasmus+ de practic\u0103 includ \u0219i:<\/p><ul><li><u>Stagii de asisten\u021b\u0103 pentru viitoarele cadre didactice<\/u>\u00a0\u2013 \u201eassistantships\u201d;<\/li><li><u>Stagii de asisten\u021b\u0103 pentru cercetare<\/u>\u00a0realizate \u00een orice institu\u021bie de cercetare relevant\u0103;<\/li><li><u>Digital Opportunity Traineeships<a href=\"https:\/\/www.uaic.ro\/international\/mobilitati-erasmus-de-scurta-durata\/#_ftn3\" name=\"_ftnref3\">[3]<\/a><\/u>\u00a0\u2013 desf\u0103\u0219urate pentru ob\u021binerea de competen\u021be digitale.<\/li><\/ul><p><a href=\"https:\/\/www.uaic.ro\/international\/mobilitati-erasmus-de-scurta-durata\/#_ftnref1\" name=\"_ftn1\"><strong>[1]<\/strong><\/a>\u00a0Se pot finan\u021ba mobilit\u0103\u021bi \u0219i c\u0103tre state care nu sunt asociate la Programul Erasmus+ KA131-HED, \u00een limita fondurilor disponible \u0219i cu condi\u021bia semn\u0103rii prealabile a unui acord bilateral Erasmus.<\/p><p><strong><a href=\"https:\/\/www.uaic.ro\/international\/mobilitati-erasmus-de-scurta-durata\/#_ftnref2\" name=\"_ftn2\">[2]<\/a>\u00a0<\/strong>Urm\u0103toarele tipuri de organiza\u021bii nu sunt eligibile ca institu\u021bii gazd\u0103 \u00een cazul deplas\u0103rii studen\u021bilor \u00een scopul mobilit\u0103\u021bii: institu\u021biile UE \u0219i alte organisme ale UE, inclusiv agen\u021bii specializate (lista exhaustiv\u0103 a acestora este disponibil\u0103 pe site-ul \u2013 https:\/\/europa.eu\/european-union\/abouteu\/institutions-bodies_ro); organiza\u021bii care administreaz\u0103 programele UE, cum ar fi agen\u021biile na\u021bionale Erasmus+ (pentru a se evita un posibil conflict de interese \u0219i\/sau finan\u021barea dubl\u0103).<\/p><p><a href=\"https:\/\/www.uaic.ro\/international\/mobilitati-erasmus-de-scurta-durata\/#_ftnref3\" name=\"_ftn3\"><strong>[3]<\/strong><\/a>\u00a0Atunci c\u00e2nd studentul sau proasp\u0103t absolventul realizeaz\u0103 una sau mai multe dintre urm\u0103toarele activit\u0103\u021bi pe durata mobilit\u0103\u021bii: marketing digital; design grafic, mecanic sau arhitectural digital; dezvoltarea de aplica\u021bii, programe informatice, scripturi sau site-uri web; instalarea, \u00eentre\u021binerea \u0219i gestionarea de sisteme \u0219i re\u021bele IT; securitatea cibernetic\u0103; analiza, explorarea \u0219i vizualizarea de date; programarea \u0219i instruirea de robo\u021bi \u0219i aplica\u021bii ale inteligen\u021bei artificiale. Asisten\u021ba generic\u0103 pentru clien\u021bi, onorarea comenzilor, introducerea de date sau activit\u0103\u021bile de birou nu fac parte din aceast\u0103 categorie.<\/p><p>\u00a0<\/p>\t\t\t\t\t\t\t\t<\/div>\n\t\t\t\t<\/div>\n\t\t\t\t\t<\/div>\n\t\t\t\t<\/div>\n\t\t<div id=\"e-n-tab-content-13604911327\" role=\"tabpanel\" aria-labelledby=\"e-n-tab-title-13604911327\" data-tab-index=\"7\" style=\"--n-tabs-title-order: 7;\" class=\" elementor-element elementor-element-15823c50 e-flex e-con-boxed e-con e-child\" data-id=\"15823c50\" data-element_type=\"container\" data-e-type=\"container\">\n\t\t\t\t\t<div class=\"e-con-inner\">\n\t\t\t\t<div class=\"elementor-element elementor-element-b11e5ff elementor-widget elementor-widget-text-editor\" data-id=\"b11e5ff\" data-element_type=\"widget\" data-e-type=\"widget\" data-widget_type=\"text-editor.default\">\n\t\t\t\t<div class=\"elementor-widget-container\">\n\t\t\t\t\t\t\t\t\t<p><strong>DURATA MOBILIT\u0102\u021aILOR DE SCURT\u0102 DURAT\u0102 (SMS\/SMT):<\/strong>\u00a0\u00eentre\u00a0<strong>5 \u0219i 30 zile de activitate \u00een format fizic<\/strong>, la care se adaug\u0103 o\u00a0<strong><u>component\u0103 virtual\u0103<\/u>\u00a0(obligatorie pentru ciclurile de studiu\u00a0<u>Licen\u021b\u0103\u00a0<\/u>\u0219i\u00a0<u>Master<\/u>\u00a0<\/strong>\u0219i op\u021bional\u0103 pentru ciclul de studiu Doctorat).<\/p>\t\t\t\t\t\t\t\t<\/div>\n\t\t\t\t<\/div>\n\t\t\t\t\t<\/div>\n\t\t\t\t<\/div>\n\t\t<div id=\"e-n-tab-content-13604911328\" role=\"tabpanel\" aria-labelledby=\"e-n-tab-title-13604911328\" data-tab-index=\"8\" style=\"--n-tabs-title-order: 8;\" class=\" elementor-element elementor-element-3cdeeaae e-flex e-con-boxed e-con e-child\" data-id=\"3cdeeaae\" data-element_type=\"container\" data-e-type=\"container\">\n\t\t\t\t\t<div class=\"e-con-inner\">\n\t\t\t\t<div class=\"elementor-element elementor-element-6d2f4a49 elementor-widget elementor-widget-text-editor\" data-id=\"6d2f4a49\" data-element_type=\"widget\" data-e-type=\"widget\" data-widget_type=\"text-editor.default\">\n\t\t\t\t<div class=\"elementor-widget-container\">\n\t\t\t\t\t\t\t\t\t<p><strong>SELEC\u021aIA CANDIDA\u021aILOR PENTRU MOBILIT\u0102\u021aI DE SCURT\u0102 DURAT\u0102<\/strong><\/p><p>Studen\u021bii pot participa la selec\u021bii pentru mobilit\u0103\u021bi de scurt\u0103 durat\u0103 pe tot parcursul anului academic, cu condi\u021bia primirii unui accept de la o universitate partener\u0103 cu care exist\u0103 un acord Erasmus+ \u00een vigoare, \u00een domeniul de studiu respectiv (\u00een cazul mobilit\u0103\u021bilor de studiu)\/ pentru stagii din oferta facult\u0103\u021bii la care studentul este \u00eenmatriculat (\u00een cazul mobilit\u0103\u021bilor de practic\u0103), astfel:<\/p><p>\u2022 selec\u021bia poate fi f\u0103cut\u0103 cu minimum 30 de zile \u00eenainte de data \u00eenceperii mobilit\u0103\u021bii, fie fizic\u0103 sau virtual\u0103 (datele mobilit\u0103\u021bii sunt men\u021bionate \u00een procesul-verbal de selec\u021bie);<br \/>\u2022 dosarele de candidatur\u0103 se depun la secretariatul facult\u0103\u021bii\/ se transmit prin email c\u0103tre coordonatorul Erasmus+ al facult\u0103\u021bii;<br \/>\u2022 coordonatorul Erasmus+ confirm\u0103 prin email primirea candidaturii \u0219i, ulterior evalu\u0103rii dosarelor, afi\u0219eaz\u0103 rezultatele pe pagina web a facult\u0103\u021bii;<br \/>\u2022 eventualele contesta\u021bii se pot trimite \u00een termen de 24 de ore de la afi\u0219area rezultatelor, c\u0103tre coordonatorul Erasmus+, pe adresa de e-mail; acestea sunt analizate \u0219i solu\u021bionate \u00een termen de 48 de ore, de c\u0103tre Comisia de solu\u021bionare a contesta\u021biilor de la nivelul facult\u0103\u021bii, iar coordonatorul Erasmus+ afi\u0219eaz\u0103 rezultatele finale;<br \/>\u2022 coordonatorul Erasmus+ transmite procesul-verbal la Serviciul Rela\u021bii Interna\u021bionale imediat dup\u0103 \u00eencheierea selec\u021biei \u0219i informeaz\u0103 studen\u021bii selecta\u021bi asupra necesit\u0103\u021bii contact\u0103rii responsabilului de mobilit\u0103\u021bi Erasmus+ din cadrul Serviciului Rela\u021bii Interna\u021bional.<\/p>\t\t\t\t\t\t\t\t<\/div>\n\t\t\t\t<\/div>\n\t\t\t\t\t<\/div>\n\t\t\t\t<\/div>\n\t\t<div id=\"e-n-tab-content-13604911329\" role=\"tabpanel\" aria-labelledby=\"e-n-tab-title-13604911329\" data-tab-index=\"9\" style=\"--n-tabs-title-order: 9;\" class=\" elementor-element elementor-element-793c091e e-flex e-con-boxed e-con e-child\" data-id=\"793c091e\" data-element_type=\"container\" data-e-type=\"container\">\n\t\t\t\t\t<div class=\"e-con-inner\">\n\t\t\t\t<div class=\"elementor-element elementor-element-1bc91754 elementor-widget elementor-widget-text-editor\" data-id=\"1bc91754\" data-element_type=\"widget\" data-e-type=\"widget\" data-widget_type=\"text-editor.default\">\n\t\t\t\t<div class=\"elementor-widget-container\">\n\t\t\t\t\t\t\t\t\t<p><strong><u>BURSA ERASMUS<\/u><\/strong><\/p><p>Bursa Erasmus+ poate fi acordat\u0103 numai cu condi\u021bia ca:<\/p><ul><li><strong>Procesul-verbal de selec\u021bie<\/strong>\u00a0s\u0103 fie\u00a0<strong>transmis la Serviciul Rela\u021bii Interna\u021bionale imediat dup\u0103 \u00eencheierea selec\u021biei;<\/strong><\/li><li><strong>Cererea de deplasare\u00a0<\/strong>vizat\u0103 la facultate s\u0103 fie depus\u0103 la registratur\u0103\u00a0<strong>cu minimum 10 zile lucr\u0103toare \u00eenaintea \u00eenceperii mobilit\u0103\u021bii;<\/strong><\/li><li><strong>Contractul financiar completat \u0219i semnat, \u00eempreun\u0103 cu documentele \u00eenso\u021bitoare<\/strong>, este transmis responsabilului financiar Erasmus+ de la Serviciul rela\u021bii Interna\u021bionale cu\u00a0<strong>minimum 5 zile lucr\u0103toare \u00eenainte de \u00eenceperea mobilit\u0103\u021bii.<\/strong><\/li><\/ul><p><strong>Important!<\/strong><\/p><p>Studen\u021bii UAIC pot beneficia de mai multe mobilit\u0103\u021bi de Erasmus+, \u00eens\u0103 se recomand\u0103 ca \u00eentre 2 mobilit\u0103\u021bi s\u0103 existe un interval de timp suficient pentru \u00eendeplinirea obliga\u021biilor contractuale pentru mobilitatea Erasmus+ precedent\u0103 \u0219i pentru realizarea procedurii administrative necesare desf\u0103\u0219ur\u0103rii urm\u0103toarei mobilit\u0103\u021bi.<br \/>Cererea de deplasare pentru o nou\u0103 mobilitate Erasmus+ poate fi aprobat\u0103 numai dup\u0103 \u00eendeplinirea obliga\u021biilor contractuale ale beneficiarului pentru mobilitatea Erasmus+ anterioar\u0103.<\/p><p><strong>Cuantumul bursei pentru mobilit\u0103\u021bile Erasmus+ de scurt\u0103 durat\u0103<\/strong>\u00a0a fost stabilit la nivel na\u021bional de c\u0103tre Agen\u021bia Na\u021bional\u0103 pentru Programe Comunitare \u00een Domeniul Educa\u021biei \u0219i Form\u0103rii Profesionale (ANPCDEFP), \u00een conformitate cu Ghidul Erasmus+, astfel:<\/p><ul><li><strong>sprijin individual<\/strong><ul><li><strong>79 Euro\/zi<\/strong>: p\u00e2n\u0103 la cea de a 14<sup>-a\u00a0<\/sup>zi de activitate<\/li><li><strong>56 Euro\/zi<\/strong>: \u00eentre a 15<sup>-a<\/sup>\u00a0zi \u0219i a 30<sup>-a<\/sup>\u00a0zi de activitate<\/li><\/ul><\/li><li><strong>sprijin individual suplimentar<\/strong>\u00a0(maximum 2 zile) pentru efectuarea c\u0103l\u0103toriei dus \u2013 \u00eentors (pentru o zi de transport \u00eenainte de activitate \u0219i o zi de transport dup\u0103 activitate): 2 zile x 79 Euro\/zi SAU 2 zile x 56 Euro\/zi, \u00een func\u021bie de durata mobilit\u0103\u021bii;<\/li><li><strong>Grant pentru transport,\u00a0<\/strong>calculat conform calculatorului de distan\u021b\u0103 al Comisiei Europene (accesibil la acest\u00a0<strong><a href=\"https:\/\/erasmus-plus.ec.europa.eu\/resources-and-tools\/distance-calculator\">link<\/a><\/strong>). \u201cDistan\u021ba de c\u0103l\u0103torie\u201d reprezint\u0103 distan\u021ba dintre locul de origine \u0219i locul de desf\u0103\u0219urare a activit\u0103\u021bii, \u00een timp ce \u201esuma\u201d reprezint\u0103 grantul pentru deplasarea at\u00e2t \u00eenspre locul de desf\u0103\u0219urare a activit\u0103\u021bii, c\u00e2t \u0219i retur:<\/li><\/ul><table><tbody><tr><td width=\"195\"><p>\u00a0<strong>Distan\u021ba de c\u0103l\u0103torie<\/strong><\/p><\/td><td width=\"195\"><strong>Transport din categoria \u201egreen travel\u201d \u2013<\/strong><p>\u00a0<\/p><p><strong>Suma per participant \u00een euro<\/strong><\/p><\/td><td width=\"195\"><p><strong>Transport din categoria \u201enon-green travel\u201d \u2013 Suma per participant \u00een euro<\/strong><\/p><\/td><\/tr><tr><td width=\"195\">10 \u2013 99 KM<\/td><td width=\"195\">56<\/td><td width=\"195\"><p>28<\/p><\/td><\/tr><tr><td width=\"195\">100 \u2013 499 KM<\/td><td width=\"195\">285<\/td><td width=\"195\"><p>211<\/p><\/td><\/tr><tr><td width=\"195\"><p>500 \u2013 1 999 KM<\/p><\/td><td width=\"195\">417<\/td><td width=\"195\"><p>309<\/p><\/td><\/tr><tr><td width=\"195\"><p>2 000 \u2013 2 999 KM<\/p><\/td><td width=\"195\">535<\/td><td width=\"195\"><p>395<\/p><\/td><\/tr><tr><td width=\"195\">3 000 \u2013 3 999 KM<\/td><td width=\"195\">785<\/td><td width=\"195\"><p>580<\/p><\/td><\/tr><tr><td width=\"195\">4 000 \u2013 7 999 KM<\/td><td width=\"195\">1 188<\/td><td width=\"195\"><p>1 188<\/p><\/td><\/tr><tr><td width=\"195\"><p>8 000 KM sau mai mult<\/p><\/td><td width=\"195\">1 735<\/td><td width=\"195\"><p>1 735<\/p><\/td><\/tr><\/tbody><\/table>\t\t\t\t\t\t\t\t<\/div>\n\t\t\t\t<\/div>\n\t\t\t\t\t<\/div>\n\t\t\t\t<\/div>\n\t\t<div id=\"e-n-tab-content-136049113210\" role=\"tabpanel\" aria-labelledby=\"e-n-tab-title-136049113210\" data-tab-index=\"10\" style=\"--n-tabs-title-order: 10;\" class=\" elementor-element elementor-element-18e69056 e-flex e-con-boxed e-con e-child\" data-id=\"18e69056\" data-element_type=\"container\" data-e-type=\"container\">\n\t\t\t\t\t<div class=\"e-con-inner\">\n\t\t\t\t<div class=\"elementor-element elementor-element-67033919 elementor-widget elementor-widget-text-editor\" data-id=\"67033919\" data-element_type=\"widget\" data-e-type=\"widget\" data-widget_type=\"text-editor.default\">\n\t\t\t\t<div class=\"elementor-widget-container\">\n\t\t\t\t\t\t\t\t\t<p><strong>Suplimentarea cuantumului bursei Erasmus:<\/strong><\/p><ul><li><strong>pentru studen\u021bii cu oportunit\u0103\u021bi reduse, bursa Erasmus+ se suplimenteaz\u0103 cu 250 Euro\/lun\u0103;\u00a0<\/strong>\u00een conformitate cu prevederile Ghidului programului \u0219i Apelului na\u021bional 2024, un participant cu oportunit\u0103\u0163i reduse este cel care se \u00eencadreaz\u0103 \u00eentr-una sau mai multe dintre urm\u0103toarele categorii:<\/li><\/ul><p><span lang=\"RO\">a)\u00a0<strong><a href=\"https:\/\/www.uaic.ro\/international\/programul-erasmus\/studenti\/mobilitati-de-studiu-erasmus\/#_ftnref1\" name=\"_ftn1\">[1]<\/a><\/strong>\u00a0student care beneficiaz\u0103 de o burs\u0103 social\u0103 sau care se calific\u0103\/\u00eentrune\u0219te condi\u021biile pentru a beneficia de o burs\u0103 social\u0103 acordat\u0103 de institu\u021bia de \u00eenv\u0103\u021b\u0103m\u00e2nt superior la care acesta este \u00eenmatriculat, conform Ordinului ME 4957\/2025 (prin care a fost modificat Ordinul 6463\/2023);<\/span><\/p><p><span lang=\"RO\">b)\u00a0<strong><a href=\"https:\/\/www.uaic.ro\/international\/programul-erasmus\/studenti\/mobilitati-de-studiu-erasmus\/#_ftnref1\" name=\"_ftn1\">[2]<\/a><\/strong>\u00a0student care este orfan de unul sau ambii p\u0103rin\u021bi;<\/span><\/p><p><span lang=\"RO\">c) student care provine dintr-o familie monoparental\u0103 (din motive de deces, dispari\u021bie, \u00eencarcerare a celuilalt p\u0103rinte sau nerecunoa\u0219tere prin certificatul de na\u0219tere);<\/span><\/p><p><span lang=\"RO\">d) student care intr\u0103 \u00een categoria \u201eprimului student din familie\u201d (\u00eensemn\u00e2nd c\u0103 nu de\u021bine deja o diplom\u0103 de licen\u021b\u0103, p\u0103rin\u021bii s\u0103i nu au ob\u021binut o diplom\u0103 de studii universitare, dar poate avea fra\u021bi\/surori care sunt deja studen\u021bi la universitate \/ au absolvit deja o universitate);<\/span><\/p><p><span lang=\"RO\">e) persoan\u0103 cu dizabilitate (\u00een care sunt incluse deficien\u021be fizice, mintale, intelectuale sau senzoriale) sau probleme de s\u0103n\u0103tate (\u00een care sunt incluse boli grave, boli cronice sau orice alt\u0103 situa\u021bie legat\u0103 de s\u0103n\u0103tatea fizic\u0103 sau mintal\u0103 care \u00eempiedic\u0103 participarea unei persoane la program);<\/span><\/p><p><span lang=\"RO\">f) persoan\u0103 a c\u0103rei familie nu a realizat un venit lunar net mediu per membru de familie mai mare dec\u00e2t salariul de baz\u0103 minim net pe economie \u00een cele 12 luni \u00eenainte de depunerea documentelor justificative;<\/span><\/p><p><span lang=\"RO\">g) persoan\u0103 de etnie rom\u0103;<\/span><\/p><p><span lang=\"RO\">h) persoan\u0103 cu statut de refugiat.<\/span><\/p><p><strong>!!! Suplimentarea grantului Erasmus+ se aplic\u0103 \u0219i \u00een cazul studen\u021bilor de alt\u0103 na\u021bionalitate dec\u00e2t cea rom\u00e2n\u0103, studen\u021bilor \u00eenmatricula\u021bi pe locurile de la tax\u0103 \u0219i studen\u021bilor care frecventeaz\u0103 o form\u0103 de \u00eenv\u0103\u021b\u0103m\u00e2nt f\u0103r\u0103 frecven\u021b\u0103, care sunt selecta\u021bi pentru a participa la mobilitate \u0219i care se \u00eencadreaz\u0103 \u00eentr-una dintre categoriile descrise anterior.<\/strong><\/p><p><strong>!!! Dosarele depuse \u00een anul academic 2024-2025, pe criteriile de la punctele b, c, d, e, g, \u0219i h, din prezentul document, \u0219i considerate eligibile, au valabilitate pe toat\u0103 durata ciclului de studii la care este \u00eenmatriculat studentul \u0219i nu trebuie s\u0103 mai fie depuse \u00eenc\u0103 o dat\u0103 \u00een acel ciclu de studii. Dosarele care se depun pe criterii financiare (punctul f) trebuie depuse anual, \u00een anul de studiu \u00een care are loc mobilitatea Erasmus+.<\/strong><\/p><ul><li><strong>pentru studen\u021bii care utilizeaz\u0103 mijloace de transport sustenabil \u2013 \u201egreen travel\u201d\u00a0<\/strong>(biciclet\u0103, autobuz, autoturism utilizat \u00een comun-\u201ecar-pooling\u201d \u0219i tren), dac\u0103 acestea au fost utilizate pentru majoritatea c\u0103l\u0103toriei dus-\u00eentors (mai mult de 50% din distan\u021ba calculat\u0103 conform calculatorului de distan\u021be al Comisiei Europene), bursa Erasmus+ se suplimenteaz\u0103 astfel:<ul><li><strong>se acord\u0103 grantul de transport aferent categoriei de transport \u201egreen travel\u201d\u00a0<\/strong>(conform tabelului de mai sus)<\/li><li><strong>se acord\u0103 cuantumul aferent a maximum 4 zile<\/strong>\u00a0(\u00een afara perioadei de mobilitate), dac\u0103 este cazul, pentru efectuarea c\u0103l\u0103toriei dus-\u00eentors.<\/li><\/ul><\/li><li><strong>pentru participan\u021bii cu nevoi speciale<\/strong>, a c\u0103ror condi\u021bie fizic\u0103, mental\u0103 sau de s\u0103n\u0103tate este de a\u0219a natur\u0103 \u00eenc\u00e2t participarea la mobilitate nu este posibil\u0103 f\u0103r\u0103 sprijin suplimentar, care necesit\u0103 efectuarea unei vizite preg\u0103titoare \u00een vederea particip\u0103rii la mobilitate, precum \u0219i \u00een cazul \u00een care necesit\u0103 \u00eenso\u021bitor pe durata mobilit\u0103\u021bii, grantul Erasmus se suplimenteaz\u0103 cu sume acordate pe principiul costurilor reale, \u00een func\u021bie de nevoi.<\/li><\/ul><p><strong><a href=\"https:\/\/www.uaic.ro\/international\/programul-erasmus\/studenti\/mobilitati-de-studiu-erasmus\/#_ftnref1\" name=\"_ftn1\">[1]<\/a><\/strong>Evaluarea dosarelor de burs\u0103 social\u0103 pentru studen\u021bii ERASMUS+ se realizeaz\u0103 pe parcursul \u00eentregului an academic la nivelul facult\u0103\u021bii la care studentul este \u00eenmatriculat.<\/p><p><span lang=\"RO\"><strong><a href=\"https:\/\/www.uaic.ro\/international\/programul-erasmus\/studenti\/mobilitati-de-studiu-erasmus\/#_ftnref1\" name=\"_ftn1\">[2]\u00a0<\/a><\/strong><\/span><span lang=\"ES\">Dosarul se depune doar pentru o singur\u0103 categorie. Un student poate beneficia doar de o singur\u0103 suplimentare de grant Erasmus+ per mobilitate.<\/span><\/p><p><span lang=\"ES\">Dosarul se depune fizic la\u00a0<strong>Compartimentul Burse \u0219i Probleme Sociale<\/strong>\u00a0(<u>Adresa<\/u><b>:<\/b>\u00a0Str. Gheorghe Asachi, nr. 7, Campus Codrescu, C\u0103min C12, camera 4,\u00a0<u>Program de lucru cu publicul<\/u><b>:<\/b>\u00a08.00 \u2013 16.00, pauza de mas\u0103: 12.30 \u2013 13.00), \u00eenainte de a veni cu documentele la Compartimentul Erasmus+ (ideal).\u00a0<\/span><\/p><p><span lang=\"RO\">!!!!Dosarele incomplete nu sunt valide \u015fi nu vor fi luate \u00een considerare.!!!!!<\/span><\/p><p>Lista documentelor necesare pentru fiecare categorie de studen\u0163i cu oportunit\u0103\u0163i reduse \u015fi anexele aferente:<\/p><ul><li>Documente Erasmus+ (click\u00a0<a href=\"https:\/\/www.uaic.ro\/wp-content\/uploads\/2025\/11\/instructiuni_suplimentare-grant-Erasmus_04.11.2025.docx\"><strong>aici<\/strong><\/a>)<\/li><li>Anexa 1 (click\u00a0<a href=\"https:\/\/www.uaic.ro\/wp-content\/uploads\/2025\/10\/Anexa_1.docx\"><strong>aici<\/strong><\/a>)<\/li><li>Anexa 2 (click\u00a0<a href=\"https:\/\/www.uaic.ro\/wp-content\/uploads\/2025\/10\/Anexa_2.docx\"><strong>aici<\/strong><\/a>)<\/li><li>Anexa 3 (click\u00a0<a href=\"https:\/\/www.uaic.ro\/wp-content\/uploads\/2025\/10\/Anexa_3.docx\"><strong>aici<\/strong><\/a>)<\/li><li>Anexa 4 (click\u00a0<a href=\"https:\/\/www.uaic.ro\/wp-content\/uploads\/2025\/10\/Anexa_4.docx\"><strong>aici<\/strong><\/a>)<\/li><li>Anexa 5 (click\u00a0<a href=\"https:\/\/www.uaic.ro\/wp-content\/uploads\/2025\/10\/Anexa_5.docx\"><strong>aici<\/strong><\/a>)<\/li><li>Anexa 6 (click\u00a0<a href=\"https:\/\/www.uaic.ro\/wp-content\/uploads\/2025\/10\/Anexa_6.docx\"><strong>aici<\/strong><\/a>)<\/li><\/ul><p>Toate documentele trebuie prezentate \u00een limba rom\u00e2n\u0103 (documentele \u00een alt\u0103 limb\u0103 vor fi traduse oficial).<\/p>\t\t\t\t\t\t\t\t<\/div>\n\t\t\t\t<\/div>\n\t\t\t\t\t<\/div>\n\t\t\t\t<\/div>\n\t\t<div id=\"e-n-tab-content-136049113211\" role=\"tabpanel\" aria-labelledby=\"e-n-tab-title-136049113211\" data-tab-index=\"11\" style=\"--n-tabs-title-order: 11;\" class=\" elementor-element elementor-element-90df51 e-flex e-con-boxed e-con e-child\" data-id=\"90df51\" data-element_type=\"container\" data-e-type=\"container\">\n\t\t\t\t\t<div class=\"e-con-inner\">\n\t\t\t\t<div class=\"elementor-element elementor-element-6cb766f3 elementor-widget elementor-widget-text-editor\" data-id=\"6cb766f3\" data-element_type=\"widget\" data-e-type=\"widget\" data-widget_type=\"text-editor.default\">\n\t\t\t\t<div class=\"elementor-widget-container\">\n\t\t\t\t\t\t\t\t\t<p>Programul Erasmus+ \u00eencurajeaz\u0103 participarea studen\u021bilor \u0219i a personalului universitar cu nevoi speciale. Dac\u0103 unul dintre participan\u021bii selecta\u021bi are o dizabilitate de natur\u0103 fizic\u0103, mental\u0103 sau alte probleme de s\u0103n\u0103tate care \u00eel \u00eempiedic\u0103 s\u0103 ia parte la mobilitate f\u0103r\u0103 s\u0103-i fie pus la dispozi\u021bie un sprijin financiar suplimentar, universitatea poate solicita Agen\u021biei Na\u021bionale o suplimentare a grantului pentru nevoi speciale, pentru a putea acoperi costurile suplimentare necesare. Participan\u021bii care doresc s\u0103 solicite sprijin financiar suplimentar pentru nevoie speciale, trebuie s\u0103 discute cu reprezentan\u021bii Compartimentului Erasmus+ despre aceste aspecte \u00een momentul preg\u0103tirii documentelor de mobilitate.<\/p><p>Documentele necesare pentru a solicita suplimentarea pentru nevoi speciale sunt:<\/p><p>\u2013 cerere adresat\u0103 institu\u021biei de origine \u00een care se men\u021bioneaz\u0103 detaliile cu privire la mobilitate, solicitarea de suplimentare a grantului cu suma total\u0103 necesar\u0103, explic\u00e2nd natura nevoilor, tipurile de cheltuieli prev\u0103zute \u0219i sumele aferente;<\/p><p>\u2013 copie a certificatului de \u00eencadrare \u00een grad de handicap al participantului, valabil pentru perioada de desf\u0103\u0219urare a mobilit\u0103\u021bii \u0219i emis de o institu\u021bie autorizat\u0103;<\/p><p>\u2013 pot fi anexate \u0219i copii ale altor documente care sprijin\u0103 cererea participantului (de exemplu: dac\u0103 este vorba de acoperirea unor costuri de tratamente, se va anexa \u0219i o trimitere sau scrisoare medical\u0103 din partea unui doctor din care s\u0103 reias\u0103 nevoia pentru tratament pe durata mobilit\u0103\u021bii);<\/p><p>Universitatea va redacta o adres\u0103 oficial\u0103 c\u0103tre Agen\u021bia Na\u021bional\u0103 \u00een care s\u0103 fie incluse detalii cu privire la proiectul pentru care se solicit\u0103 suplimentarea pentru nevoi speciale, detalii despre mobilitatea participantului \u0219i solicitarea de a suplimenta grantul cu suma total\u0103 necesar\u0103.<\/p><p>Fotocopiile documentelor depuse de un\/o participant(\u0103) \u0219i adresa oficial\u0103 se transmit de c\u0103tre universitate \u00een format electronic, prin e-mail, c\u0103tre expertul responsabil de proiect din cadrul Agen\u021biei Na\u021bionale. \u00cen urma primirii lor, Agen\u021bia Na\u021bional\u0103 va analiza cazul \u0219i va transmite universit\u0103\u021bii un r\u0103spuns oficial. \u00cen cazul aprob\u0103rii solicit\u0103rii, Agen\u021bia Na\u021bional\u0103 va emite un act adi\u021bional de suplimentare a fondurilor pentru proiectul \u00een cauz\u0103.<\/p><p>Fondurile suplimentare sunt alocate participantului \u00een baza acordului financiar semnat de universitate si participant. La finalizarea mobilit\u0103\u021bii, participantul va prezenta dovezi ale cheltuielilor efectuate sub forma de bonuri, facturi, bilete etc.<\/p>\t\t\t\t\t\t\t\t<\/div>\n\t\t\t\t<\/div>\n\t\t\t\t\t<\/div>\n\t\t\t\t<\/div>\n\t\t<div id=\"e-n-tab-content-136049113212\" role=\"tabpanel\" aria-labelledby=\"e-n-tab-title-136049113212\" data-tab-index=\"12\" style=\"--n-tabs-title-order: 12;\" class=\" elementor-element elementor-element-2605af5 e-flex e-con-boxed e-con e-child\" data-id=\"2605af5\" data-element_type=\"container\" data-e-type=\"container\">\n\t\t\t\t\t<div class=\"e-con-inner\">\n\t\t\t\t<div class=\"elementor-element elementor-element-6f2d45a6 elementor-widget elementor-widget-text-editor\" data-id=\"6f2d45a6\" data-element_type=\"widget\" data-e-type=\"widget\" data-widget_type=\"text-editor.default\">\n\t\t\t\t<div class=\"elementor-widget-container\">\n\t\t\t\t\t\t\t\t\t<p>La selec\u021bia pentru mobilit\u0103\u021bile de studiu de scurt\u0103 durat\u0103\u00a0 \u00een cadrul Programului Erasmus+ KA131-HED pot participa studen\u021bii UAIC al c\u0103ror domeniu de studiu este inclus \u00een acordurile bilaterale \u00eencheiate de UAIC cu universit\u0103\u021bi din \u021b\u0103rile Programului Erasmus+ KA131-HED (<strong>statele membre UE, SEE \u2013 Norvegia, Islanda \u0219i Liechtenstein, Turcia, Macedonia de Nord, Serbia<\/strong>)<a href=\"https:\/\/www.uaic.ro\/international\/mobilitati-erasmus-de-scurta-durata\/#_ftn1\" name=\"_ftnref1\">[1]<\/a>.<\/p><p>Lista cu universit\u0103\u021bile partenere este disponibil\u0103 at\u00e2t pe pagina web UAIC\u00a0(<strong><a href=\"https:\/\/www.uaic.ro\/international\/programul-erasmus\/studenti\/mobilitati-de-studiu-erasmus\/\">https:\/\/www.uaic.ro\/international\/programul-erasmus\/studenti\/mobilitati-de-studiu-erasmus\/<\/a><\/strong>), c\u00e2t \u0219i pe website-ul facult\u0103\u021bii.<\/p><p><a href=\"https:\/\/www.uaic.ro\/international\/mobilitati-erasmus-de-scurta-durata\/#_ftnref1\" name=\"_ftn1\">[1]<\/a>\u00a0Se pot finan\u021ba mobilit\u0103\u021bi \u0219i c\u0103tre state care nu sunt asociate la Programul Erasmus+ KA131-HED, \u00een limita fondurilor disponibile \u0219i cu condi\u021bia semn\u0103rii prealabile a unui acord bilateral Erasmus.<\/p><p><strong>Pentru ofertele de mobilit\u0103\u021bi de practic\u0103<\/strong>\u00a0pute\u021bi consulta:<\/p><ul><li><strong>Pagina web UAIC<\/strong>:\u00a0<strong><a href=\"http:\/\/www.uaic.ro\/international\/programul-erasmus\/studenti\/mobilitati-de-practica-erasmus\/oferte-stagii-practica-erasmus\/\">http:\/\/www.uaic.ro\/international\/programul-erasmus\/studenti\/mobilitati-de-practica-erasmus\/oferte-stagii-practica-erasmus\/<\/a><\/strong>\u00a0\u0219i a facult\u0103\u021bii: \u2026\u2026\u2026\u2026\u2026\u2026\u2026\u2026\u2026\u2026\u2026\u2026\u2026\u2026\u2026\u2026.<\/li><li>Pagina de\u00a0<strong>Facebook<\/strong>\u00a0<strong>Serviciul Rela\u0163ii Interna\u0163ionale, UAIC:<\/strong>\u00a0<a href=\"https:\/\/www.facebook.com\/ServiciulRelatiiInternationaleUAIC?locale=ro_RO\">(9)\u00a0<strong>Serviciul Rela\u0163ii Interna\u0163ionale, UAIC | Facebook<\/strong><\/a><\/li><li>Grupul de\u00a0<strong>Facebook<\/strong>\u00a0<strong>Erasmus UAIC<\/strong>:\u00a0<strong><a href=\"https:\/\/www.facebook.com\/groups\/173152296132716\/\">https:\/\/www.facebook.com\/groups\/173152296132716\/<\/a><\/strong><\/li><li>Pagina de\u00a0<strong>Instagram<\/strong>\u00a0<strong>Erasmus+\/SEE, UAIC:\u00a0<\/strong><strong><a href=\"https:\/\/www.instagram.com\/erasmus_see_uaic\/\">https:\/\/www.instagram.com\/erasmus_see_uaic\/<\/a><\/strong><\/li><li>Pagina de\u00a0<strong>Facebook<\/strong>\u00a0a facult\u0103\u021bii\u00a0: \u2026\u2026\u2026\u2026\u2026\u2026\u2026\u2026\u2026\u2026\u2026\u2026\u2026\u2026\u2026\u2026\u2026\u2026\u2026\u2026\u2026<\/li><li><strong>Avizierul<\/strong>\u00a0de la secretariatul facult\u0103\u021bii<\/li><li><strong>Portalul\u00a0<a href=\"http:\/\/www.erasmusintern.org\/\">erasmusintern.org<\/a><\/strong><\/li><li><a href=\"https:\/\/www.uaic.ro\/wp-content\/uploads\/2024\/10\/Centralizator-coordonatori-Erasmus-SMS-SMP-STA_27.09.2024.pdf\"><strong>Coordonatorul Erasmus+<\/strong><\/a>\u00a0pentru mobilit\u0103\u021bi de practic\u0103 de la facultate<\/li><li><strong>Paginile web ale institu\u021biilor publice sau private eligibile.<\/strong><\/li><\/ul><p><strong>De asemenea, studen\u021bii sunt \u00eencuraja\u021bi s\u0103 identifice oportunit\u0103\u021bi pentru mobilit\u0103\u021bi scurte, de studiu \u0219i\/ sau practic\u0103 Erasmus+ (\u0219coli de var\u0103, stagii scurte \u00een companii etc.).<\/strong><\/p>\t\t\t\t\t\t\t\t<\/div>\n\t\t\t\t<\/div>\n\t\t\t\t\t<\/div>\n\t\t\t\t<\/div>\n\t\t<div id=\"e-n-tab-content-136049113213\" role=\"tabpanel\" aria-labelledby=\"e-n-tab-title-136049113213\" data-tab-index=\"13\" style=\"--n-tabs-title-order: 13;\" class=\" elementor-element elementor-element-124ddb82 e-flex e-con-boxed e-con e-child\" data-id=\"124ddb82\" data-element_type=\"container\" data-e-type=\"container\">\n\t\t\t\t\t<div class=\"e-con-inner\">\n\t\t\t\t<div class=\"elementor-element elementor-element-5a806671 elementor-widget elementor-widget-text-editor\" data-id=\"5a806671\" data-element_type=\"widget\" data-e-type=\"widget\" data-widget_type=\"text-editor.default\">\n\t\t\t\t<div class=\"elementor-widget-container\">\n\t\t\t\t\t\t\t\t\t<p><strong>RECUNO\u0218TEREA \u0218I ECHIVALAREA MOBILIT\u0102\u0162ILOR DE\u00a0 STUDIU\/ PRACTIC\u0102 ERASMUS+<\/strong><\/p><p>Toate mobilit\u0103\u0163ile Erasmus+ se desf\u0103\u0219oar\u0103, din punct de vedere didactic, pe baza contractului de studiu\/practic\u0103 (Learning Agreement Student Mobility), care se semneaz\u0103 de student, de\u00a0<a href=\"https:\/\/www.uaic.ro\/wp-content\/uploads\/2025\/09\/Centralizator-coordonatori-Erasmus-SMS-SMP-STA_septembrie-2025.pdf\"><strong>coodonatorul Erasmus+<\/strong><\/a>\u00a0de la facultatea la care este \u00eenmatriculat studentul \u0219i de responsabilul\/mentorul de la institu\u021bia\/universitatea partener\u0103.<\/p><p>La \u00eentoarcerea din mobilitate, studentului i se vor recunoa\u0219te automat activit\u0103\u021bile desf\u0103\u0219urate\/cursurile urmate la institu\u021bia gazd\u0103\/universitatea partener\u0103, conform contractului de studiu\/practic\u0103 semnat anterior \u00eenceperii stagiului; certificarea recunoa\u0219terii rezultatelor, precum \u0219i echivalarea notelor ob\u021binute se vor face de c\u0103tre comisia desemnat\u0103 la nivel de facultate \u0219i aprobat\u0103 de Biroul Executiv al Consiliului de Administra\u021bie al Universit\u0103\u021bii. Comisia de echivalare \u0219i recunoa\u0219tere are \u00een componen\u021b\u0103 \u00eentre 1 \u015fi 3 membri, \u00een func\u0163ie de num\u0103rul de departamente din facultate, \u0219i include obligatoriu\u00a0<a href=\"https:\/\/www.uaic.ro\/wp-content\/uploads\/2025\/09\/Centralizator-coordonatori-Erasmus-SMS-SMP-STA_septembrie-2025.pdf\"><strong>coordonatorul Erasmus+ al facult\u0103\u0163ii<\/strong><\/a>\u00a0\u015fi responsabilul ECTS care semneaz\u0103 contractele de studiu\/practic\u0103 Erasmus (\u00een cazul \u00een care acesta este altul dec\u00e2t coordonatorul Erasmus).<\/p><p>Echivalarea notelor se va face conform urm\u0103toarelor principii:<\/p><ul><li>toate disciplinele prev\u0103zute \u00een contractul de studiu\/practic\u0103 semnat \u00eenainte de \u00eenceperea mobilit\u0103\u0163ii la institu\u021bia\/universitatea gazd\u0103 vor fi echivalate la \u00eentoarcere;<\/li><li>echivalarea se va face pe baza unei cereri de echivalare completat\u0103 \u0219i semnat\u0103 de studentul beneficiar (<strong><a href=\"https:\/\/www.uaic.ro\/wp-content\/uploads\/2024\/12\/Anexa-3-Cerere-de-echivalare-%C8%99i-recunoa%C8%99tere-academic%C4%83.docx\">formular echivalare mobilitate de studiu<\/a>\/\u00a0<a href=\"https:\/\/www.uaic.ro\/wp-content\/uploads\/2016\/01\/Cerere-de-recunoasterea-si-echivalare-pract....doc\">formular echivalare mobilitate de practic\u0103<\/a><\/strong>), care ulterior va fi supus\u0103 aprob\u0103rii comisiei de recunoa\u0219tere \u0219i echivalare la nivel de facultate;<\/li><li>principiul de recunoa\u0219tere a notelor este c\u0103 la un curs de la UAIC se acord\u0103 nota corespunz\u0103toare calificativului ob\u021binut la universitatea gazd\u0103 care poate fi de la 1 la 5, unde: 1 = slab\/nesatisf\u0103c\u0103tor, 2 = satisf\u0103c\u0103tor, 3 = bine, 4 = foarte bine, 5 = excelent.<\/li><li>notele se stabilesc de c\u0103tre comisia de recunoa\u0219tere din facultate \u0219i nu de c\u0103tre fiecare titular de curs \u00een parte.<\/li><\/ul><p>La sf\u00e2r\u0219itul fiec\u0103rui semestru,\u00a0<a href=\"https:\/\/www.uaic.ro\/wp-content\/uploads\/2025\/09\/Centralizator-coordonatori-Erasmus-SMS-SMP-STA_septembrie-2025.pdf\"><strong>coordonatorul Erasmus<\/strong>+<\/a>\u00a0din fiecare facultate va depune la Compartimentul Erasmus+ adeverin\u021bele de echivalare ale tuturor studen\u021bilor care au beneficiat de mobilit\u0103\u0163i Erasmus+ de studiu\/practic\u0103 \u00een semestrul respectiv.<\/p><p>Studen\u021bii care, ca urmare a efectu\u0103rii unei mobilit\u0103\u0163i de studiu\/ practic\u0103 \u00een cadrul programului Erasmus+, nu pot participa la sesiunea de examene de la UAIC, iar contractul de studiu\/practic\u0103 nu prevede echivalarea tuturor disciplinelor din semestrul respectiv, pot solicita titularilor de disciplin\u0103\/ decanului facult\u0103\u021bii sus\u021binerea anticipat\u0103 a examenelor, \u00eenainte de plecarea \u00een mobilitatea de studiu\/practic\u0103\/ la finalizarea mobilit\u0103\u0163ii de studiu\/ practic\u0103\/ \u00een cadrul sesiunii speciale de examene \u0219i de sus\u021binere a examenului de finalizare a studiilor din luna septembrie, pentru studen\u021bii care au beneficiat de mobilit\u0103\u0163i Erasmus+ \u00een<a class=\"fusion-builder-modal-save\" href=\"https:\/\/www.uaic.ro\/wp-admin\/post.php?post=104079&amp;action=edit&amp;lang=ro#\">\u00a0Save\u00a0<\/a>anul academic respectiv (sesiunea special\u0103 se organizeaz\u0103 cu aprobarea Biroului Executiv al Consiliului de Administra\u021bie \u0219i a Senatului UAIC).<\/p><p><a href=\"https:\/\/www.uaic.ro\/wp-content\/uploads\/2025\/10\/SREI-Regulament-Erasmus-KA131_revizie-2025.pdf\"><strong>Regulamentul privind recunoa\u0219terea \u0219i echivalarea studiilor \u0219i practicii efectuate \u00een cadrul programului Erasmus+<\/strong><\/a><\/p>\t\t\t\t\t\t\t\t<\/div>\n\t\t\t\t<\/div>\n\t\t\t\t\t<\/div>\n\t\t\t\t<\/div>\n\t\t<div id=\"e-n-tab-content-136049113214\" role=\"tabpanel\" aria-labelledby=\"e-n-tab-title-136049113214\" data-tab-index=\"14\" style=\"--n-tabs-title-order: 14;\" class=\" elementor-element elementor-element-76f17215 e-flex e-con-boxed e-con e-child\" data-id=\"76f17215\" data-element_type=\"container\" data-e-type=\"container\">\n\t\t\t\t\t<div class=\"e-con-inner\">\n\t\t\t\t<div class=\"elementor-element elementor-element-29146be0 elementor-widget elementor-widget-text-editor\" data-id=\"29146be0\" data-element_type=\"widget\" data-e-type=\"widget\" data-widget_type=\"text-editor.default\">\n\t\t\t\t<div class=\"elementor-widget-container\">\n\t\t\t\t\t\t\t\t\t<h2 class=\"fusion-responsive-typography-calculated\" data-fontsize=\"18\" data-lineheight=\"27px\">Coordonatori Erasmus pe facult\u0103\u021bi (d\u0103 click\u00a0<strong><a href=\"https:\/\/www.uaic.ro\/wp-content\/uploads\/2025\/11\/Centralizator-coordonatori-Erasmus-SMS-SMP-STA_noiembrie-2025.pdf\">aici<\/a><\/strong>)<\/h2>\t\t\t\t\t\t\t\t<\/div>\n\t\t\t\t<\/div>\n\t\t\t\t\t<\/div>\n\t\t\t\t<\/div>\n\t\t<div id=\"e-n-tab-content-136049113215\" role=\"tabpanel\" aria-labelledby=\"e-n-tab-title-136049113215\" data-tab-index=\"15\" style=\"--n-tabs-title-order: 15;\" class=\" elementor-element elementor-element-76796d6 e-flex e-con-boxed e-con e-child\" data-id=\"76796d6\" data-element_type=\"container\" data-e-type=\"container\">\n\t\t\t\t\t<div class=\"e-con-inner\">\n\t\t\t\t<div class=\"elementor-element elementor-element-45403044 elementor-widget elementor-widget-text-editor\" data-id=\"45403044\" data-element_type=\"widget\" data-e-type=\"widget\" data-widget_type=\"text-editor.default\">\n\t\t\t\t<div class=\"elementor-widget-container\">\n\t\t\t\t\t\t\t\t\t<p>Pentru a veni \u00een ajutorul studen\u021bilor Erasmus care \u00ee\u0219i caut\u0103 cazare pe perioada mobilit\u0103\u021bii, v\u0103 propunem s\u0103 accesa\u0163i platforma Erasmus Play.<\/p><p>Erasmus Play started as a response from a former Erasmus+ group of students who encountered difficulties in finding accommodation in different host cities.<br \/>It allows you to compare all available housing options with ease. Moreover, you will be able to book in total safety since all accommodations are provided by verified platforms. Book your student accommodation in 3 steps:<\/p><p>\u2013 Choose your host University, campus or city and your required dates.<br \/>\u2013 Easily compare accommodation from multiple sites.<br \/>\u2013 Click on view and book it on the website of our trustworthy partners.<\/p><h3 class=\"fusion-responsive-typography-calculated\" data-fontsize=\"16\" data-lineheight=\"24px\"><strong><a href=\"https:\/\/www.uaic.ro\/wp-content\/uploads\/2025\/12\/Erasmus-Survival-Guide-2026-27.pdf\">Erasmus Survival Guide 2026-2027<\/a><\/strong><\/h3><p><a href=\"https:\/\/erasmusplay.com\/en\/\"><img decoding=\"async\" class=\"wp-image-126108 alignleft lazyautosizes lazyloaded\" src=\"https:\/\/www.uaic.ro\/wp-content\/uploads\/2024\/06\/Logo-Erasmus-Play.png.webp\" sizes=\"368px\" srcset=\"https:\/\/www.uaic.ro\/wp-content\/uploads\/2024\/06\/Logo-Erasmus-Play-200x47.png.webp 200w, https:\/\/www.uaic.ro\/wp-content\/uploads\/2024\/06\/Logo-Erasmus-Play-400x94.png.webp 400w, https:\/\/www.uaic.ro\/wp-content\/uploads\/2024\/06\/Logo-Erasmus-Play-600x141.png.webp 600w, https:\/\/www.uaic.ro\/wp-content\/uploads\/2024\/06\/Logo-Erasmus-Play-660x156.png.webp 660w, https:\/\/www.uaic.ro\/wp-content\/uploads\/2024\/06\/Logo-Erasmus-Play-768x181.png.webp 768w, https:\/\/www.uaic.ro\/wp-content\/uploads\/2024\/06\/Logo-Erasmus-Play-800x189.png.webp 800w, https:\/\/www.uaic.ro\/wp-content\/uploads\/2024\/06\/Logo-Erasmus-Play-950x224.png.webp 950w, https:\/\/www.uaic.ro\/wp-content\/uploads\/2024\/06\/Logo-Erasmus-Play-1200x283.png.webp 1200w, https:\/\/www.uaic.ro\/wp-content\/uploads\/2024\/06\/Logo-Erasmus-Play-1536x362.png.webp 1536w, https:\/\/www.uaic.ro\/wp-content\/uploads\/2024\/06\/Logo-Erasmus-Play.png.webp 8313w\" alt=\"\" width=\"368\" height=\"87\" data-orig-src=\"https:\/\/www.uaic.ro\/wp-content\/uploads\/2024\/06\/Logo-Erasmus-Play.png.webp\" data-srcset=\"https:\/\/www.uaic.ro\/wp-content\/uploads\/2024\/06\/Logo-Erasmus-Play-200x47.png.webp 200w, https:\/\/www.uaic.ro\/wp-content\/uploads\/2024\/06\/Logo-Erasmus-Play-400x94.png.webp 400w, https:\/\/www.uaic.ro\/wp-content\/uploads\/2024\/06\/Logo-Erasmus-Play-600x141.png.webp 600w, https:\/\/www.uaic.ro\/wp-content\/uploads\/2024\/06\/Logo-Erasmus-Play-660x156.png.webp 660w, https:\/\/www.uaic.ro\/wp-content\/uploads\/2024\/06\/Logo-Erasmus-Play-768x181.png.webp 768w, https:\/\/www.uaic.ro\/wp-content\/uploads\/2024\/06\/Logo-Erasmus-Play-800x189.png.webp 800w, https:\/\/www.uaic.ro\/wp-content\/uploads\/2024\/06\/Logo-Erasmus-Play-950x224.png.webp 950w, https:\/\/www.uaic.ro\/wp-content\/uploads\/2024\/06\/Logo-Erasmus-Play-1200x283.png.webp 1200w, https:\/\/www.uaic.ro\/wp-content\/uploads\/2024\/06\/Logo-Erasmus-Play-1536x362.png.webp 1536w, https:\/\/www.uaic.ro\/wp-content\/uploads\/2024\/06\/Logo-Erasmus-Play.png.webp 8313w\" data-sizes=\"auto\" data-orig-sizes=\"(max-width: 368px) 100vw, 368px\" \/><\/a><\/p>\t\t\t\t\t\t\t\t<\/div>\n\t\t\t\t<\/div>\n\t\t\t\t\t<\/div>\n\t\t\t\t<\/div>\n\t\t<div id=\"e-n-tab-content-136049113216\" role=\"tabpanel\" aria-labelledby=\"e-n-tab-title-136049113216\" data-tab-index=\"16\" style=\"--n-tabs-title-order: 16;\" class=\" elementor-element elementor-element-26cc5833 e-flex e-con-boxed e-con e-child\" data-id=\"26cc5833\" data-element_type=\"container\" data-e-type=\"container\">\n\t\t\t\t\t<div class=\"e-con-inner\">\n\t\t\t\t<div class=\"elementor-element elementor-element-370bb6e9 elementor-widget elementor-widget-text-editor\" data-id=\"370bb6e9\" data-element_type=\"widget\" data-e-type=\"widget\" data-widget_type=\"text-editor.default\">\n\t\t\t\t<div class=\"elementor-widget-container\">\n\t\t\t\t\t\t\t\t\t<p>Dac\u0103 urmeaz\u0103 s\u0103 aduci la Compartimentul Erasmus+ dosarul, \u00een vederea ob\u021binerii bursei Erasmus, sau dac\u0103 ai finalizat mobilitatea \u0219i trebuie s\u0103 aduci documentele doveditoare, te rug\u0103m s\u0103 \u00ee\u021bi faci o programare \u00een prealabil. \u00cen felul acesta nu vei fi nevoit s\u0103 a\u0219tep\u021bi la r\u00e2nd.<\/p><p>\u00ce\u021bi po\u021bi alege ziua \u0219i ora\u00a0<strong><a href=\"https:\/\/10to8.com\/book\/sjcuwswplwefvuvpam\/#\">aici<\/a><\/strong>.<\/p><p>Te a\u0219tept\u0103m la Compartimentul Erasmus+!<\/p>\t\t\t\t\t\t\t\t<\/div>\n\t\t\t\t<\/div>\n\t\t\t\t\t<\/div>\n\t\t\t\t<\/div>\n\t\t<div id=\"e-n-tab-content-136049113217\" role=\"tabpanel\" aria-labelledby=\"e-n-tab-title-136049113217\" data-tab-index=\"17\" style=\"--n-tabs-title-order: 17;\" class=\" elementor-element elementor-element-1b38add4 e-flex e-con-boxed e-con e-child\" data-id=\"1b38add4\" data-element_type=\"container\" data-e-type=\"container\">\n\t\t\t\t\t<div class=\"e-con-inner\">\n\t\t\t\t<div class=\"elementor-element elementor-element-385fca18 elementor-widget elementor-widget-text-editor\" data-id=\"385fca18\" data-element_type=\"widget\" data-e-type=\"widget\" data-widget_type=\"text-editor.default\">\n\t\t\t\t<div class=\"elementor-widget-container\">\n\t\t\t\t\t\t\t\t\t<p>Erasmus+ App reprezint\u0103 un instrument on-line de o real\u0103 importan\u021b\u0103 \u0219i utilitate ce permite studen\u021bilor Erasmus o gestionare eficient\u0103 \u0219i sigur\u0103 a tuturor etapelor administrative aferente perioadei de mobilitate (\u00eenainte, \u00een timpul \u0219i ulterior \u0219ederii \u00een str\u0103in\u0103tate).<\/p><p>Prin intermediul acestei aplica\u021bii (conectat\u0103 cu platforma on-line de sprijin lingvistic OLS) studen\u021bii au posibilitatea de a-\u0219i \u00eembun\u0103t\u0103\u021bi competen\u021bele lingvistice, de a accesa detalii informative cu privire la universitatea gazd\u0103 \u0219i cea de origine, precum \u0219i de a se documenta legat de diverse aspecte necesare organiz\u0103rii mobilit\u0103\u021bii (de ex. tips de la al\u021bi beneficiari Erasmus, informa\u021bii despre evenimentele locale \u0219i activit\u0103\u021bile ESN, statusul OLA etc.).<\/p><p>Te invit\u0103m s\u0103 descarci aplica\u021bia de la acest link:\u00a0<strong><a href=\"https:\/\/erasmusapp.eu\/\">https:\/\/erasmusapp.eu\/<\/a><\/strong>\u00a0\u0219i s\u0103 te bucuri de func\u021bionalit\u0103\u021bile acesteia!<\/p>\t\t\t\t\t\t\t\t<\/div>\n\t\t\t\t<\/div>\n\t\t\t\t\t<\/div>\n\t\t\t\t<\/div>\n\t\t<div id=\"e-n-tab-content-136049113218\" role=\"tabpanel\" aria-labelledby=\"e-n-tab-title-136049113218\" data-tab-index=\"18\" style=\"--n-tabs-title-order: 18;\" class=\" elementor-element elementor-element-9586036 e-flex e-con-boxed e-con e-child\" data-id=\"9586036\" data-element_type=\"container\" data-e-type=\"container\">\n\t\t\t\t\t<div class=\"e-con-inner\">\n\t\t\t\t<div class=\"elementor-element elementor-element-4d722700 elementor-widget elementor-widget-text-editor\" data-id=\"4d722700\" data-element_type=\"widget\" data-e-type=\"widget\" data-widget_type=\"text-editor.default\">\n\t\t\t\t<div class=\"elementor-widget-container\">\n\t\t\t\t\t\t\t\t\t<p>Noul\u00a0<strong>Online Language Support (OLS)<\/strong>\u00a0te a\u0219teapt\u0103!<\/p><p>Acesta ofer\u0103 o serie de activit\u0103\u021bi interactive \u0219i captivante de \u00eenv\u0103\u021bare a limbilor str\u0103ine pentru a te ajuta sa \u00eenve\u021bi o nou\u0103 limb\u0103 sau s\u0103 st\u0103p\u00e2ne\u0219ti o limb\u0103 pe care ai studiat-o deja. Cea mai bun\u0103 parte este c\u0103 este conceput pentru a r\u0103spunde \u00een mod specific nevoilor fiec\u0103rui cursant.<\/p><p>Asta \u00eenseamn\u0103 c\u0103 te vei bucura de o experien\u021b\u0103 unic\u0103 de \u00eenv\u0103\u021bare a limbilor str\u0103ine, \u00een propriul t\u0103u ritm.<\/p><p>Deci, ce mai a\u0219tep\u021bi? Fie c\u0103 este vorba despre \u00eenv\u0103\u021barea elementelor de baz\u0103 ale francezei sau st\u0103p\u00e2nirea limbii germane la nivel nativ,\u00a0<strong><a href=\"https:\/\/academy.europa.eu\/courses\/learn-a-new-language\">apas\u0103 aici pentru a \u00eencepe<\/a>.<\/strong><\/p><p>Dureaz\u0103 doar c\u00e2teva secunde pentru a \u00ee\u021bi configura profilul \u0219i pentru a \u00eencepe c\u0103l\u0103toria ta de \u00eenv\u0103\u021bare a unei limbi str\u0103ine ast\u0103zi!\u00a0<strong><a href=\"https:\/\/academy.europa.eu\/courses\/welcome-to-the-eu-academy\">Modulul nostru introductiv te ghideaz\u0103 rapid prin procesul de creare a unui cont<\/a><\/strong>, pe care \u00eel po\u021bi utiliza pentru a accesa OLS \u0219i multe alte cursuri scurte din EU Academy.<\/p><p>Ne vedem \u00een noul OLS!<\/p>\t\t\t\t\t\t\t\t<\/div>\n\t\t\t\t<\/div>\n\t\t\t\t\t<\/div>\n\t\t\t\t<\/div>\n\t\t<div id=\"e-n-tab-content-136049113219\" role=\"tabpanel\" aria-labelledby=\"e-n-tab-title-136049113219\" data-tab-index=\"19\" style=\"--n-tabs-title-order: 19;\" class=\" elementor-element elementor-element-1e9b55b7 e-flex e-con-boxed e-con e-child\" data-id=\"1e9b55b7\" data-element_type=\"container\" data-e-type=\"container\">\n\t\t\t\t\t<div class=\"e-con-inner\">\n\t\t\t\t<div class=\"elementor-element elementor-element-b7d20f0 elementor-widget elementor-widget-text-editor\" data-id=\"b7d20f0\" data-element_type=\"widget\" data-e-type=\"widget\" data-widget_type=\"text-editor.default\">\n\t\t\t\t<div class=\"elementor-widget-container\">\n\t\t\t\t\t\t\t\t\t<p>Programul Erasmus+ urm\u0103re\u0219te s\u0103 sprijine dezvoltarea educa\u021bional\u0103, profesional\u0103 \u0219i personal\u0103 a studen\u021bilor \u0219i absolven\u021bilor participan\u021bi.<\/p><p>El urm\u0103re\u0219te, de asemenea, s\u0103 promoveze, \u00een toate ac\u021biunile sale, egalitatea de \u0219anse \u0219i de acces, incluziunea, diversitatea \u0219i echitatea. De asemenea, programul contribuie la realizarea obiectivelor UE legate de transformarea digital\u0103, dezvoltarea durabil\u0103 \u0219i cet\u0103\u021benia activ\u0103.<\/p><p>Carta studentului Erasmus reflect\u0103\u00a0<strong>valorile \u0219i priorit\u0103\u021bile men\u021bionate mai sus<\/strong>, av\u00e2nd rolul de a informa participan\u021bii \u00een mod adecvat cu privire la drepturile \u0219i obliga\u021biile lor \u0219i de a asigura punerea \u00een aplicare cu succes a mobilit\u0103\u021bii lor \u0219i poate fi consultat\u0103 acces\u00e2nd acest link:\u00a0<strong><a href=\"https:\/\/erasmus-plus.ec.europa.eu\/ro\/resources-and-tools\/erasmus-student-charter-0\">https:\/\/erasmus-plus.ec.europa.eu\/ro\/resources-and-tools\/erasmus-student-charter-0\u00a0<\/a><\/strong><\/p>\t\t\t\t\t\t\t\t<\/div>\n\t\t\t\t<\/div>\n\t\t\t\t\t<\/div>\n\t\t\t\t<\/div>\n\t\t<div id=\"e-n-tab-content-136049113220\" role=\"tabpanel\" aria-labelledby=\"e-n-tab-title-136049113220\" data-tab-index=\"20\" style=\"--n-tabs-title-order: 20;\" class=\" elementor-element elementor-element-7863d241 e-flex e-con-boxed e-con e-child\" data-id=\"7863d241\" data-element_type=\"container\" data-e-type=\"container\">\n\t\t\t\t\t<div class=\"e-con-inner\">\n\t\t\t\t<div class=\"elementor-element elementor-element-6ec71be elementor-widget elementor-widget-text-editor\" data-id=\"6ec71be\" data-element_type=\"widget\" data-e-type=\"widget\" data-widget_type=\"text-editor.default\">\n\t\t\t\t<div class=\"elementor-widget-container\">\n\t\t\t\t\t\t\t\t\t<h2 class=\"fusion-responsive-typography-calculated\" data-fontsize=\"18\" data-lineheight=\"27px\"><strong>Persoane de contact:<\/strong><\/h2><h2 class=\"fusion-responsive-typography-calculated\" data-fontsize=\"18\" data-lineheight=\"27px\"><strong>Andreea-Alina PURCARU (mobilit\u0103\u021bi de studiu)\u00a0 \u00a0 \u00a0\u00a0<\/strong><\/h2><h2 class=\"fusion-responsive-typography-calculated\" data-fontsize=\"18\" data-lineheight=\"27px\"><strong>E-mail:\u00a0andreea.purcaru@uaic.ro<br \/>Telefon: 0232 20 1113 \u00a0 \u00a0 \u00a0<\/strong><\/h2><h2 class=\"fusion-responsive-typography-calculated\" data-fontsize=\"18\" data-lineheight=\"27px\">\u00a0<\/h2><h2 class=\"fusion-responsive-typography-calculated\" data-fontsize=\"18\" data-lineheight=\"27px\"><strong>Grigori\u0163a Elena COCEANU (mobilit\u0103\u021bi de practic\u0103)\u00a0 \u00a0 \u00a0\u00a0<\/strong><\/h2><h2 class=\"fusion-responsive-typography-calculated\" data-fontsize=\"18\" data-lineheight=\"27px\"><strong>E-mail: grigorita.coceanu@uaic.ro<br \/>Telefon: 0232 20 1812\u00a0 \u00a0<\/strong><\/h2><p><img decoding=\"async\" class=\"aligncenter wp-image-53630 lazyloaded\" src=\"http:\/\/www.uaic.ro\/wp-content\/uploads\/2018\/04\/Picture5.png\" alt=\"\" width=\"57\" height=\"48\" data-orig-src=\"http:\/\/www.uaic.ro\/wp-content\/uploads\/2018\/04\/Picture5.png\" \/><\/p><p>Compartiment Erasmus+<\/p><p><strong><a href=\"https:\/\/www.uaic.ro\/international\/departamentul-de-relatii-internationale\/\">Serviciul Rela\u021bii Interna\u021bionale<\/a><\/strong><\/p><p>Universitatea \u201eAlexandru Ioan Cuza\u201d din Ia\u0219i<\/p><p>Bulevardul Carol I nr. 11<\/p><p>700506 IASI, ROMANIA<\/p><p><strong>\u00a0<\/strong><\/p><h3 class=\"fusion-responsive-typography-calculated\" data-fontsize=\"16\" data-lineheight=\"24px\"><strong>Program de lucru cu publicul:\u00a0luni \u2013 joi, orele\u00a010.00 \u2013 12.30<\/strong><\/h3>\t\t\t\t\t\t\t\t<\/div>\n\t\t\t\t<\/div>\n\t\t\t\t\t<\/div>\n\t\t\t\t<\/div>\n\t\t\t\t\t<\/div>\n\t\t<\/div>\n\t\t\t\t\t\t<\/div>\n\t\t\t\t<\/div>\n\t\t\t\t\t<\/div>\n\t\t\t\t<\/div>\n\t\t\t\t<\/div>\n\t\t","protected":false},"excerpt":{"rendered":"<p>Mobilit\u0103\u021bi Erasmus de scurt\u0103 durat\u0103 \u00cenainte de plecare La \u00eentoarcere Absolvent Reguli Generale A\u015fa \u00eencepe mobilitatea ta Erasmus Formulare Criterii de eligibilitate Documente necesare la dosarul de candidatur\u0103 Unde po\u021bi pleca? C\u00e2t dureaz\u0103 mobilitatea de scurt\u0103 durat\u0103? Calendarul selec\u021biei Valorea <a href=\"https:\/\/international.uaic.ro\/?page_id=3360\"> Read more&#8230;<\/a><\/p>\n","protected":false},"author":1,"featured_media":0,"parent":0,"menu_order":0,"comment_status":"closed","ping_status":"closed","template":"","meta":{"footnotes":""},"class_list":["post-3360","page","type-page","status-publish","hentry"],"_links":{"self":[{"href":"https:\/\/international.uaic.ro\/index.php?rest_route=\/wp\/v2\/pages\/3360","targetHints":{"allow":["GET"]}}],"collection":[{"href":"https:\/\/international.uaic.ro\/index.php?rest_route=\/wp\/v2\/pages"}],"about":[{"href":"https:\/\/international.uaic.ro\/index.php?rest_route=\/wp\/v2\/types\/page"}],"author":[{"embeddable":true,"href":"https:\/\/international.uaic.ro\/index.php?rest_route=\/wp\/v2\/users\/1"}],"replies":[{"embeddable":true,"href":"https:\/\/international.uaic.ro\/index.php?rest_route=%2Fwp%2Fv2%2Fcomments&post=3360"}],"version-history":[{"count":10,"href":"https:\/\/international.uaic.ro\/index.php?rest_route=\/wp\/v2\/pages\/3360\/revisions"}],"predecessor-version":[{"id":3398,"href":"https:\/\/international.uaic.ro\/index.php?rest_route=\/wp\/v2\/pages\/3360\/revisions\/3398"}],"wp:attachment":[{"href":"https:\/\/international.uaic.ro\/index.php?rest_route=%2Fwp%2Fv2%2Fmedia&parent=3360"}],"curies":[{"name":"wp","href":"https:\/\/api.w.org\/{rel}","templated":true}]}}