{"id":3226,"date":"2026-02-23T19:28:49","date_gmt":"2026-02-23T17:28:49","guid":{"rendered":"https:\/\/international.uaic.ro\/?page_id=3226"},"modified":"2026-02-23T19:43:29","modified_gmt":"2026-02-23T17:43:29","slug":"stagii-de-practica-inainte-de-plecare","status":"publish","type":"page","link":"https:\/\/international.uaic.ro\/?page_id=3226","title":{"rendered":"Stagii de practic\u0103 \u2013 \u00eenainte de plecare"},"content":{"rendered":"\t\t<div data-elementor-type=\"wp-page\" data-elementor-id=\"3226\" class=\"elementor elementor-3226\">\n\t\t\t\t<div class=\"elementor-element elementor-element-ca05135 e-flex e-con-boxed e-con e-parent\" data-id=\"ca05135\" data-element_type=\"container\" data-e-type=\"container\">\n\t\t\t\t\t<div class=\"e-con-inner\">\n\t\t\t\t<div class=\"elementor-element elementor-element-1497a8f elementor-widget elementor-widget-heading\" data-id=\"1497a8f\" data-element_type=\"widget\" data-e-type=\"widget\" data-widget_type=\"heading.default\">\n\t\t\t\t<div class=\"elementor-widget-container\">\n\t\t\t\t\t<h2 class=\"elementor-heading-title elementor-size-default\">Stagii de practic\u0103 \u2013 \u00eenainte de plecare\n<\/h2>\t\t\t\t<\/div>\n\t\t\t\t<\/div>\n\t\t<div class=\"elementor-element elementor-element-317a530 e-con-full e-flex e-con e-child\" data-id=\"317a530\" data-element_type=\"container\" data-e-type=\"container\" data-settings=\"{&quot;background_background&quot;:&quot;classic&quot;}\">\n\t\t\t\t<div class=\"elementor-element elementor-element-c4235a9 elementor-widget elementor-widget-text-editor\" data-id=\"c4235a9\" data-element_type=\"widget\" data-e-type=\"widget\" data-widget_type=\"text-editor.default\">\n\t\t\t\t<div class=\"elementor-widget-container\">\n\t\t\t\t\t\t\t\t\t<h2 class=\"entry-title fusion-responsive-typography-calculated\" data-fontsize=\"18\" data-lineheight=\"27px\"><strong>\u00cenainte de plecarea \u00een mobilitatea Erasmus+: pa\u0219i, documente, formulare<\/strong><\/h2><p>Pentru o scurt\u0103 prezentare privind pa\u0219ii pe care trebuie s\u0103 \u00eei urmezi, d\u0103 click\u00a0<strong><a href=\"https:\/\/youtu.be\/t2TrVxW8RUM\">aici<\/a><\/strong>.<\/p><p>Dup\u0103 contactarea\u00a0<strong><a href=\"https:\/\/www.uaic.ro\/wp-content\/uploads\/2025\/11\/Centralizator-coordonatori-Erasmus-SMS-SMP-STA_noiembrie-2025.pdf\">coordonatorului Erasmus<\/a><\/strong><em>\u00a0de la facultatea la care e\u0219ti \u00eenmatriculat\u00a0<\/em>\u015fi participarea, respectiv promovarea\u00a0<em>sesiunii de selec\u0163ie<\/em>\u00a0organizate de facultate, trebuie s\u0103 depui o\u00a0<a href=\"https:\/\/www.uaic.ro\/wp-content\/uploads\/2023\/03\/formular-cerere-de-deplasare_aprobat-BECA-nr-RI-10_23.03.2023_valabil-din-aprilie-2023-Copy.pdf\"><strong>cerere tip pentru emiterea Dispozi\u0163iei Rectorului pentru deplas\u0103rile \u00een str\u0103in\u0103tate (formular)<\/strong><\/a>\u00a0adresat\u0103 Biroului Executiv al Consiliului de Administra\u021bie al UAIC, prin Compartimentul Erasmus+, dup\u0103 urm\u0103torul\u00a0<a href=\"https:\/\/www.uaic.ro\/wp-content\/uploads\/2024\/11\/formular-cerere-de-deplasare_model-de-completare_2024-2026.pdf\"><strong>model<\/strong><\/a>.\u00a0Pentru calcularea valorii grantului Erasmus care \u021bi se cuvine,\u00a0te a\u0219tept\u0103m la\u00a0<em><strong>Compartimentul Erasmus+<\/strong>\u00a0din cadrul\u00a0<strong>Serviciului Rela\u0163ii Interna\u0163ionale,\u00a0<\/strong><\/em>situat \u00een\u00a0<strong>corpul A<\/strong>\u00a0al universit\u0103\u021bii, la etajul 2, l\u00e2ng\u0103 Rectorat.<\/p><p><strong><a href=\"https:\/\/www.uaic.ro\/wp-content\/uploads\/2023\/03\/formular-cerere-de-deplasare_aprobat-BECA-nr-RI-10_23.03.2023_valabil-din-aprilie-2023-Copy.pdf\">Cererea\u00a0<\/a><\/strong>\u00eenso\u021bit\u0103 de documentele men\u021bionate mai jos trebuie verificat\u0103 de c\u0103tre responsabilul Compartimentului Erasmus+, pentru a putea fi ulterior depus\u0103 la Registratura Universit\u0103\u021bii,\u00a0<em><strong>cu cel pu\u021bin 14 zile \u00eenainte de data plec\u0103rii.<\/strong>\u00a0<\/em><\/p><p>\u00a0Documente care \u00eenso\u021besc\u00a0<strong>cererea<\/strong>\u00a0pentru emiterea Dispozi\u0163iei Rectorului pentru deplas\u0103rile \u00een str\u0103in\u0103tate:<\/p><p>1.\u00a0<a href=\"https:\/\/www.uaic.ro\/wp-content\/uploads\/2024\/11\/2.-Learning-agreement-Before-the-mobility-Traineeship-3.docx\"><strong>Learning-Agreement-Student-Mobility-for-Traineeships<\/strong><\/a>\u2013\u00a0completat \u0219i semnat de c\u0103tre toate p\u0103r\u021bile contractante\u00a0<a href=\"http:\/\/www.uaic.ro\/wp-content\/uploads\/2016\/01\/Anexa_V_HE_Learning-https:\/\/www.uaic.ro\/wp-content\/uploads\/2023\/09\/4.-Anexa_V_STUDENTI_Learning-agreement_traineesh_guidelines_final_2023.docx.docx\">(<\/a>ghid de completare, respectiv\u00a0<strong><a href=\"https:\/\/www.uaic.ro\/wp-content\/uploads\/2023\/09\/Model-de-completare_Learning-agreement_traineeships_form_final_2023.docx\">model<\/a><\/strong>\u00a0de completare);<\/p><p>2.\u00a0<a href=\"https:\/\/www.uaic.ro\/wp-content\/uploads\/2024\/11\/3.-ConfirmationLetterErasmus_SMT-2.doc\"><strong>Confirmation Letter<\/strong>\u00a0<\/a>(completat \u0219i \u0219tampilat de c\u0103tre reprezentantul institu\u021biei gazd\u0103);<\/p><p>3.\u00a0<strong><a href=\"https:\/\/www.uaic.ro\/wp-content\/uploads\/2024\/11\/5.-Fisa_bursier_ERASMUS_SMT-1.doc\">Fi\u0219a bursierului ERASMUS+<\/a>;<\/strong><\/p><p>4.<a href=\"https:\/\/www.uaic.ro\/wp-content\/uploads\/2022\/04\/5.6.-Declaratie-Erasmus.doc\">\u00a0<\/a><strong><a href=\"https:\/\/www.uaic.ro\/wp-content\/uploads\/2024\/11\/4.-Declaratie-Erasmus_SMT-1-1.doc\">Declara\u021bie Erasmus\u2013 mobilitate de practic\u0103<\/a>;<\/strong><\/p><p>5.\u00a0<strong>Adeverin\u021b\u0103<\/strong>\u00a0de la Secretariatul facult\u0103\u021bii\u00a0<strong>care s\u0103 ateste \u00eencadrarea \u00een criteriile acord\u0103rii bursei sociale<\/strong>\u00a0\u2013\u00a0doar \u00een cazul studen\u021bilor cu oportunit\u0103\u021bi reduse;<\/p><p>6.\u00a0<strong>Adeverin\u021b\u0103\u00a0 de absolvent<\/strong>\u00a0de la Secretariatul facult\u0103\u021bii care s\u0103 ateste sus\u021binerea \u0219i promovarea tuturor disciplinelor din ciclul de studiu la care e\u0219ti \u00eenmatriculat\u00a0la momentul selec\u021biei. Adeverin\u021ba poate fi ob\u021binut\u0103 imediat dup\u0103 finalizarea ultimei sesiuni de examene, \u00eenaintea sus\u021binerii examenului de licen\u021b\u0103\/diserta\u021bie \u2013\u00a0doar \u00een cazul proaspe\u021bilor ABSOLVEN\u021aI*!<\/p><h5 class=\"fusion-responsive-typography-calculated\" data-fontsize=\"12\" data-lineheight=\"18px\">* Studen\u021bii \u0219i doctoranzii\u00a0<u>din anii terminali<\/u>\u00a0selecta\u021bi p\u00e2n\u0103 la data \u00eencheierii sesiunii de evaluare\/examin\u0103ri din semestrul al II-lea al anului terminal, respectiv p\u00e2n\u0103 la data sus\u021binerii publice a tezei de doctorat, pentru<strong>\u00a0stagii care au loc \u00een primul an de dup\u0103 absolvire<\/strong>, au statut de \u201cselectat condi\u021bionat\u201d; ei devin \u201ctitulari\u201d \u00een momentul \u00een care pot face dovada<strong>\u00a0statutului de absolvent\u00a0<\/strong>prin prezentarea unei adeverin\u021be eliberate de facultate, respectiv a unei adeverin\u021be eliberate de Secretariatul \u0218colii Doctorale unde a fost \u00eenmatriculat sau de Biroul pentru Studiile Universitare de Doctorat. Aceste stagii se pot desf\u0103\u0219ura pe o perioad\u0103 de 12 luni dup\u0103 absolvire.<\/h5><p>!!!\u00a0\u00cen cazul \u00een care exist\u0103 solicit\u0103ri pentru\u00a0<strong>efectuarea unui stagiu de practic\u0103 \u00eentr-un domeniu diferit de cel studiat<\/strong>, acesta poate avea loc\u00a0<strong>doar cu aprobarea decanului facult\u0103\u021bii<\/strong>\u00a0de care apar\u021bii.<\/p><p><strong>Aten\u021bie! FALSUL \u00ceN DECLARA\u021aII SE PEDEPSE\u0218TE CONFORM LEGII \u0218I ATRAGE RESTITUIREA GRANTULUI ERASMUS PRIMIT.<\/strong><\/p><p><strong><em>Important!!!<\/em><\/strong><\/p><p><strong>Cererea de deplasare,\u00a0<\/strong>vizat\u0103 la facultate, trebuie s\u0103 fie depus\u0103 la registratur\u0103\u00a0<strong>cu minimum 10 zile lucr\u0103toare \u00eenaintea \u00eenceperii mobilit\u0103\u021bii.<\/strong><\/p><p>Toate documentele se depun la Compartimentul Erasmus+ cu cel pu\u021bin 10 zile\u00a0 \u00eenainte de \u00eenceperea mobilit\u0103\u021bii pentru a fi aprobate de conducerea universit\u0103\u021bii. \u00cen momentul depunerii contractului financiar la Compartimentul Erasmus+, trebuie s\u0103 ridici Ordinul Rectorului\/Dispozi\u021bia de deplasare.<\/p><p>Dup\u0103 emiterea\u00a0<strong><em>Dispozi\u021biei Rectorului<\/em><\/strong>, vei fi anun\u021bat prin e-mail de c\u0103tre un reprezentant al Compartimentului ERASMUS+\u00a0\u00a0s\u0103 depui urm\u0103toarele documente la:<\/p><p>\u00a01. Contract financiar \u2013 completat \u0219i semnat\u00a0 (formularul \u00eel vei primi \u00een format electronic, pe e-mail)<\/p><p>\u00a02. Extras de cont \u00een Euro<\/p><p>3. Copie dup\u0103 actul de identitate<\/p><p>4. Copie dup\u0103 3 tipuri de asigur\u0103ri valabile interna\u021bional pe toat\u0103 durata stagiului :<\/p><ul><li><u>Asigurare\u00a0<\/u><u>de s\u0103n\u0103tate:\u00a0<\/u><u>Cardul European de Asigur\u0103ri de S\u0103n\u0103tate\u00a0<\/u><u>\u00a0<\/u><u>sau o poli\u021b\u0103 de asigurare emis\u0103 de o companie privat\u0103 de asigur\u0103ri<\/u><\/li><li><u>Asigurare\u00a0<\/u><u>de r\u0103spundere civil\u0103<\/u><\/li><li><u>Asigurare \u00ee<\/u><u>mpotriva accidentelor la locul de mun<\/u><u>c\u0103.<\/u><\/li><\/ul><p><strong>Contractul financiar completat \u0219i semnat, \u00eempreun\u0103 cu documentele \u00eenso\u021bitoare<\/strong>, este transmis responsabilului financiar Erasmus+ de la Serviciul Rela\u021bii Interna\u021bionale cu\u00a0<strong>minimum 5 zile lucr\u0103toare \u00eenainte de \u00eenceperea mobilit\u0103\u021bii.<\/strong><\/p>\t\t\t\t\t\t\t\t<\/div>\n\t\t\t\t<\/div>\n\t\t\t\t<\/div>\n\t\t\t\t\t<\/div>\n\t\t\t\t<\/div>\n\t\t\t\t<\/div>\n\t\t","protected":false},"excerpt":{"rendered":"<p>Stagii de practic\u0103 \u2013 \u00eenainte de plecare \u00cenainte de plecarea \u00een mobilitatea Erasmus+: pa\u0219i, documente, formulare Pentru o scurt\u0103 prezentare privind pa\u0219ii pe care trebuie s\u0103 \u00eei urmezi, d\u0103 click\u00a0aici. Dup\u0103 contactarea\u00a0coordonatorului Erasmus\u00a0de la facultatea la care e\u0219ti \u00eenmatriculat\u00a0\u015fi participarea, <a href=\"https:\/\/international.uaic.ro\/?page_id=3226\"> Read more&#8230;<\/a><\/p>\n","protected":false},"author":1,"featured_media":0,"parent":0,"menu_order":0,"comment_status":"closed","ping_status":"closed","template":"","meta":{"footnotes":""},"class_list":["post-3226","page","type-page","status-publish","hentry"],"_links":{"self":[{"href":"https:\/\/international.uaic.ro\/index.php?rest_route=\/wp\/v2\/pages\/3226","targetHints":{"allow":["GET"]}}],"collection":[{"href":"https:\/\/international.uaic.ro\/index.php?rest_route=\/wp\/v2\/pages"}],"about":[{"href":"https:\/\/international.uaic.ro\/index.php?rest_route=\/wp\/v2\/types\/page"}],"author":[{"embeddable":true,"href":"https:\/\/international.uaic.ro\/index.php?rest_route=\/wp\/v2\/users\/1"}],"replies":[{"embeddable":true,"href":"https:\/\/international.uaic.ro\/index.php?rest_route=%2Fwp%2Fv2%2Fcomments&post=3226"}],"version-history":[{"count":4,"href":"https:\/\/international.uaic.ro\/index.php?rest_route=\/wp\/v2\/pages\/3226\/revisions"}],"predecessor-version":[{"id":3240,"href":"https:\/\/international.uaic.ro\/index.php?rest_route=\/wp\/v2\/pages\/3226\/revisions\/3240"}],"wp:attachment":[{"href":"https:\/\/international.uaic.ro\/index.php?rest_route=%2Fwp%2Fv2%2Fmedia&parent=3226"}],"curies":[{"name":"wp","href":"https:\/\/api.w.org\/{rel}","templated":true}]}}