{"id":3090,"date":"2026-02-16T14:10:00","date_gmt":"2026-02-16T12:10:00","guid":{"rendered":"https:\/\/international.uaic.ro\/?page_id=3090"},"modified":"2026-03-29T22:43:15","modified_gmt":"2026-03-29T19:43:15","slug":"mobilitati-de-studiu-erasmus","status":"publish","type":"page","link":"https:\/\/international.uaic.ro\/?page_id=3090","title":{"rendered":"Mobilit\u0103\u021bi de studiu Erasmus"},"content":{"rendered":"\t\t<div data-elementor-type=\"wp-page\" data-elementor-id=\"3090\" class=\"elementor elementor-3090\">\n\t\t\t\t<div class=\"elementor-element elementor-element-a5917f9 e-flex e-con-boxed e-con e-parent\" data-id=\"a5917f9\" data-element_type=\"container\" data-e-type=\"container\">\n\t\t\t\t\t<div class=\"e-con-inner\">\n\t\t\t\t<div class=\"elementor-element elementor-element-98e012b elementor-widget elementor-widget-heading\" data-id=\"98e012b\" data-element_type=\"widget\" data-e-type=\"widget\" data-widget_type=\"heading.default\">\n\t\t\t\t<div class=\"elementor-widget-container\">\n\t\t\t\t\t<h2 class=\"elementor-heading-title elementor-size-default\">Programul Erasmus+ cu \u021b\u0103rile participante \u2013 mobilit\u0103\u021bi de studiu <\/h2>\t\t\t\t<\/div>\n\t\t\t\t<\/div>\n\t\t\t\t\t<\/div>\n\t\t\t\t<\/div>\n\t\t<div class=\"elementor-element elementor-element-cb002b7 e-grid e-con-full e-con e-parent\" data-id=\"cb002b7\" data-element_type=\"container\" data-e-type=\"container\">\n\t\t\t\t<div class=\"elementor-element elementor-element-f6de24f elementor-align-justify elementor-widget elementor-widget-button\" data-id=\"f6de24f\" data-element_type=\"widget\" data-e-type=\"widget\" data-widget_type=\"button.default\">\n\t\t\t\t<div class=\"elementor-widget-container\">\n\t\t\t\t\t\t\t\t\t<div class=\"elementor-button-wrapper\">\n\t\t\t\t\t<a class=\"elementor-button elementor-button-link elementor-size-sm\" href=\"https:\/\/international.uaic.ro\/?page_id=3118\">\n\t\t\t\t\t\t<span class=\"elementor-button-content-wrapper\">\n\t\t\t\t\t\t\t\t\t<span class=\"elementor-button-text\">\u00cenainte de plecare<\/span>\n\t\t\t\t\t<\/span>\n\t\t\t\t\t<\/a>\n\t\t\t\t<\/div>\n\t\t\t\t\t\t\t\t<\/div>\n\t\t\t\t<\/div>\n\t\t\t\t<div class=\"elementor-element elementor-element-b546086 elementor-align-justify elementor-widget elementor-widget-button\" data-id=\"b546086\" data-element_type=\"widget\" data-e-type=\"widget\" data-widget_type=\"button.default\">\n\t\t\t\t<div class=\"elementor-widget-container\">\n\t\t\t\t\t\t\t\t\t<div class=\"elementor-button-wrapper\">\n\t\t\t\t\t<a class=\"elementor-button elementor-button-link elementor-size-sm\" href=\"https:\/\/international.uaic.ro\/?page_id=3120\">\n\t\t\t\t\t\t<span class=\"elementor-button-content-wrapper\">\n\t\t\t\t\t\t\t\t\t<span class=\"elementor-button-text\">La \u00eentoarcere<\/span>\n\t\t\t\t\t<\/span>\n\t\t\t\t\t<\/a>\n\t\t\t\t<\/div>\n\t\t\t\t\t\t\t\t<\/div>\n\t\t\t\t<\/div>\n\t\t\t\t<\/div>\n\t\t<div class=\"elementor-element elementor-element-16d13df e-flex e-con-boxed e-con e-parent\" data-id=\"16d13df\" data-element_type=\"container\" data-e-type=\"container\">\n\t\t\t\t\t<div class=\"e-con-inner\">\n\t\t\t\t<div class=\"elementor-element elementor-element-f4baeab elementor-widget elementor-widget-heading\" data-id=\"f4baeab\" data-element_type=\"widget\" data-e-type=\"widget\" data-widget_type=\"heading.default\">\n\t\t\t\t<div class=\"elementor-widget-container\">\n\t\t\t\t\t<h2 class=\"elementor-heading-title elementor-size-default\">Lumea este o carte, iar cei care nu c\u0103l\u0103toresc citesc doar o pagin\u0103. (Sf. Augustin)<\/h2>\t\t\t\t<\/div>\n\t\t\t\t<\/div>\n\t\t\t\t<div class=\"elementor-element elementor-element-5ef29a7 e-n-tabs-mobile elementor-widget elementor-widget-n-tabs\" data-id=\"5ef29a7\" data-element_type=\"widget\" data-e-type=\"widget\" data-widget_type=\"nested-tabs.default\">\n\t\t\t\t<div class=\"elementor-widget-container\">\n\t\t\t\t\t\t\t<div class=\"e-n-tabs\" data-widget-number=\"99559847\" aria-label=\"File. Deschizi elementele cu tasta Enter sau Spa\u021biu, le \u00eenchizi cu Esc \u0219i navighezi folosind tastele s\u0103ge\u021bi.\">\n\t\t\t<div class=\"e-n-tabs-heading\" role=\"tablist\">\n\t\t\t\t\t<button id=\"e-n-tab-title-995598471\" data-tab-title-id=\"e-n-tab-title-995598471\" class=\"e-n-tab-title\" aria-selected=\"true\" data-tab-index=\"1\" role=\"tab\" tabindex=\"0\" aria-controls=\"e-n-tab-content-995598471\" style=\"--n-tabs-title-order: 1;\">\n\t\t\t\t\t\t<span class=\"e-n-tab-title-text\">\n\t\t\t\tRegulament selec\u021bie\t\t\t<\/span>\n\t\t<\/button>\n\t\t\t\t<button id=\"e-n-tab-title-995598472\" data-tab-title-id=\"e-n-tab-title-995598472\" class=\"e-n-tab-title\" aria-selected=\"false\" data-tab-index=\"2\" role=\"tab\" tabindex=\"-1\" aria-controls=\"e-n-tab-content-995598472\" style=\"--n-tabs-title-order: 2;\">\n\t\t\t\t\t\t<span class=\"e-n-tab-title-text\">\n\t\t\t\tA\u0219a \u00eencepe mobilitatea ta Erasmus\t\t\t<\/span>\n\t\t<\/button>\n\t\t\t\t<button id=\"e-n-tab-title-995598473\" data-tab-title-id=\"e-n-tab-title-995598473\" class=\"e-n-tab-title\" aria-selected=\"false\" data-tab-index=\"3\" role=\"tab\" tabindex=\"-1\" aria-controls=\"e-n-tab-content-995598473\" style=\"--n-tabs-title-order: 3;\">\n\t\t\t\t\t\t<span class=\"e-n-tab-title-text\">\n\t\t\t\tFormulare\t\t\t<\/span>\n\t\t<\/button>\n\t\t\t\t<button id=\"e-n-tab-title-995598474\" data-tab-title-id=\"e-n-tab-title-995598474\" class=\"e-n-tab-title\" aria-selected=\"false\" data-tab-index=\"4\" role=\"tab\" tabindex=\"-1\" aria-controls=\"e-n-tab-content-995598474\" style=\"--n-tabs-title-order: 4;\">\n\t\t\t\t\t\t<span class=\"e-n-tab-title-text\">\n\t\t\t\tCriterii de eligibilitate\t\t\t<\/span>\n\t\t<\/button>\n\t\t\t\t<button id=\"e-n-tab-title-995598475\" data-tab-title-id=\"e-n-tab-title-995598475\" class=\"e-n-tab-title\" aria-selected=\"false\" data-tab-index=\"5\" role=\"tab\" tabindex=\"-1\" aria-controls=\"e-n-tab-content-995598475\" style=\"--n-tabs-title-order: 5;\">\n\t\t\t\t\t\t<span class=\"e-n-tab-title-text\">\n\t\t\t\tDocumente necesare la dosarul de candidatur\u0103\t\t\t<\/span>\n\t\t<\/button>\n\t\t\t\t<button id=\"e-n-tab-title-995598476\" data-tab-title-id=\"e-n-tab-title-995598476\" class=\"e-n-tab-title\" aria-selected=\"false\" data-tab-index=\"6\" role=\"tab\" tabindex=\"-1\" aria-controls=\"e-n-tab-content-995598476\" style=\"--n-tabs-title-order: 6;\">\n\t\t\t\t\t\t<span class=\"e-n-tab-title-text\">\n\t\t\t\tUnde po\u021bi pleca?\t\t\t<\/span>\n\t\t<\/button>\n\t\t\t\t<button id=\"e-n-tab-title-995598477\" data-tab-title-id=\"e-n-tab-title-995598477\" class=\"e-n-tab-title\" aria-selected=\"false\" data-tab-index=\"7\" role=\"tab\" tabindex=\"-1\" aria-controls=\"e-n-tab-content-995598477\" style=\"--n-tabs-title-order: 7;\">\n\t\t\t\t\t\t<span class=\"e-n-tab-title-text\">\n\t\t\t\tC\u00e2t dureaz\u0103 mobilitatea de studiu?\t\t\t<\/span>\n\t\t<\/button>\n\t\t\t\t<button id=\"e-n-tab-title-995598478\" data-tab-title-id=\"e-n-tab-title-995598478\" class=\"e-n-tab-title\" aria-selected=\"false\" data-tab-index=\"8\" role=\"tab\" tabindex=\"-1\" aria-controls=\"e-n-tab-content-995598478\" style=\"--n-tabs-title-order: 8;\">\n\t\t\t\t\t\t<span class=\"e-n-tab-title-text\">\n\t\t\t\tValorea bursei\t\t\t<\/span>\n\t\t<\/button>\n\t\t\t\t<button id=\"e-n-tab-title-995598479\" data-tab-title-id=\"e-n-tab-title-995598479\" class=\"e-n-tab-title\" aria-selected=\"false\" data-tab-index=\"9\" role=\"tab\" tabindex=\"-1\" aria-controls=\"e-n-tab-content-995598479\" style=\"--n-tabs-title-order: 9;\">\n\t\t\t\t\t\t<span class=\"e-n-tab-title-text\">\n\t\t\t\tSuplimentarea bursei Erasmus\t\t\t<\/span>\n\t\t<\/button>\n\t\t\t\t<button id=\"e-n-tab-title-9955984710\" data-tab-title-id=\"e-n-tab-title-9955984710\" class=\"e-n-tab-title\" aria-selected=\"false\" data-tab-index=\"10\" role=\"tab\" tabindex=\"-1\" aria-controls=\"e-n-tab-content-9955984710\" style=\"--n-tabs-title-order: 10;\">\n\t\t\t\t\t\t<span class=\"e-n-tab-title-text\">\n\t\t\t\tCalculul bursei\t\t\t<\/span>\n\t\t<\/button>\n\t\t\t\t<button id=\"e-n-tab-title-9955984711\" data-tab-title-id=\"e-n-tab-title-9955984711\" class=\"e-n-tab-title\" aria-selected=\"false\" data-tab-index=\"11\" role=\"tab\" tabindex=\"-1\" aria-controls=\"e-n-tab-content-9955984711\" style=\"--n-tabs-title-order: 11;\">\n\t\t\t\t\t\t<span class=\"e-n-tab-title-text\">\n\t\t\t\tPa\u0219i \u00eenainte de selec\u021bie\t\t\t<\/span>\n\t\t<\/button>\n\t\t\t\t<button id=\"e-n-tab-title-9955984712\" data-tab-title-id=\"e-n-tab-title-9955984712\" class=\"e-n-tab-title\" aria-selected=\"false\" data-tab-index=\"12\" role=\"tab\" tabindex=\"-1\" aria-controls=\"e-n-tab-content-9955984712\" style=\"--n-tabs-title-order: 12;\">\n\t\t\t\t\t\t<span class=\"e-n-tab-title-text\">\n\t\t\t\tPa\u0219i de urmat dup\u0103 selec\u021bia la facultate\t\t\t<\/span>\n\t\t<\/button>\n\t\t\t\t<button id=\"e-n-tab-title-9955984713\" data-tab-title-id=\"e-n-tab-title-9955984713\" class=\"e-n-tab-title\" aria-selected=\"false\" data-tab-index=\"13\" role=\"tab\" tabindex=\"-1\" aria-controls=\"e-n-tab-content-9955984713\" style=\"--n-tabs-title-order: 13;\">\n\t\t\t\t\t\t<span class=\"e-n-tab-title-text\">\n\t\t\t\tCoordonatori Erasmus\t\t\t<\/span>\n\t\t<\/button>\n\t\t\t\t<button id=\"e-n-tab-title-9955984714\" data-tab-title-id=\"e-n-tab-title-9955984714\" class=\"e-n-tab-title\" aria-selected=\"false\" data-tab-index=\"14\" role=\"tab\" tabindex=\"-1\" aria-controls=\"e-n-tab-content-9955984714\" style=\"--n-tabs-title-order: 14;\">\n\t\t\t\t\t\t<span class=\"e-n-tab-title-text\">\n\t\t\t\tCalendarul selec\u021biei\t\t\t<\/span>\n\t\t<\/button>\n\t\t\t\t<button id=\"e-n-tab-title-9955984715\" data-tab-title-id=\"e-n-tab-title-9955984715\" class=\"e-n-tab-title\" aria-selected=\"false\" data-tab-index=\"15\" role=\"tab\" tabindex=\"-1\" aria-controls=\"e-n-tab-content-9955984715\" style=\"--n-tabs-title-order: 15;\">\n\t\t\t\t\t\t<span class=\"e-n-tab-title-text\">\n\t\t\t\tProgramare depunere documente\t\t\t<\/span>\n\t\t<\/button>\n\t\t\t\t<button id=\"e-n-tab-title-9955984716\" data-tab-title-id=\"e-n-tab-title-9955984716\" class=\"e-n-tab-title\" aria-selected=\"false\" data-tab-index=\"16\" role=\"tab\" tabindex=\"-1\" aria-controls=\"e-n-tab-content-9955984716\" style=\"--n-tabs-title-order: 16;\">\n\t\t\t\t\t\t<span class=\"e-n-tab-title-text\">\n\t\t\t\tNevoi speciale\t\t\t<\/span>\n\t\t<\/button>\n\t\t\t\t<button id=\"e-n-tab-title-9955984717\" data-tab-title-id=\"e-n-tab-title-9955984717\" class=\"e-n-tab-title\" aria-selected=\"false\" data-tab-index=\"17\" role=\"tab\" tabindex=\"-1\" aria-controls=\"e-n-tab-content-9955984717\" style=\"--n-tabs-title-order: 17;\">\n\t\t\t\t\t\t<span class=\"e-n-tab-title-text\">\n\t\t\t\tContractul de studii (OLA)\t\t\t<\/span>\n\t\t<\/button>\n\t\t\t\t<button id=\"e-n-tab-title-9955984718\" data-tab-title-id=\"e-n-tab-title-9955984718\" class=\"e-n-tab-title\" aria-selected=\"false\" data-tab-index=\"18\" role=\"tab\" tabindex=\"-1\" aria-controls=\"e-n-tab-content-9955984718\" style=\"--n-tabs-title-order: 18;\">\n\t\t\t\t\t\t<span class=\"e-n-tab-title-text\">\n\t\t\t\tRecunoa\u0219tere \u0219i echivalare\t\t\t<\/span>\n\t\t<\/button>\n\t\t\t\t<button id=\"e-n-tab-title-9955984719\" data-tab-title-id=\"e-n-tab-title-9955984719\" class=\"e-n-tab-title\" aria-selected=\"false\" data-tab-index=\"19\" role=\"tab\" tabindex=\"-1\" aria-controls=\"e-n-tab-content-9955984719\" style=\"--n-tabs-title-order: 19;\">\n\t\t\t\t\t\t<span class=\"e-n-tab-title-text\">\n\t\t\t\tEramus+ App\t\t\t<\/span>\n\t\t<\/button>\n\t\t\t\t<button id=\"e-n-tab-title-9955984720\" data-tab-title-id=\"e-n-tab-title-9955984720\" class=\"e-n-tab-title\" aria-selected=\"false\" data-tab-index=\"20\" role=\"tab\" tabindex=\"-1\" aria-controls=\"e-n-tab-content-9955984720\" style=\"--n-tabs-title-order: 20;\">\n\t\t\t\t\t\t<span class=\"e-n-tab-title-text\">\n\t\t\t\tPlatforma EU Academy (noul OLS)\t\t\t<\/span>\n\t\t<\/button>\n\t\t\t\t<button id=\"e-n-tab-title-9955984721\" data-tab-title-id=\"e-n-tab-title-9955984721\" class=\"e-n-tab-title\" aria-selected=\"false\" data-tab-index=\"21\" role=\"tab\" tabindex=\"-1\" aria-controls=\"e-n-tab-content-9955984721\" style=\"--n-tabs-title-order: 21;\">\n\t\t\t\t\t\t<span class=\"e-n-tab-title-text\">\n\t\t\t\tCarta studentului Erasmus\t\t\t<\/span>\n\t\t<\/button>\n\t\t\t\t<button id=\"e-n-tab-title-9955984722\" data-tab-title-id=\"e-n-tab-title-9955984722\" class=\"e-n-tab-title\" aria-selected=\"false\" data-tab-index=\"22\" role=\"tab\" tabindex=\"-1\" aria-controls=\"e-n-tab-content-9955984722\" style=\"--n-tabs-title-order: 22;\">\n\t\t\t\t\t\t<span class=\"e-n-tab-title-text\">\n\t\t\t\tContact\t\t\t<\/span>\n\t\t<\/button>\n\t\t\t\t<button id=\"e-n-tab-title-9955984723\" data-tab-title-id=\"e-n-tab-title-9955984723\" class=\"e-n-tab-title\" aria-selected=\"false\" data-tab-index=\"23\" role=\"tab\" tabindex=\"-1\" aria-controls=\"e-n-tab-content-9955984723\" style=\"--n-tabs-title-order: 23;\">\n\t\t\t\t\t\t<span class=\"e-n-tab-title-text\">\n\t\t\t\tCazare\t\t\t<\/span>\n\t\t<\/button>\n\t\t\t\t<button id=\"e-n-tab-title-9955984724\" data-tab-title-id=\"e-n-tab-title-9955984724\" class=\"e-n-tab-title\" aria-selected=\"false\" data-tab-index=\"24\" role=\"tab\" tabindex=\"-1\" aria-controls=\"e-n-tab-content-9955984724\" style=\"--n-tabs-title-order: 24;\">\n\t\t\t\t\t\t<span class=\"e-n-tab-title-text\">\n\t\t\t\tDestina\u021bii-statistici\t\t\t<\/span>\n\t\t<\/button>\n\t\t\t\t<button id=\"e-n-tab-title-9955984725\" data-tab-title-id=\"e-n-tab-title-9955984725\" class=\"e-n-tab-title\" aria-selected=\"false\" data-tab-index=\"25\" role=\"tab\" tabindex=\"-1\" aria-controls=\"e-n-tab-content-9955984725\" style=\"--n-tabs-title-order: 25;\">\n\t\t\t\t\t\t<span class=\"e-n-tab-title-text\">\n\t\t\t\tPrezent\u0103ri Erasmus\t\t\t<\/span>\n\t\t<\/button>\n\t\t\t\t<button id=\"e-n-tab-title-9955984726\" data-tab-title-id=\"e-n-tab-title-9955984726\" class=\"e-n-tab-title\" aria-selected=\"false\" data-tab-index=\"26\" role=\"tab\" tabindex=\"-1\" aria-controls=\"e-n-tab-content-9955984726\" style=\"--n-tabs-title-order: 26;\">\n\t\t\t\t\t\t<span class=\"e-n-tab-title-text\">\n\t\t\t\tConcurs Erasmus\t\t\t<\/span>\n\t\t<\/button>\n\t\t\t\t\t<\/div>\n\t\t\t<div class=\"e-n-tabs-content\">\n\t\t\t\t<div id=\"e-n-tab-content-995598471\" role=\"tabpanel\" aria-labelledby=\"e-n-tab-title-995598471\" data-tab-index=\"1\" style=\"--n-tabs-title-order: 1;\" class=\"e-active elementor-element elementor-element-9710c35 e-con-full e-flex e-con e-child\" data-id=\"9710c35\" data-element_type=\"container\" data-e-type=\"container\">\n\t\t\t\t<div class=\"elementor-element elementor-element-7cbfefa elementor-widget elementor-widget-text-editor\" data-id=\"7cbfefa\" data-element_type=\"widget\" data-e-type=\"widget\" data-widget_type=\"text-editor.default\">\n\t\t\t\t<div class=\"elementor-widget-container\">\n\t\t\t\t\t\t\t\t\t<p data-fontsize=\"18\" data-lineheight=\"27px\"><strong><a href=\"https:\/\/www.uaic.ro\/wp-content\/uploads\/2025\/02\/Apel-de-selectie-SMS-lunga-durata-DI_2025-2026.pdf\">Apel mobilit\u0103\u0163i de studiu \u2013 lung\u0103 durat\u0103 + dimensiunea interna\u0163ional\u0103\u00a0<\/a><\/strong>(valabil pentru anul academic 2025-2026)<\/p><p data-fontsize=\"18\" data-lineheight=\"27px\"><a href=\"https:\/\/www.uaic.ro\/wp-content\/uploads\/2025\/02\/Mobilitati-de-studiu-ERASMUS_dimensiunea-internationala.pdf\"><strong>Prezentare mobilit\u0103\u0163i studen\u0163e\u015fti ERASMUS+ KA131 \u2013 HED<\/strong><\/a><\/p><p><strong><a href=\"https:\/\/www.uaic.ro\/wp-content\/uploads\/2025\/10\/SREI-Regulament-Erasmus-KA131_revizie-2025.pdf\">Regulament UAIC privind selec\u0163ia \u015fi organizarea mobilit\u0103\u0163ilor \u00een cadrul Programului ERASMUS+ KA131 \u2013 HED<\/a>\u00a0<\/strong><\/p>\t\t\t\t\t\t\t\t<\/div>\n\t\t\t\t<\/div>\n\t\t\t\t<div class=\"elementor-element elementor-element-adb4e7f elementor-widget elementor-widget-n-accordion\" data-id=\"adb4e7f\" data-element_type=\"widget\" data-e-type=\"widget\" data-settings=\"{&quot;default_state&quot;:&quot;expanded&quot;,&quot;max_items_expended&quot;:&quot;one&quot;,&quot;n_accordion_animation_duration&quot;:{&quot;unit&quot;:&quot;ms&quot;,&quot;size&quot;:400,&quot;sizes&quot;:[]}}\" data-widget_type=\"nested-accordion.default\">\n\t\t\t\t<div class=\"elementor-widget-container\">\n\t\t\t\t\t\t\t<div class=\"e-n-accordion\" aria-label=\"Accordion. Open links with Enter or Space, close with Escape, and navigate with Arrow Keys\">\n\t\t\t\t\t\t<details id=\"e-n-accordion-item-1820\" class=\"e-n-accordion-item\" open>\n\t\t\t\t<summary class=\"e-n-accordion-item-title\" data-accordion-index=\"1\" tabindex=\"0\" aria-expanded=\"true\" aria-controls=\"e-n-accordion-item-1820\" >\n\t\t\t\t\t<span class='e-n-accordion-item-title-header'><div class=\"e-n-accordion-item-title-text\">  Arhiv\u0103 - Anun\u0163uri \u015fi regulamente de selec\u0163ie (2015 - 2024) <\/div><\/span>\n\t\t\t\t\t\t\t<span class='e-n-accordion-item-title-icon'>\n\t\t\t<span class='e-opened' ><svg aria-hidden=\"true\" class=\"e-font-icon-svg e-fas-minus\" viewBox=\"0 0 448 512\" xmlns=\"http:\/\/www.w3.org\/2000\/svg\"><path d=\"M416 208H32c-17.67 0-32 14.33-32 32v32c0 17.67 14.33 32 32 32h384c17.67 0 32-14.33 32-32v-32c0-17.67-14.33-32-32-32z\"><\/path><\/svg><\/span>\n\t\t\t<span class='e-closed'><svg aria-hidden=\"true\" class=\"e-font-icon-svg e-fas-plus\" viewBox=\"0 0 448 512\" xmlns=\"http:\/\/www.w3.org\/2000\/svg\"><path d=\"M416 208H272V64c0-17.67-14.33-32-32-32h-32c-17.67 0-32 14.33-32 32v144H32c-17.67 0-32 14.33-32 32v32c0 17.67 14.33 32 32 32h144v144c0 17.67 14.33 32 32 32h32c17.67 0 32-14.33 32-32V304h144c17.67 0 32-14.33 32-32v-32c0-17.67-14.33-32-32-32z\"><\/path><\/svg><\/span>\n\t\t<\/span>\n\n\t\t\t\t\t\t<\/summary>\n\t\t\t\t<div role=\"region\" aria-labelledby=\"e-n-accordion-item-1820\" class=\"elementor-element elementor-element-7165c7d e-con-full e-flex e-con e-child\" data-id=\"7165c7d\" data-element_type=\"container\" data-e-type=\"container\">\n\t\t\t\t<div class=\"elementor-element elementor-element-c270395 elementor-widget elementor-widget-text-editor\" data-id=\"c270395\" data-element_type=\"widget\" data-e-type=\"widget\" data-widget_type=\"text-editor.default\">\n\t\t\t\t<div class=\"elementor-widget-container\">\n\t\t\t\t\t\t\t\t\t<p data-fontsize=\"18\" data-lineheight=\"27px\"><strong><a href=\"https:\/\/www.uaic.ro\/wp-content\/uploads\/2023\/11\/Anunt-de-selectie-SMS-lunga-durata-tari-partenere_septembrie_2023.doc\">Anunt de selectie SMS \u2013 lung\u0103 durat\u0103<\/a>\u00a0(valabil pentru anul academic 2023-2024)<\/strong><\/p><p data-fontsize=\"18\" data-lineheight=\"27px\"><strong><a href=\"http:\/\/www.uaic.ro\/wp-content\/uploads\/2022\/03\/Regulament-Erasmus-KA131.pdf\">Regulament selec\u021bie SMS Erasmus+ KA131<\/a>\u00a0\u00a0(valabil \u00eencep\u00e2nd cu anul academic 2022-2023)<\/strong><\/p><p data-fontsize=\"18\" data-lineheight=\"27px\"><strong><a href=\"https:\/\/www.uaic.ro\/wp-content\/uploads\/2022\/03\/Anunt-de-selectie-SMS-lunga-durata_FINAL.doc\">Anunt de selectie SMS \u2013 lung\u0103 durat\u0103<\/a>\u00a0\u00a0(valabil pentru anul academic 2022-2023)<\/strong><\/p><p class=\"fusion-responsive-typography-calculated\" data-fontsize=\"18\" data-lineheight=\"27px\"><strong><a href=\"http:\/\/www.uaic.ro\/wp-content\/uploads\/2022\/03\/Regulament-selectie-SMS-2021-2022-Erasmus.doc\">Regulament selectie SMS 2021-2022 Erasmus+<\/a><\/strong><\/p><p><strong><a href=\"https:\/\/www.uaic.ro\/wp-content\/uploads\/2020\/04\/Regulament-selectie-SMS-2020-2021-Erasmus.pdf\">Regulament selectie SMS 2020-2021 Erasmus+<\/a><\/strong><\/p><p><strong><a href=\"https:\/\/www.uaic.ro\/wp-content\/uploads\/2019\/10\/Regulament-selectie-SMS-2019-2020-Erasmus.pdf\">Regulament selectie SMS 2019-2020 Erasmus+<\/a><\/strong><\/p><p><strong><a href=\"https:\/\/www.uaic.ro\/wp-content\/uploads\/2018\/03\/Regulament-selectie-Erasmus-2018-2019.pdf\">Regulament selectie Erasmus+ 2018-2019<\/a><\/strong><\/p><p><strong><a href=\"https:\/\/www.uaic.ro\/wp-content\/uploads\/2016\/09\/Regulament-selectie-stagii-de-studiu-Erasmus-1.pdf\">Regulament selectie stagii de studiu Erasmus+ 2017-2018<\/a><\/strong><\/p><p><strong><a href=\"https:\/\/www.uaic.ro\/wp-content\/uploads\/2016\/09\/Regulament-selectie-SMS-2016-2017-Erasmus.pdf\">Regulament selectie stagii de studiu Erasmus+ 2016-2017<\/a><\/strong><\/p><h4 class=\"fusion-responsive-typography-calculated\" data-fontsize=\"13\" data-lineheight=\"19.5px\"><strong><a href=\"https:\/\/www.uaic.ro\/wp-content\/uploads\/2016\/09\/Regulament-selectie-SMS-2015-16-Erasmus-1.pdf\">Regulament selectie SMS 2015-16 Erasmus+<\/a><\/strong><\/h4><h4 class=\"fusion-responsive-typography-calculated\" data-fontsize=\"13\" data-lineheight=\"19.5px\"><strong><a href=\"https:\/\/www.uaic.ro\/wp-content\/uploads\/2016\/09\/modificare-regulament.pdf\">Modificare regulament<\/a><\/strong><\/h4>\t\t\t\t\t\t\t\t<\/div>\n\t\t\t\t<\/div>\n\t\t\t\t<\/div>\n\t\t\t\t\t<\/details>\n\t\t\t\t\t<\/div>\n\t\t\t\t\t\t<\/div>\n\t\t\t\t<\/div>\n\t\t\t\t<\/div>\n\t\t<div id=\"e-n-tab-content-995598472\" role=\"tabpanel\" aria-labelledby=\"e-n-tab-title-995598472\" data-tab-index=\"2\" style=\"--n-tabs-title-order: 2;\" class=\" elementor-element elementor-element-3dfa37f e-con-full e-flex e-con e-child\" data-id=\"3dfa37f\" data-element_type=\"container\" data-e-type=\"container\">\n\t\t\t\t<div class=\"elementor-element elementor-element-bb4d9ab elementor-widget elementor-widget-text-editor\" data-id=\"bb4d9ab\" data-element_type=\"widget\" data-e-type=\"widget\" data-widget_type=\"text-editor.default\">\n\t\t\t\t<div class=\"elementor-widget-container\">\n\t\t\t\t\t\t\t\t\t<p><img data-dominant-color=\"dbdedd\" data-has-transparency=\"false\" style=\"--dominant-color: #dbdedd;\" fetchpriority=\"high\" decoding=\"async\" class=\"alignnone size-full wp-image-3143 not-transparent\" src=\"https:\/\/international.uaic.ro\/wp-content\/uploads\/2026\/02\/Asa-incepe-mobilitatea-ta-Erasmus-600x450.png.webp\" alt=\"\" width=\"600\" height=\"450\" srcset=\"https:\/\/international.uaic.ro\/wp-content\/uploads\/2026\/02\/Asa-incepe-mobilitatea-ta-Erasmus-600x450.png.webp 600w, https:\/\/international.uaic.ro\/wp-content\/uploads\/2026\/02\/Asa-incepe-mobilitatea-ta-Erasmus-600x450.png-300x225.webp 300w\" sizes=\"(max-width: 600px) 100vw, 600px\" \/><\/p><h3 class=\"fusion-responsive-typography-calculated\" data-fontsize=\"16\" data-lineheight=\"24px\">Click\u00a0<a href=\"https:\/\/www.uaic.ro\/wp-content\/uploads\/2025\/02\/A%C5%9Fa-%C3%AEncepe-mobilitatea-ta-Erasmus-1.png\">aici<\/a>\u00a0pentru o rezolu\u0163ie mai bun\u0103!<\/h3>\t\t\t\t\t\t\t\t<\/div>\n\t\t\t\t<\/div>\n\t\t\t\t<\/div>\n\t\t<div id=\"e-n-tab-content-995598473\" role=\"tabpanel\" aria-labelledby=\"e-n-tab-title-995598473\" data-tab-index=\"3\" style=\"--n-tabs-title-order: 3;\" class=\" elementor-element elementor-element-56c695a e-con-full e-flex e-con e-child\" data-id=\"56c695a\" data-element_type=\"container\" data-e-type=\"container\">\n\t\t\t\t<div class=\"elementor-element elementor-element-e474310 elementor-widget elementor-widget-text-editor\" data-id=\"e474310\" data-element_type=\"widget\" data-e-type=\"widget\" data-widget_type=\"text-editor.default\">\n\t\t\t\t<div class=\"elementor-widget-container\">\n\t\t\t\t\t\t\t\t\t<p><a href=\"https:\/\/www.uaic.ro\/wp-content\/uploads\/2024\/10\/Formular-candidatura-SMS_lungi_outgoing-1.docx\"><strong>Formular de candidatur\u0103 pentru mobilit\u0103\u021bi de studiu (SMS) de lung\u0103 durat\u0103<\/strong><\/a><\/p><p><a href=\"https:\/\/www.uaic.ro\/wp-content\/uploads\/2024\/10\/Certificate-of-stay-1.doc\"><strong>Certificate of stay<\/strong><\/a><\/p><p><strong><a href=\"https:\/\/www.uaic.ro\/wp-content\/uploads\/2024\/10\/HE-Learning-agreement-studies-KA131-Digital.pdf\">Erasmus+ Digital Learning Agreement<\/a><\/strong><\/p><p><a href=\"https:\/\/www.uaic.ro\/wp-content\/uploads\/2024\/11\/Fisa_bursier_ERASMUS.doc\"><strong>Fi\u015f\u0103 bursier Erasmus+<\/strong><\/a><\/p><p><strong><a href=\"https:\/\/www.uaic.ro\/wp-content\/uploads\/2024\/10\/SMS-LUNGI-INAINTE-Declaratie-Erasmus.doc\">Declara\u0163ie Erasmus+\u00a0<\/a><\/strong>(\u00eenainte de plecare)<\/p><p><strong><a href=\"https:\/\/www.uaic.ro\/wp-content\/uploads\/2024\/10\/SMS-LUNGI-INAINTE-Declaratie-Erasmus_beneficiaza-Copy.doc\">Declara\u0163ie Erasmus+<\/a><\/strong><\/p><p><strong><a href=\"https:\/\/www.uaic.ro\/wp-content\/uploads\/2024\/10\/SMS-LUNGI-REVENIRE-Declara%C8%9Bie-pe-propria-r%C4%83spundere-pentru-evitarea-dublei-finan%C8%9B%C4%83ri-2.doc\">Declara\u0163ie pe propria r\u0103spundere pentru evitarea dublei finan\u0163\u0103ri<\/a><\/strong>\u00a0(la revenirea din mobilitate)<\/p>\t\t\t\t\t\t\t\t<\/div>\n\t\t\t\t<\/div>\n\t\t\t\t<\/div>\n\t\t<div id=\"e-n-tab-content-995598474\" role=\"tabpanel\" aria-labelledby=\"e-n-tab-title-995598474\" data-tab-index=\"4\" style=\"--n-tabs-title-order: 4;\" class=\" elementor-element elementor-element-75d91b3 e-flex e-con-boxed e-con e-child\" data-id=\"75d91b3\" data-element_type=\"container\" data-e-type=\"container\">\n\t\t\t\t\t<div class=\"e-con-inner\">\n\t\t\t\t<div class=\"elementor-element elementor-element-9f31b7b elementor-widget elementor-widget-text-editor\" data-id=\"9f31b7b\" data-element_type=\"widget\" data-e-type=\"widget\" data-widget_type=\"text-editor.default\">\n\t\t\t\t<div class=\"elementor-widget-container\">\n\t\t\t\t\t\t\t\t\t<p><strong><u>CRITERII DE ELIGIBILITATE<\/u><\/strong><strong>:<\/strong><\/p><p><strong>A. Generale:<\/strong><\/p><p>Se pot \u00eenscrie la selec\u021bie:<\/p><ul><li>studen\u021bii \u00eenmatricula\u021bi la zi\/ \u00eenv\u0103\u021b\u0103m\u00e2nt la distan\u021b\u0103\/ \u00eenv\u0103\u021b\u0103m\u00e2nt cu frecven\u021b\u0103 redus\u0103 la Universitatea \u201eAlexandru Ioan Cuza\u201d din Ia\u0219i, cet\u0103\u021beni rom\u00e2ni, cet\u0103\u021beni ai altor state participante la Programul Erasmus+ sau cet\u0103\u021beni ai altor state dec\u00e2t cele participante la Programul Erasmus+;<\/li><li><strong>studen\u021bii din\u00a0<u>anul I, anul II<\/u><\/strong><u>, respectiv<strong>\u00a0anul III licen\u021b\u0103\u00a0<\/strong>(la facult\u0103\u021bi unde studiile de licen\u021b\u0103 au o durat\u0103 de 4 ani) \u0219i\u00a0<strong>anul I master<\/strong><\/u>;<\/li><li><strong>doctoranzii din\u00a0<u>anul I, II, III, inclusiv cei afla\u021bi \u00een perioada de prelungire<\/u><\/strong>\u00a0pentru mobilit\u0103\u021bi desf\u0103\u0219urate p\u00e2n\u0103 la data sus\u021binerii publice a tezei de doctorat;<\/li><li><strong>studen\u021bii \u0219i doctoranzii \u00een\u00a0<u>ani terminali<\/u><\/strong>\u00a0\u2013 numai la selec\u021bii pentru mobilit\u0103\u021bi de studiu care se desf\u0103\u0219oar\u0103 \u00een acela\u0219i an academic \u00een care are loc selec\u021bia;<\/li><li>fo\u0219ti beneficiari ai unei mobilit\u0103\u021bi de studiu sau de practic\u0103 \u00een genera\u021biile anterioare de programe Socrates, LLP-Erasmus \u0219i\/sau Erasmus+, numai dac\u0103 \u00eendeplinesc criteriile sus-men\u021bionate \u0219i\u00a0<strong>cu condi\u021bia ca durata total\u0103 a mobilit\u0103\u021bilor (Socrates\/LLP-Erasmus \u0219i Erasmus+) s\u0103 nu dep\u0103\u0219easc\u0103 12 luni\/ciclu de studii.<\/strong><\/li><\/ul><p><strong>Observa\u021bii!<\/strong><\/p><ul><li>Studen\u021bii care doresc s\u0103 candideze la selec\u021bie \u0219i au beneficiat anterior de o mobilitate de studiu pentru care notele la examene nu au fost trimise p\u00e2n\u0103 la data selec\u021biei, vor prezenta rezultatele academice de dinaintea plec\u0103rii \u00een mobilitatea Erasmus.<\/li><\/ul><ul><li>Un student poate beneficia de mobilit\u0103\u021bi de studiu \u0219i de practic\u0103 Erasmus+ la fiecare nivel de studii (licen\u021b\u0103, master, doctorat), \u00eensum\u00e2nd maximum 12 luni de mobilitate (studiu + practic\u0103) per nivel.<\/li><\/ul><p><strong>B. Academice:<\/strong><\/p><p>Pentru a fi eligibili pentru o mobilitate de studiu de lung\u0103 durat\u0103, studen\u021bii trebuie:<\/p><ul><li>s\u0103 aib\u0103 punctajul ECTS la momentul selec\u021biei de minimum 70% din punctajul maxim, cu excep\u021bia studen\u021bilor din anul I,\u00a0 sem. I (pentru care se va lua \u00een considerare media de admitere \u2013 minimum 8 \u2013 la ciclul de studii la care sunt \u00eenmatricula\u021bi) \u0219i a studen\u021bilor \u00eenmatricula\u021bi la programe de studii integrate (pentru care se va lua \u00een considerare media de admitere la programul de studii respectiv, media minim\u0103 fiind aceea\u0219i cu media minim\u0103 de admitere stabilit\u0103 \u00een cadrul parteneriatului care organizeaz\u0103 programul);<\/li><li>s\u0103 ob\u021bin\u0103 minimum nota 7 la interviul sus\u021binut \u00een cadrul selec\u021biei desf\u0103\u0219urate la facultate;<\/li><li>s\u0103 ateste cunoa\u0219terea limbii de studiu din universitatea pentru care candideaz\u0103 printr-unul dintre urm\u0103toarele documente:<\/li><\/ul><ol><li>atestat de limb\u0103<a href=\"https:\/\/www.uaic.ro\/international\/programul-erasmus\/studenti\/mobilitati-de-studiu-erasmus\/#_ftn1\" name=\"_ftnref1\">[1]<\/a>;<\/li><li>foaia matricol\u0103 din liceu (pentru candida\u021bii care au studiat o limb\u0103 str\u0103in\u0103 \u00een timpul anilor de liceu);<\/li><li>certificat competen\u021be lingvistice ob\u021binut la examenul de Bacalaureat;<\/li><li>foaia matricol\u0103 aferent\u0103 studiilor universitare, \u00een cazul studen\u021bilor care au limba de studiu de la universitatea partener\u0103 ca specializare\/ ca limb\u0103 de predare \u00een cadrul studiilor universitare;<\/li><li>situa\u021bia \u0219colar\u0103 aferent\u0103 studiilor universitare, conform op\u021biunii candidatului \u0219i \u00een func\u021bie de limba str\u0103in\u0103 studiate, \u00een cazuri excep\u021bionale \u0219i numai cu acordul comisiei de selec\u021bie.<\/li><\/ol><p>Media aritmetic\u0103 a notelor din liceu, media aferent\u0103 studiilor universitare ori punctajul minim acceptat (pentru nivel minim B1) trebuie s\u0103 fie egal cu 80 % din nota sau punctajul maxim (ex: min. nota 8\/10, 16\/20 sau bine, \u00een cazul calificativelor).<\/p><p>Excep\u021bie fac certificatele recunoscute interna\u021bional (tip DELF, DALF, Cambridge, TOEFL, IELTS, DELE, Goethe), ob\u021binute pentru un nivel minim B1, pentru care se accept\u0103 orice punctaj.<\/p><p><strong>Modalitatea de calcul a punctajului ECTS<\/strong><strong>:<\/strong><\/p><p>Pentru calcularea punctajului ECTS se iau \u00een considerare rezultatele ob\u021binute de candida\u021bi \u00een semestrele \u00eencheiate din ciclul de studii la care sunt \u00eenmatricula\u021bi la momentul selec\u021biei, iar calculul se face astfel: suma punctajelor ECTS pentru semestrele \u00eencheiate p\u00e2n\u0103 \u00een momentul selec\u021biei (A) raportate la punctajul ECTS maxim pentru perioada respectiv\u0103 (B): Ax100\/ B.<\/p><p><a href=\"https:\/\/www.uaic.ro\/international\/programul-erasmus\/studenti\/mobilitati-de-studiu-erasmus\/#_ftnref1\" name=\"_ftn1\">[1]<\/a>\u00a0Dac\u0103 nu ave\u021bi deja un atestat de limb\u0103, c\u00e2teva posibilit\u0103\u021bi pentru sus\u021binerea unui test \u00een Ia\u0219i sunt:<\/p><ul><li>Institutul Cultural Francez Ia\u0219i, Bd. Carol I, nr. 26 (francez\u0103);<\/li><li>Centrul Cultural German Ia\u0219i, Str. Lasc\u0103r Catargi, nr.38 (german\u0103);<\/li><li>Centrul de Limbi Str\u0103ine al Facult\u0103\u021bii de Litere;<\/li><li>EuroEd Ia\u0219i, Str Florilor, nr. 1C (englez\u0103, francez\u0103, italian\u0103, spaniol\u0103).<\/li><\/ul>\t\t\t\t\t\t\t\t<\/div>\n\t\t\t\t<\/div>\n\t\t\t\t\t<\/div>\n\t\t\t\t<\/div>\n\t\t<div id=\"e-n-tab-content-995598475\" role=\"tabpanel\" aria-labelledby=\"e-n-tab-title-995598475\" data-tab-index=\"5\" style=\"--n-tabs-title-order: 5;\" class=\" elementor-element elementor-element-7c1470b e-flex e-con-boxed e-con e-child\" data-id=\"7c1470b\" data-element_type=\"container\" data-e-type=\"container\">\n\t\t\t\t\t<div class=\"e-con-inner\">\n\t\t\t\t<div class=\"elementor-element elementor-element-d20f79a elementor-widget elementor-widget-text-editor\" data-id=\"d20f79a\" data-element_type=\"widget\" data-e-type=\"widget\" data-widget_type=\"text-editor.default\">\n\t\t\t\t<div class=\"elementor-widget-container\">\n\t\t\t\t\t\t\t\t\t<p><strong><u>Documente necesare la dosarul de candidatur\u0103<\/u><\/strong><strong>:<\/strong><\/p><p>Pentru evaluarea \u00eendeplinirii condi\u021biilor de mai sus, dosarul de candidatur\u0103 va cuprinde:<\/p><ul><li><strong><a href=\"https:\/\/www.uaic.ro\/wp-content\/uploads\/2024\/10\/Formular-candidatura-SMS_lungi_outgoing.docx\">Formular de candidatur\u0103<\/a><\/strong>\u00a0<em>\u2013 care va include:<\/em><ul><li>Motiva\u021bia (op\u021biunile de mobilitate ale candidatului, lista de cursuri, motivele pentru participarea la selec\u021bia pentru o mobilitate de studiu \u00eentr-o anumit\u0103 universitate- obiectivele concrete urm\u0103rite de candidat \u0219i rezultatele a\u0219teptate);<\/li><li>Semestrul propus pentru mobilitate;<\/li><li>Declara\u021bie cu privire la num\u0103rul maxim de luni de mobilitate Erasmus+ de care un student poate beneficia pe durata ciclului de studii la care este \u00eenmatriculat la momentul candidaturii;<\/li><li>Not\u0103 de informare privind prelucrarea datelor cu caracter personal.<\/li><\/ul><\/li><li>Curriculum Vitae (va r\u0103m\u00e2ne la dosarul de selec\u021bie al studentului);<\/li><li>Atestatul de limb\u0103\/ foaia matricol\u0103 din liceu\/ certificatul de competen\u021be lingvistice ob\u021binut la examenul de Bacalaureat\/ situa\u021bia \u0219colar\u0103 aferent\u0103 studiilor universitare la limba str\u0103in\u0103 studiat\u0103 sau la programul de studiu pentru cei care studiaz\u0103 \u00eentr-o limb\u0103 str\u0103in\u0103 (va r\u0103m\u00e2ne \u00een copie la dosarul de selec\u021bie al studentului);<\/li><li>Extrasul din foaia matricol\u0103 pentru ciclul de studii la care este \u00eenmatriculat candidatul la momentul selec\u021biei.\u00a0<strong>Documentul nu va fi solicitat de c\u0103tre candida\u021bi<\/strong>, ci va fi eliberat de secretariatul facult\u0103\u021bii (numai cu semn\u0103tura facult\u0103\u021bii) \u0219i anexat la dosar de c\u0103tre coordonatorul Erasmus;<\/li><\/ul><p><strong>Documente suplimentare, pentru studen\u021bii care nu au cet\u0103\u021benia unui stat membru UE:<\/strong><\/p><ul><li>o copie a permisului de \u0219edere \u2013 excep\u021bie de la aceast\u0103 cerin\u021b\u0103 fac studen\u021bii de cet\u0103\u021benie moldovean\u0103 \u00eenmatricula\u021bi la UAIC \u2013 Extensiunile B\u0103l\u021bi \u0219i Chi\u0219in\u0103u.<\/li><\/ul><p>Documentele vor fi redactate \u00een limba rom\u00e2n\u0103, cu excep\u021bia CV-ului, care va fi prezentat \u00een limba de studiu a universit\u0103\u021bii\/ universit\u0103\u021bilor pentru care opteaz\u0103 candidatul.<\/p><p><strong>Dosarele incomplete vor fi declarate respinse.<\/strong><\/p><p><strong>\u00a0<\/strong><strong>Modalitatea de calcul a mediei de selec\u021bie:<\/strong><\/p><ol><li>a) rezultatele academice \u2013\u00a0<strong>50%\u00a0<\/strong>din punctaj;<\/li><li>b) competen\u021bele lingvistice \u2013\u00a0<strong>30%<\/strong>\u00a0din punctaj;<\/li><li>c) interviul \u2013\u00a0<strong>20%<\/strong>\u00a0din punctaj.<\/li><\/ol>\t\t\t\t\t\t\t\t<\/div>\n\t\t\t\t<\/div>\n\t\t\t\t\t<\/div>\n\t\t\t\t<\/div>\n\t\t<div id=\"e-n-tab-content-995598476\" role=\"tabpanel\" aria-labelledby=\"e-n-tab-title-995598476\" data-tab-index=\"6\" style=\"--n-tabs-title-order: 6;\" class=\" elementor-element elementor-element-362e73d e-flex e-con-boxed e-con e-child\" data-id=\"362e73d\" data-element_type=\"container\" data-e-type=\"container\">\n\t\t\t\t\t<div class=\"e-con-inner\">\n\t\t\t\t<div class=\"elementor-element elementor-element-3483224 elementor-widget elementor-widget-text-editor\" data-id=\"3483224\" data-element_type=\"widget\" data-e-type=\"widget\" data-widget_type=\"text-editor.default\">\n\t\t\t\t<div class=\"elementor-widget-container\">\n\t\t\t\t\t\t\t\t\t<p>La selec\u021bia pentru mobilit\u0103\u021bile de studiu de lung\u0103 durat\u0103\u00a0 \u00een cadrul Programului Erasmus+ KA131-HED pot participa studen\u021bii UAIC al c\u0103ror\u00a0<strong>domeniu de studiu este inclus \u00een acordurile bilaterale \u00eencheiate de UAIC cu universit\u0103\u021bi din \u021b\u0103rile Programului Erasmus+ KA131-HED<\/strong>\u00a0(<strong>statele membre UE, SEE \u2013 Norvegia, Islanda \u0219i Liechtenstein, Turcia, Macedonia de Nord, Serbia<\/strong>).<\/p><p>Lista cu universit\u0103\u021bile partenere este disponibil\u0103 at\u00e2t pe website-ul UAIC (<strong><a href=\"https:\/\/www.uaic.ro\/international\/programul-erasmus\/38892-2\/\">https:\/\/www.uaic.ro\/international\/programul-erasmus\/38892-2\/<\/a><\/strong>), c\u00e2t \u0219i pe paginile web ale facult\u0103\u021bilor UAIC.<\/p><p><strong>Observa\u021bie!<\/strong><\/p><p>Se pot finan\u021ba mobilit\u0103\u021bi \u0219i c\u0103tre state care nu sunt asociate la Programul Erasmus+ KA131-HED (\u021b\u0103ri non-UE), \u00een limita fondurilor disponibile \u0219i \u00een acord cu condi\u021biile de eligibilitate \u0219i selec\u021bie disponibile la urm\u0103torul link:\u00a0<strong><a href=\"https:\/\/www.uaic.ro\/international\/programul-erasmus-tari-partenere\/\">Programul Erasmus+ cu \u021a\u0103rile Partenere (non-UE) \u2013 Universitatea \u201eAlexandru Ioan Cuza\u201d din Ia\u0219i (uaic.ro)<\/a><\/strong><\/p>\t\t\t\t\t\t\t\t<\/div>\n\t\t\t\t<\/div>\n\t\t\t\t\t<\/div>\n\t\t\t\t<\/div>\n\t\t<div id=\"e-n-tab-content-995598477\" role=\"tabpanel\" aria-labelledby=\"e-n-tab-title-995598477\" data-tab-index=\"7\" style=\"--n-tabs-title-order: 7;\" class=\" elementor-element elementor-element-ddec454 e-flex e-con-boxed e-con e-child\" data-id=\"ddec454\" data-element_type=\"container\" data-e-type=\"container\">\n\t\t\t\t\t<div class=\"e-con-inner\">\n\t\t\t\t<div class=\"elementor-element elementor-element-20ecdce elementor-widget elementor-widget-text-editor\" data-id=\"20ecdce\" data-element_type=\"widget\" data-e-type=\"widget\" data-widget_type=\"text-editor.default\">\n\t\t\t\t<div class=\"elementor-widget-container\">\n\t\t\t\t\t\t\t\t\t<p><strong>Durata mobilit\u0103\u021bii de studiu de lung\u0103 durat\u0103<\/strong>\u00a0poate fi de minimum\u00a0<strong>2 luni<\/strong>\u00a0(\u00een cazul mobilit\u0103\u021bilor doctoranzilor)\/\u00a0<strong>un semestru\/trimestru academic\u00a0<\/strong>\u2013 inclusiv prima sesiune de examene \u2013 de la universitatea gazd\u0103 (pentru studen\u021bii nivel licen\u021b\u0103 \u0219i master) \u0219i maximum\u00a0<strong>un an academic<\/strong>\/\u00a0<strong>12 luni<a href=\"https:\/\/www.uaic.ro\/international\/programul-erasmus\/studenti\/mobilitati-de-studiu-erasmus\/#_ftn1\" name=\"_ftnref1\">[1]<\/a><\/strong>\u00a0de activitate \u00een format fizic.<\/p><p><strong><a href=\"https:\/\/www.uaic.ro\/international\/programul-erasmus\/studenti\/mobilitati-de-studiu-erasmus\/#_ftnref1\" name=\"_ftn1\">[1]<\/a><\/strong>\u00a0Perioada mobilit\u0103\u021bii se calculeaz\u0103 conform regulilor Programului Erasmus+ stabilite de Comisia European\u0103, care precizeaz\u0103 c\u0103 o lun\u0103 de mobilitate Erasmus+ are 30 de zile, indiferent de num\u0103rul de zile calendaristice (28, 29, 30 sau 31 zile) ale lunii respective.<\/p><p><strong>!!!<\/strong>\u00a0Po\u021bi beneficia de mobilit\u0103\u0163i de studiu \u015fi de practic\u0103 la fiecare nivel de studiu (licen\u0163\u0103, master, doctorat), \u00eensum\u00e2nd\u00a0 maxim 12 luni de mobilit\u0103\u0163i (studiu + practic\u0103) per nivel.<\/p>\t\t\t\t\t\t\t\t<\/div>\n\t\t\t\t<\/div>\n\t\t\t\t\t<\/div>\n\t\t\t\t<\/div>\n\t\t<div id=\"e-n-tab-content-995598478\" role=\"tabpanel\" aria-labelledby=\"e-n-tab-title-995598478\" data-tab-index=\"8\" style=\"--n-tabs-title-order: 8;\" class=\" elementor-element elementor-element-141bcea e-flex e-con-boxed e-con e-child\" data-id=\"141bcea\" data-element_type=\"container\" data-e-type=\"container\">\n\t\t\t\t\t<div class=\"e-con-inner\">\n\t\t\t\t<div class=\"elementor-element elementor-element-9d87b3a elementor-widget elementor-widget-text-editor\" data-id=\"9d87b3a\" data-element_type=\"widget\" data-e-type=\"widget\" data-widget_type=\"text-editor.default\">\n\t\t\t\t<div class=\"elementor-widget-container\">\n\t\t\t\t\t\t\t\t\t<p><strong><u>BURSA ERASMUS+<\/u><\/strong><\/p><p>Bursa Erasmus+ poate fi acordat\u0103 numai cu condi\u021bia ca:<\/p><ul><li><strong>Procesul-verbal de selec\u021bie<\/strong>\u00a0s\u0103 fie\u00a0<strong>transmis la Serviciul Rela\u021bii Interna\u021bionale imediat dup\u0103 \u00eencheierea selec\u021biei;<\/strong><\/li><li><strong>Cererea de deplasare\u00a0<\/strong>vizat\u0103 la facultate s\u0103 fie depus\u0103 la registratur\u0103\u00a0<strong>cu minimum 10 zile lucr\u0103toare \u00eenaintea \u00eenceperii mobilit\u0103\u021bii;<\/strong><\/li><li><strong>Contractul financiar completat \u0219i semnat, \u00eempreun\u0103 cu documentele \u00eenso\u021bitoare<\/strong>, este transmis responsabilului financiar Erasmus+ de la Serviciul rela\u021bii Interna\u021bionale cu\u00a0<strong>minimum 5 zile lucr\u0103toare \u00eenainte de \u00eenceperea mobilit\u0103\u021bii.<\/strong><\/li><\/ul><p>Cuantumul bursei pentru mobilit\u0103\u021bile de studiu de lung\u0103 durat\u0103 a fost stabilit la nivel na\u021bional de c\u0103tre Agen\u021bia Na\u021bional\u0103 pentru Programe Comunitare \u00een Domeniul Educa\u021biei \u0219i Form\u0103rii Profesionale (ANPCDEFP), \u00een conformitate cu Ghidul Erasmus+, \u0219i se acord\u0103 \u00een func\u021bie de \u021bara de destina\u021bie, astfel:<\/p><ul><li><strong>674 Euro\/ lun\u0103<\/strong>: Austria, Belgia, Cehia, Cipru, Danemarca, Estonia, Finlanda, Fran\u021ba, Germania, Grecia, Irlanda, Islanda, Italia, Letonia, Liechtenstein, Luxemburg, Malta, Norvegia, Olanda, Portugalia, Slovacia, Slovenia, Spania, Suedia.<\/li><li><strong>606 Euro\/ lun\u0103<\/strong>: Bulgaria, Croa\u021bia, Lituania, Macedonia de Nord, Polonia, Serbia, Ungaria, Turcia.<\/li><li>maximum 2 zile de\u00a0<strong>sprijin individual suplimentar<\/strong>\u00a0(\u00een func\u021bie de \u021bara de destina\u021bie) pentru efectuarea c\u0103l\u0103toriei dus \u2013 \u00eentors (pentru o zi de transport \u00eenainte de activitate \u0219i o zi de transport dup\u0103 activitate);<\/li><li><strong>Grant pentru transport,\u00a0<\/strong>calculat conform calculatorului de distan\u021b\u0103 al Comisiei Europene (accesibil la acest\u00a0<strong><a href=\"https:\/\/erasmus-plus.ec.europa.eu\/resources-and-tools\/distance-calculator\">link<\/a><\/strong>). \u201cDistan\u021ba de c\u0103l\u0103torie\u201d reprezint\u0103 distan\u021ba dintre locul de origine \u0219i locul de desf\u0103\u0219urare a activit\u0103\u021bii, \u00een timp ce \u201esuma\u201d reprezint\u0103 grantul pentru deplasarea at\u00e2t \u00eenspre locul de desf\u0103\u0219urare a activit\u0103\u021bii, c\u00e2t \u0219i retur:<\/li><\/ul><table><tbody><tr><td width=\"195\"><p>\u00a0<strong>Distan\u021ba de c\u0103l\u0103torie<\/strong><\/p><\/td><td width=\"195\"><strong>Transport din categoria \u201egreen travel\u201d \u2013<\/strong><p>\u00a0<\/p><p><strong>Suma per participant \u00een euro<\/strong><\/p><\/td><td width=\"195\"><p><strong>Transport din categoria \u201enon-green travel\u201d \u2013 Suma per participant \u00een euro<\/strong><\/p><\/td><\/tr><tr><td width=\"195\"><p>10 \u2013 99 KM<\/p><\/td><td width=\"195\">56<\/td><td width=\"195\"><p>28<\/p><\/td><\/tr><tr><td width=\"195\"><p>100 \u2013 499 KM<\/p><\/td><td width=\"195\">285<\/td><td width=\"195\"><p>211<\/p><\/td><\/tr><tr><td width=\"195\"><p>500 \u2013 1 999 KM<\/p><\/td><td width=\"195\">417<\/td><td width=\"195\"><p>309<\/p><\/td><\/tr><tr><td width=\"195\"><p>2 000 \u2013 2 999 KM<\/p><\/td><td width=\"195\">535<\/td><td width=\"195\"><p>395<\/p><\/td><\/tr><tr><td width=\"195\"><p>3 000 \u2013 3 999 KM<\/p><\/td><td width=\"195\">785<\/td><td width=\"195\"><p>580<\/p><\/td><\/tr><tr><td width=\"195\"><p>4 000 \u2013 7 999 KM<\/p><\/td><td width=\"195\">1 188<\/td><td width=\"195\"><p>1 188<\/p><\/td><\/tr><tr><td width=\"195\"><p>8 000 KM sau mai mult<\/p><\/td><td width=\"195\">1 735<\/td><td width=\"195\"><p>1 735<\/p><\/td><\/tr><\/tbody><\/table><p><strong>Virarea bursei Erasmus se va face astfel:<\/strong><\/p><p><strong>\u00a0-avans de 90% din suportul financiar Erasmus \u00eenainte de plecare<\/strong>, numai dup\u0103 ce Ordinul de deplasare a fost emis \u015fi Contractul financiar a fost semnat de reprezentan\u021bii UAIC.<\/p><p><strong>-soldul de 10%<\/strong>\u00a0va fi primit dup\u0103 revenirea din mobilitate \u0219i \u00eendeplinirea tuturor obliga\u021biilor specificate \u00een contractul financiar.<\/p>\t\t\t\t\t\t\t\t<\/div>\n\t\t\t\t<\/div>\n\t\t\t\t\t<\/div>\n\t\t\t\t<\/div>\n\t\t<div id=\"e-n-tab-content-995598479\" role=\"tabpanel\" aria-labelledby=\"e-n-tab-title-995598479\" data-tab-index=\"9\" style=\"--n-tabs-title-order: 9;\" class=\" elementor-element elementor-element-fb78efb e-flex e-con-boxed e-con e-child\" data-id=\"fb78efb\" data-element_type=\"container\" data-e-type=\"container\">\n\t\t\t\t\t<div class=\"e-con-inner\">\n\t\t\t\t<div class=\"elementor-element elementor-element-78e1873 elementor-widget elementor-widget-text-editor\" data-id=\"78e1873\" data-element_type=\"widget\" data-e-type=\"widget\" data-widget_type=\"text-editor.default\">\n\t\t\t\t<div class=\"elementor-widget-container\">\n\t\t\t\t\t\t\t\t\t<p><strong>Suplimentarea cuantumului bursei Erasmus:<\/strong><\/p><ul><li><strong>pentru studen\u021bii cu oportunit\u0103\u021bi reduse, bursa Erasmus+ se suplimenteaz\u0103 cu 250 Euro\/lun\u0103;\u00a0<\/strong>\u00een conformitate cu prevederile Ghidului programului \u0219i Apelului na\u021bional 2024, un participant cu oportunit\u0103\u0163i reduse este cel care se \u00eencadreaz\u0103 \u00eentr-una sau mai multe dintre urm\u0103toarele categorii:<\/li><\/ul><p><span lang=\"RO\">a)\u00a0<strong><a href=\"https:\/\/www.uaic.ro\/international\/programul-erasmus\/studenti\/mobilitati-de-studiu-erasmus\/#_ftnref1\" name=\"_ftn1\">[1]<\/a><\/strong>\u00a0student care beneficiaz\u0103 de o burs\u0103 social\u0103 sau care se calific\u0103\/\u00eentrune\u0219te condi\u021biile pentru a beneficia de o burs\u0103 social\u0103 acordat\u0103 de institu\u021bia de \u00eenv\u0103\u021b\u0103m\u00e2nt superior la care acesta este \u00eenmatriculat, conform Ordinului ME 4957\/2025 (prin care a fost modificat Ordinul 6463\/2023);<\/span><\/p><p><span lang=\"RO\">b)\u00a0<strong><a href=\"https:\/\/www.uaic.ro\/international\/programul-erasmus\/studenti\/mobilitati-de-studiu-erasmus\/#_ftnref1\" name=\"_ftn1\">[2]<\/a><\/strong>\u00a0student care este orfan de unul sau ambii p\u0103rin\u021bi;<\/span><\/p><p><span lang=\"RO\">c) student care provine dintr-o familie monoparental\u0103 (din motive de deces, dispari\u021bie, \u00eencarcerare a celuilalt p\u0103rinte sau nerecunoa\u0219tere prin certificatul de na\u0219tere);<\/span><\/p><p><span lang=\"RO\">d) student care intr\u0103 \u00een categoria \u201eprimului student din familie\u201d (\u00eensemn\u00e2nd c\u0103 nu de\u021bine deja o diplom\u0103 de licen\u021b\u0103, p\u0103rin\u021bii s\u0103i nu au ob\u021binut o diplom\u0103 de studii universitare, dar poate avea fra\u021bi\/surori care sunt deja studen\u021bi la universitate \/ au absolvit deja o universitate);<\/span><\/p><p><span lang=\"RO\">e) persoan\u0103 cu dizabilitate (\u00een care sunt incluse deficien\u021be fizice, mintale, intelectuale sau senzoriale) sau probleme de s\u0103n\u0103tate (\u00een care sunt incluse boli grave, boli cronice sau orice alt\u0103 situa\u021bie legat\u0103 de s\u0103n\u0103tatea fizic\u0103 sau mintal\u0103 care \u00eempiedic\u0103 participarea unei persoane la program);<\/span><\/p><p><span lang=\"RO\">f) persoan\u0103 a c\u0103rei familie nu a realizat un venit lunar net mediu per membru de familie mai mare dec\u00e2t salariul de baz\u0103 minim net pe economie \u00een cele 12 luni \u00eenainte de depunerea documentelor justificative;<\/span><\/p><p><span lang=\"RO\">g) persoan\u0103 de etnie rom\u0103;<\/span><\/p><p><span lang=\"RO\">h) persoan\u0103 cu statut de refugiat.<\/span><\/p><p><strong>!!! Suplimentarea grantului Erasmus+ se aplic\u0103 \u0219i \u00een cazul studen\u021bilor de alt\u0103 na\u021bionalitate dec\u00e2t cea rom\u00e2n\u0103, studen\u021bilor \u00eenmatricula\u021bi pe locurile de la tax\u0103 \u0219i studen\u021bilor care frecventeaz\u0103 o form\u0103 de \u00eenv\u0103\u021b\u0103m\u00e2nt f\u0103r\u0103 frecven\u021b\u0103, care sunt selecta\u021bi pentru a participa la mobilitate \u0219i care se \u00eencadreaz\u0103 \u00eentr-una dintre categoriile descrise anterior.<\/strong><\/p><p><strong>!!! Dosarele depuse \u00een anul academic 2024-2025, pe criteriile de la punctele b, c, d, e, g, \u0219i h, din prezentul document, \u0219i considerate eligibile, au valabilitate pe toat\u0103 durata ciclului de studii la care este \u00eenmatriculat studentul \u0219i nu trebuie s\u0103 mai fie depuse \u00eenc\u0103 o dat\u0103 \u00een acel ciclu de studii. Dosarele care se depun pe criterii financiare (punctul f) trebuie depuse anual, \u00een anul de studiu \u00een care are loc mobilitatea Erasmus+.<\/strong><\/p><ul><li><strong>pentru studen\u021bii care utilizeaz\u0103 mijloace de transport sustenabil \u2013 \u201egreen travel\u201d\u00a0<\/strong>(biciclet\u0103, autobuz, autoturism utilizat \u00een comun-\u201ecar-pooling\u201d \u0219i tren), dac\u0103 acestea au fost utilizate pentru majoritatea c\u0103l\u0103toriei dus-\u00eentors (mai mult de 50% din distan\u021ba calculat\u0103 conform calculatorului de distan\u021be al Comisiei Europene), bursa Erasmus+ se suplimenteaz\u0103 astfel:<ul><li><strong>se acord\u0103 grantul de transport aferent categoriei de transport \u201egreen travel\u201d\u00a0<\/strong>(conform tabelului de mai sus)<\/li><li><strong>se acord\u0103 cuantumul aferent a maximum 4 zile<\/strong>\u00a0(\u00een afara perioadei de mobilitate), dac\u0103 este cazul, pentru efectuarea c\u0103l\u0103toriei dus-\u00eentors.<\/li><\/ul><\/li><li><strong>pentru participan\u021bii cu nevoi speciale<\/strong>, a c\u0103ror condi\u021bie fizic\u0103, mental\u0103 sau de s\u0103n\u0103tate este de a\u0219a natur\u0103 \u00eenc\u00e2t participarea la mobilitate nu este posibil\u0103 f\u0103r\u0103 sprijin suplimentar, care necesit\u0103 efectuarea unei vizite preg\u0103titoare \u00een vederea particip\u0103rii la mobilitate, precum \u0219i \u00een cazul \u00een care necesit\u0103 \u00eenso\u021bitor pe durata mobilit\u0103\u021bii, grantul Erasmus se suplimenteaz\u0103 cu sume acordate pe principiul costurilor reale, \u00een func\u021bie de nevoi.<\/li><\/ul><p><strong><a href=\"https:\/\/www.uaic.ro\/international\/programul-erasmus\/studenti\/mobilitati-de-studiu-erasmus\/#_ftnref1\" name=\"_ftn1\">[1]<\/a><\/strong>Evaluarea dosarelor de burs\u0103 social\u0103 pentru studen\u021bii ERASMUS+ se realizeaz\u0103 pe parcursul \u00eentregului an academic la nivelul facult\u0103\u021bii la care studentul este \u00eenmatriculat.<\/p><p><span lang=\"RO\"><strong><a href=\"https:\/\/www.uaic.ro\/international\/programul-erasmus\/studenti\/mobilitati-de-studiu-erasmus\/#_ftnref1\" name=\"_ftn1\">[2]\u00a0<\/a><\/strong><\/span><span lang=\"ES\">Dosarul se depune doar pentru o singur\u0103 categorie. Un student poate beneficia doar de o singur\u0103 suplimentare de grant Erasmus+ per mobilitate.<\/span><\/p><p><span lang=\"ES\">Dosarul se depune fizic la\u00a0<strong>Compartimentul Burse \u0219i Probleme Sociale<\/strong>\u00a0(<u>Adresa<\/u><b>:<\/b>\u00a0Str. Gheorghe Asachi, nr. 7, Campus Codrescu, C\u0103min C12, camera 4,\u00a0<u>Program de lucru cu publicul<\/u><b>:<\/b>\u00a08.00 \u2013 16.00, pauza de mas\u0103: 12.30 \u2013 13.00), \u00eenainte de a veni cu documentele la Compartimentul Erasmus+ (ideal).\u00a0<\/span><\/p><p><span lang=\"RO\">!!!!Dosarele incomplete nu sunt valide \u015fi nu vor fi luate \u00een considerare.!!!!!<\/span><\/p><p>Lista documentelor necesare pentru fiecare categorie de studen\u0163i cu oportunit\u0103\u0163i reduse \u015fi anexele aferente:<\/p><ul><li>Documente Erasmus+ (click\u00a0<strong><a href=\"https:\/\/www.uaic.ro\/wp-content\/uploads\/2025\/11\/instructiuni_suplimentare-grant-Erasmus_04.11.2025.docx\">aici<\/a><\/strong>)<\/li><li>Anexa 1 (click\u00a0<a href=\"https:\/\/www.uaic.ro\/wp-content\/uploads\/2025\/10\/Anexa_1.docx\"><strong>aici<\/strong><\/a>)<\/li><li>Anexa 2 (click\u00a0<a href=\"https:\/\/www.uaic.ro\/wp-content\/uploads\/2025\/10\/Anexa_2.docx\"><strong>aici<\/strong><\/a>)<\/li><li>Anexa 3 (click\u00a0<a href=\"https:\/\/www.uaic.ro\/wp-content\/uploads\/2025\/10\/Anexa_3.docx\"><strong>aici<\/strong><\/a>)<\/li><li>Anexa 4 (click\u00a0<a href=\"https:\/\/www.uaic.ro\/wp-content\/uploads\/2025\/10\/Anexa_4.docx\"><strong>aici<\/strong><\/a>)<\/li><li>Anexa 5 (click\u00a0<a href=\"https:\/\/www.uaic.ro\/wp-content\/uploads\/2025\/10\/Anexa_5.docx\"><strong>aici<\/strong><\/a>)<\/li><li>Anexa 6 (click\u00a0<a href=\"https:\/\/www.uaic.ro\/wp-content\/uploads\/2025\/10\/Anexa_6.docx\"><strong>aici<\/strong><\/a>)<\/li><\/ul><p>Toate documentele trebuie prezentate \u00een limba rom\u00e2n\u0103 (documentele \u00een alt\u0103 limb\u0103 vor fi traduse oficial).<\/p>\t\t\t\t\t\t\t\t<\/div>\n\t\t\t\t<\/div>\n\t\t\t\t\t<\/div>\n\t\t\t\t<\/div>\n\t\t<div id=\"e-n-tab-content-9955984710\" role=\"tabpanel\" aria-labelledby=\"e-n-tab-title-9955984710\" data-tab-index=\"10\" style=\"--n-tabs-title-order: 10;\" class=\" elementor-element elementor-element-00f485a e-flex e-con-boxed e-con e-child\" data-id=\"00f485a\" data-element_type=\"container\" data-e-type=\"container\">\n\t\t\t\t\t<div class=\"e-con-inner\">\n\t\t\t\t<div class=\"elementor-element elementor-element-560c23e elementor-widget elementor-widget-text-editor\" data-id=\"560c23e\" data-element_type=\"widget\" data-e-type=\"widget\" data-widget_type=\"text-editor.default\">\n\t\t\t\t<div class=\"elementor-widget-container\">\n\t\t\t\t\t\t\t\t\t<p>Valoarea bursei va fi calculat\u0103 de c\u0103tre responsabilul administrativ de la Compartimentul Erasmus+ la momentul prezent\u0103rii studentului cu documentele de deplasare. \u00cen mod normal, procedura este urm\u0103toarea:<\/p><p><strong>PASUL 1:\u00a0<\/strong>Se selecteaz\u0103 grantul \u00een func\u021bie de \u021bara de destina\u021bie.<\/p><ul><li><strong>674 Euro\/ lun\u0103<\/strong>: Austria, Belgia, Cehia, Cipru, Danemarca, Estonia, Finlanda, Fran\u021ba, Germania, Grecia, Irlanda, Islanda, Italia, Letonia, Liechtenstein, Luxemburg, Malta, Norvegia, Portugalia, Slovacia, Slovenia, Spania, Suedia, \u0162\u0103rile de Jos.<\/li><li><strong>606 Euro\/ lun\u0103<\/strong>: Bulgaria, Croa\u021bia, Lituania, Macedonia de Nord, Polonia, Serbia, Turcia, Ungaria.<\/li><\/ul><p><strong>PASUL 2:<\/strong>\u00a0Se verific\u0103 perioada mobilit\u0103\u021bii men\u021bionat\u0103 \u00een calendarul academic de pe site-ul universit\u0103\u021bii gazd\u0103.<\/p><p><strong><em>Start date\u00a0<\/em><\/strong>corespunde cu data de \u00eenceput a mobilit\u0103\u021bii. Aceasta poate fi: (1) prima zi a cursurilor, (2) prima zi a sesiunii informative pentru studen\u021bii cu dizabilit\u0103\u021bi sau a sesiunii de bun-venit sau (3) prima zi a unui curs de limb\u0103 organizat de universitatea gazd\u0103 sau de o alt\u0103 institu\u021bie din \u021bara primitoare.<\/p><p><strong><em>End date\u00a0<\/em><\/strong>corespunde cu data de \u00eencheiere a mobilit\u0103\u021bii, adic\u0103 cu ultima zi \u00een care studentul trebuie s\u0103 fie prezent la universitatea gazd\u0103, de exemplu, ultima zi a sesiunii obligatorii de examinare. Nu se finan\u021beaz\u0103 sesiunea de restan\u021be.<\/p><p><strong>PASUL 3:<\/strong>\u00a0Se completeaz\u0103 valoarea bursei totale pe cererea de deplasare.<\/p>\t\t\t\t\t\t\t\t<\/div>\n\t\t\t\t<\/div>\n\t\t\t\t\t<\/div>\n\t\t\t\t<\/div>\n\t\t<div id=\"e-n-tab-content-9955984711\" role=\"tabpanel\" aria-labelledby=\"e-n-tab-title-9955984711\" data-tab-index=\"11\" style=\"--n-tabs-title-order: 11;\" class=\" elementor-element elementor-element-73b784e e-flex e-con-boxed e-con e-child\" data-id=\"73b784e\" data-element_type=\"container\" data-e-type=\"container\">\n\t\t\t\t\t<div class=\"e-con-inner\">\n\t\t\t\t<div class=\"elementor-element elementor-element-b337355 elementor-widget elementor-widget-text-editor\" data-id=\"b337355\" data-element_type=\"widget\" data-e-type=\"widget\" data-widget_type=\"text-editor.default\">\n\t\t\t\t<div class=\"elementor-widget-container\">\n\t\t\t\t\t\t\t\t\t<p>1. Particip\u0103 la \u00eent\u00e2lnirea informativ\u0103 de preselec\u0163ie organizat\u0103 de facultatea ta (de consultat avizierul \u0219i website-ul facult\u0103\u021bii \u0219i pagina de Facebook aferent\u0103).<\/p><p>2. Consult\u0103 lista de universit\u0103\u021bi cu care facultatea ta are \u00eencheiate parteneriate \u0219i alege o posibil\u0103 destina\u021bie. \u00ce\u021bi recomand\u0103m s\u0103 consul\u021bi programa academic\u0103 a respectivei\/ respectivelor universit\u0103\u021bi, prin accesarea sec\u021biunii\u00a0<em>Incoming students<\/em>\u00a0de pe website-ul\/-urile acesteia\/acestora.<\/p><p>3. \u00centocme\u0219te dosarul de candidatur\u0103. Acesta cuprinde\u00a0<strong>obligatoriu<\/strong>\u00a0urm\u0103toarele documente:<\/p><ul><li><a href=\"https:\/\/www.uaic.ro\/wp-content\/uploads\/2024\/10\/Formular-candidatura-SMS_lungi_outgoing-2.docx\"><strong>Formular de candidatur\u0103<\/strong>\u00a0<\/a><em>\u2013 care va include<\/em><ul><li>Motiva\u021bia (op\u021biunile de mobilitate ale candidatului, lista de cursuri, motivele pentru participarea la selec\u021bia pentru o mobilitate de studiu \u00eentr-o anumit\u0103 universitate- obiectivele concrete urm\u0103rite de candidat \u0219i rezultatele a\u0219teptate);<\/li><li>Semestrul propus pentru mobilitate;<\/li><li>Declara\u021bie cu privire la num\u0103rul maxim de luni de mobilitate Erasmus+ de care un student poate beneficia pe durata ciclului de studii la care este \u00eenmatriculat la momentul candidaturii;<\/li><li>Not\u0103 de informare privind prelucrarea datelor cu caracter personal.<\/li><\/ul><\/li><li><strong>Curriculum Vitae<\/strong>\u00a0(va r\u0103m\u00e2ne la dosarul de selec\u021bie al studentului);<\/li><li>Recomandare din partea coordonatorului de doctorat, \u00een cazul doctoranzilor;<\/li><li>Atestatul de limb\u0103\/ foaia matricol\u0103 din liceu\/ certificatul de competen\u021be lingvistice ob\u021binut la examenul de Bacalaureat\/ situa\u021bia \u0219colar\u0103 aferent\u0103 studiilor universitare la limba str\u0103in\u0103 studiat\u0103 sau la programul de studiu pentru cei care studiaz\u0103 \u00eentr-o limb\u0103 str\u0103in\u0103 (va r\u0103m\u00e2ne \u00een copie la dosarul de selec\u021bie al studentului);<\/li><li>Extrasul din foaia matricol\u0103 pentru ciclul de studii la care este \u00eenmatriculat candidatul la momentul selec\u021biei.\u00a0<strong>Documentul nu va fi solicitat de c\u0103tre candida\u021bi<\/strong>, ci va fi eliberat de secretariatul facult\u0103\u021bii (numai cu semn\u0103tura facult\u0103\u021bii) \u0219i anexat la dosar de c\u0103tre coordonatorul Erasmus;<\/li><\/ul><p><strong>Documente suplimentare, pentru studen\u021bii care nu au cet\u0103\u021benia unui stat membru UE:<\/strong><\/p><p>(e) o copie a permisului de \u0219edere \u2013 excep\u021bie de la aceast\u0103 cerin\u021b\u0103 fac studen\u021bii de cet\u0103\u021benie moldovean\u0103 \u00eenmatricula\u021bi la UAIC \u2013 Extensiunile B\u0103l\u021bi \u0219i Chi\u0219in\u0103u.<\/p><p>Toate documentele vor fi redactate \u00een limba rom\u00e2n\u0103, iar documentele de la punctele (a) \u0219i (b) vor fi prezentate \u0219i \u00een limba de studiu a universit\u0103\u021bii\/ universit\u0103\u021bilor pentru care opteaz\u0103 candidatul.\u00a0<strong>Dosarele incomplete vor fi declarate respinse<\/strong>.<\/p><p>4. Contacteaz\u0103\u00a0<a href=\"https:\/\/www.uaic.ro\/wp-content\/uploads\/2025\/04\/Centralizator-coordonatori-Erasmus-SMS-SMP-STA_aprilie-2025.pdf\"><strong>coordonatorul Erasmus UAIC pe facultate<\/strong><\/a>\u00a0pentru mobilit\u0103\u021bile de studiu pentru mai multe detalii cu privire la organizarea selec\u021biei \u0219i\/sau \u00eentocmirea dosarului de candidatur\u0103.<\/p><p>5. Particip\u0103 la \u00eent\u00e2lnirea informativ\u0103 post-selec\u021bie organizat\u0103 de Compartimentul Erasmus+.<\/p><p><strong>Modalitatea de calcul a mediei de selec\u021bie:\u00a0<\/strong><strong>\u00a0<\/strong><\/p><ol><li>rezultatele academice \u2013\u00a0<strong>50%\u00a0<\/strong>din punctaj;<\/li><li>competen\u021bele lingvistice \u2013\u00a0<strong>30%<\/strong>\u00a0din punctaj;<\/li><li>interviul \u2013\u00a0<strong>20%<\/strong>\u00a0din punctaj.<\/li><\/ol>\t\t\t\t\t\t\t\t<\/div>\n\t\t\t\t<\/div>\n\t\t\t\t\t<\/div>\n\t\t\t\t<\/div>\n\t\t<div id=\"e-n-tab-content-9955984712\" role=\"tabpanel\" aria-labelledby=\"e-n-tab-title-9955984712\" data-tab-index=\"12\" style=\"--n-tabs-title-order: 12;\" class=\" elementor-element elementor-element-d0f350d e-flex e-con-boxed e-con e-child\" data-id=\"d0f350d\" data-element_type=\"container\" data-e-type=\"container\">\n\t\t\t\t\t<div class=\"e-con-inner\">\n\t\t\t\t<div class=\"elementor-element elementor-element-184df42 elementor-widget elementor-widget-text-editor\" data-id=\"184df42\" data-element_type=\"widget\" data-e-type=\"widget\" data-widget_type=\"text-editor.default\">\n\t\t\t\t<div class=\"elementor-widget-container\">\n\t\t\t\t\t\t\t\t\t<p><a href=\"https:\/\/www.uaic.ro\/wp-content\/uploads\/2024\/11\/SESIUNE-INFORMATIVA-ERASMUS-2024-2025-sem-2-.pdf\"><strong>Prezentare \u2013 Sesiune informativ\u0103 ERASMUS+ post-selec\u0163ie<\/strong><\/a><\/p><p><strong>\u00a0<\/strong><strong>Pa\u0219i de urmat dup\u0103 selec\u021bia la facultate<\/strong><\/p><ol><li><strong>Participarea la sesiunile de informare post-selec\u021bie \u2013<\/strong>\u00a0de consultat site-ul facult\u0103\u021bii dvs.\/paginile de Facebook (<strong><a href=\"https:\/\/www.facebook.com\/ServiciulRelatiiInternationaleUAIC?locale=ro_RO\">Serviciul Rela\u0163ii Interna\u0163ionale, UAIC<\/a><\/strong>) \u015fi Instagram (<a href=\"https:\/\/www.instagram.com\/erasmus_see_uaic\/?next=https%3A%2F%2Fwww.instagram.com%2F\"><strong>erasmus_see_uaic<\/strong><\/a>) ale Serviciului de Rela\u021bii Interna\u021bionale<\/li><li><strong>\u00censcrierea on-line la universitatea gazd\u0103\u00a0<\/strong>\u2013 de consultat site-ul universit\u0103\u021bii gazd\u0103 pentru a v\u0103 informa cu privire la documentele de completat si deadline-ul p\u00e2n\u0103 la care pot fi trimise (\u00eenscrierea are loc dup\u0103 nominalizarea dvs. f\u0103cut\u0103 de c\u0103tre coordonatorul Erasmus+ de la facultatea dvs.).<\/li><li><strong>Completarea\u00a0<\/strong><strong>unei\u00a0<a href=\"http:\/\/www.uaic.ro\/wp-content\/uploads\/2017\/05\/cereri-tip-de-deplasare.pdf\">cereri\u00a0tip de deplasare<\/a>\u00a0\u00een str\u0103in\u0103tate\u00a0dup\u0103\u00a0<a href=\"http:\/\/www.uaic.ro\/wp-content\/uploads\/2018\/06\/modelul-urm%C4%83tor-1.pdf\">modelul<\/a>\u00a0aferent.<\/strong>\u00a0\u00cenainte de ob\u021binerea primelor 3 semn\u0103turi de la facultate, \u00een vederea calcul\u0103rii grantului total \u00een Euro, trebuie s\u0103 \u00a0v\u0103 prezenta\u021bi la Compartimentul Erasmus+ (dra Andreea PURCARU,\u00a0<a href=\"mailto:andreea.purcaru@uaic.ro\">andreea.purcaru@uaic.ro<\/a>\u00a0) cu documentele de mai jos completate \u0219i semnate:<\/li><\/ol><ul><li>invita\u0163ie\/ accept\/ confirmare\/ email:\u00a0<strong><u>original\u00a0<\/u><\/strong>sau\u00a0<strong><u>copie<\/u><\/strong>.\u00a0\u00cen cazul emailului, se va depune un\u00a0<strong><u>printscreen<\/u><\/strong>;<\/li><li>contractul de studii (<em>Learning Agreement for studies<\/em>)\u00a0semnat de student, coordonatorul Erasmus+ al UAIC \u0219i coordonatorul Erasmus+ al universit\u0103\u0163ii gazd\u0103:\u00a0<strong><u>copie<\/u><\/strong>;<\/li><li>calendarul academic(de consultat site-ul universit\u0103\u0163ii gazd\u0103):\u00a0<strong><u>printscreen<\/u><\/strong>;<\/li><li><strong><a href=\"http:\/\/www.uaic.ro\/wp-content\/uploads\/2016\/02\/Declara%C8%9Bia-privind-durata-stagiului-Erasmus-efectuat-anterior1-1.doc\">declara\u021bia privind num\u0103rul<\/a>\u00a0<\/strong>de luni de mobilit\u0103\u021bi Erasmus+ efectuate anterior\u00a0(maximum 12 luni cumulate per ciclu de studiu) \u0219i<strong>\u00a0<a href=\"http:\/\/www.uaic.ro\/wp-content\/uploads\/2017\/05\/Declara%C8%9Bi-pe-propria-r%C4%83spundere-dubl%C4%83-finan%C8%9Bare.doc\">declara\u021bia pe propria r\u0103spundere pentru evitarea dublei finan\u021b\u0103ri<\/a><\/strong>:\u00a0<strong><u>original<\/u><\/strong>;<\/li><li><strong><a href=\"http:\/\/www.uaic.ro\/wp-content\/uploads\/2018\/06\/Fisa_bursier_ERASMUS_17-18.doc\">fi\u0219\u0103 bursier ERASMUS+<\/a><\/strong>:\u00a0<strong><u>original<\/u><\/strong>.<\/li><\/ul><p><strong>(La momentul complet\u0103rii cererii de deplasare la Compartimentul Erasmus+, se poate obtine si certificatul necesar pentru ob\u021binerea vizei- \u00een cazul \u00een care ave\u021bi nevoie de viz\u0103 pentru a desf\u0103\u0219ura mobilitatea. )<\/strong><\/p><ol start=\"4\"><li><strong>Completarea contractului financiar:<\/strong>\u00a0se prime\u0219te prin e-mail numai dup\u0103 aprobarea cererii tip de deplasare \u00een str\u0103in\u0103tate \u0219i a documentelor men\u021bionate la pasul 2 si va fi trimis completat tot pe mail.<\/li><\/ol><p>Ulterior, ve\u021bi veni la\u00a0Compartimentul Erasmus+\u00a0(dra Andreea CIRIDARIU) \u00eempreun\u0103 cu urm\u0103toarele documente:\u00a0<strong>extras de cont in Euro<\/strong>,\u00a0<strong>\u00a0asigurare\u00a0medical\u0103 de s\u0103n\u0103tate\u00a0<\/strong>(<strong>card european sau oricare alt\u0103 asigurare privat\u0103;\u00a0<\/strong>valabilitate pe toat\u0103 durata mobilit\u0103\u021bii)<strong>,\u00a0copie buletin beneficiar<\/strong>\u00a0pentru a semna contractul financiar.<\/p><p><strong>Toate documentele de la punctul 3 \u00a0se depun la Compartimentul Erasmus+ cu cel pu\u021bin 14 zile \u00a0\u0219i cu cel mult 2 luni \u00eenainte de \u00eenceperea mobilit\u0103\u021bii<\/strong>\u00a0pentru a fi aprobate de conducerea universit\u0103\u021bii. \u00cen momentul semn\u0103rii contractului financiar la Compartimentul Erasmus+, studentul trebuie s\u0103 ridice Ordinul sau Dispozi\u021bia de deplasare<\/p><ol start=\"5\"><li><strong>Efectuarea primei test\u0103ri lingvistice online\u00a0<\/strong><strong>(OLS)<\/strong>\u00a0dup\u0103 primirea e-mailului de invita\u021bie.<\/li><\/ol>\t\t\t\t\t\t\t\t<\/div>\n\t\t\t\t<\/div>\n\t\t\t\t\t<\/div>\n\t\t\t\t<\/div>\n\t\t<div id=\"e-n-tab-content-9955984713\" role=\"tabpanel\" aria-labelledby=\"e-n-tab-title-9955984713\" data-tab-index=\"13\" style=\"--n-tabs-title-order: 13;\" class=\" elementor-element elementor-element-86af37e e-flex e-con-boxed e-con e-child\" data-id=\"86af37e\" data-element_type=\"container\" data-e-type=\"container\">\n\t\t\t\t\t<div class=\"e-con-inner\">\n\t\t\t\t<div class=\"elementor-element elementor-element-45d50eb elementor-widget elementor-widget-text-editor\" data-id=\"45d50eb\" data-element_type=\"widget\" data-e-type=\"widget\" data-widget_type=\"text-editor.default\">\n\t\t\t\t<div class=\"elementor-widget-container\">\n\t\t\t\t\t\t\t\t\t<h2 class=\"fusion-responsive-typography-calculated\" data-fontsize=\"18\" data-lineheight=\"27px\">Coordonatori Erasmus pe facult\u0103\u021bi (d\u0103 click\u00a0<strong><a href=\"https:\/\/www.uaic.ro\/wp-content\/uploads\/2025\/11\/Centralizator-coordonatori-Erasmus-SMS-SMP-STA_noiembrie-2025.pdf\">aici<\/a><\/strong>)<\/h2>\t\t\t\t\t\t\t\t<\/div>\n\t\t\t\t<\/div>\n\t\t\t\t\t<\/div>\n\t\t\t\t<\/div>\n\t\t<div id=\"e-n-tab-content-9955984714\" role=\"tabpanel\" aria-labelledby=\"e-n-tab-title-9955984714\" data-tab-index=\"14\" style=\"--n-tabs-title-order: 14;\" class=\" elementor-element elementor-element-eae9391 e-flex e-con-boxed e-con e-child\" data-id=\"eae9391\" data-element_type=\"container\" data-e-type=\"container\">\n\t\t\t\t\t<div class=\"e-con-inner\">\n\t\t\t\t<div class=\"elementor-element elementor-element-958f660 elementor-widget elementor-widget-text-editor\" data-id=\"958f660\" data-element_type=\"widget\" data-e-type=\"widget\" data-widget_type=\"text-editor.default\">\n\t\t\t\t<div class=\"elementor-widget-container\">\n\t\t\t\t\t\t\t\t\t<p>La selec\u0163ia pentru\u00a0<strong>mobilit\u0103\u021bile studen\u0163e\u015fti de studiu<\/strong>\u00a0din cadrul Programului ERASMUS+\u00a0<strong>pot participa<\/strong>\u00a0studen\u0163ii acelor facult\u0103\u0163i care au \u00eencheiat acorduri bilaterale ERASMUS cu universit\u0103\u0163i din \u021b\u0103rile participante la Programul ERASMUS+.<\/p><p>Selec\u021biile se desf\u0103\u0219oar\u0103 la nivel de facultate \u0219i au loc \u00een:<\/p><ul><li>lunile\u00a0<strong>februarie<\/strong>\u2013<strong>martie<\/strong>\u00a0pentru mobilit\u0103\u021bile de studiu efectuate \u00een anul academic urm\u0103tor,\u00a0<strong>at\u00e2t \u00een semestrul I<\/strong>,\u00a0<strong>c\u00e2t \u0219i \u00een semestrul II<\/strong>.<\/li><li>\u00een cazul \u00een care mai exist\u0103 fonduri disponibile, \u00een lunile\u00a0<strong>octombrie-noiembrie<\/strong>\u00a0se organizeaz\u0103 o\u00a0nou\u0103 etap\u0103 de selec\u021bii\u00a0<strong>doar<\/strong>\u00a0pentru mobilit\u0103\u021bile desf\u0103\u0219urate \u00een\u00a0<strong>al 2-lea semestru<\/strong>.<\/li><\/ul>\t\t\t\t\t\t\t\t<\/div>\n\t\t\t\t<\/div>\n\t\t\t\t\t<\/div>\n\t\t\t\t<\/div>\n\t\t<div id=\"e-n-tab-content-9955984715\" role=\"tabpanel\" aria-labelledby=\"e-n-tab-title-9955984715\" data-tab-index=\"15\" style=\"--n-tabs-title-order: 15;\" class=\" elementor-element elementor-element-8122352 e-flex e-con-boxed e-con e-child\" data-id=\"8122352\" data-element_type=\"container\" data-e-type=\"container\">\n\t\t\t\t\t<div class=\"e-con-inner\">\n\t\t\t\t<div class=\"elementor-element elementor-element-3503773 elementor-widget elementor-widget-text-editor\" data-id=\"3503773\" data-element_type=\"widget\" data-e-type=\"widget\" data-widget_type=\"text-editor.default\">\n\t\t\t\t<div class=\"elementor-widget-container\">\n\t\t\t\t\t\t\t\t\t<p>Dac\u0103 urmeaz\u0103 s\u0103 aduci la Compartimentul Erasmus+ dosarul \u00een vederea ob\u021binerii bursei Erasmus sau dac\u0103 ai finalizat mobilitatea \u0219i trebuie s\u0103 aduci documentele doveditoare, te rug\u0103m s\u0103 \u00ee\u021bi faci o programare \u00een prealabil. \u00cen felul acesta nu vei fi nevoit s\u0103 a\u0219tep\u021bi la r\u00e2nd.\u00a0<\/p><p>\u00ce\u021bi po\u021bi alege ziua \u0219i ora\u00a0<a href=\"https:\/\/calendar.google.com\/calendar\/u\/0\/appointments\/schedules\/AcZssZ0OL38cgHSc97ldni4RaUlikE50-NzqPHQ7R3MuARI-fKOG8tfv1hRtyjglBnr4fR4lMzLOCg1u\"><strong>aici<\/strong><\/a>.<\/p><p>Te a\u0219tept\u0103m la Compartimentul Erasmus+!<\/p>\t\t\t\t\t\t\t\t<\/div>\n\t\t\t\t<\/div>\n\t\t\t\t\t<\/div>\n\t\t\t\t<\/div>\n\t\t<div id=\"e-n-tab-content-9955984716\" role=\"tabpanel\" aria-labelledby=\"e-n-tab-title-9955984716\" data-tab-index=\"16\" style=\"--n-tabs-title-order: 16;\" class=\" elementor-element elementor-element-f9fca79 e-flex e-con-boxed e-con e-child\" data-id=\"f9fca79\" data-element_type=\"container\" data-e-type=\"container\">\n\t\t\t\t\t<div class=\"e-con-inner\">\n\t\t\t\t<div class=\"elementor-element elementor-element-b8d3c23 elementor-widget elementor-widget-text-editor\" data-id=\"b8d3c23\" data-element_type=\"widget\" data-e-type=\"widget\" data-widget_type=\"text-editor.default\">\n\t\t\t\t<div class=\"elementor-widget-container\">\n\t\t\t\t\t\t\t\t\t<p>Programul Erasmus+ \u00eencurajeaz\u0103 participarea studen\u021bilor \u0219i a personalului universitar cu nevoi speciale. Dac\u0103 unul dintre participan\u021bii selecta\u021bi are o dizabilitate de natur\u0103 fizic\u0103, mental\u0103 sau alte probleme de s\u0103n\u0103tate care \u00eel \u00eempiedic\u0103 s\u0103 ia parte la mobilitate f\u0103r\u0103 s\u0103-i fie pus la dispozi\u021bie un sprijin financiar suplimentar, universitatea poate solicita Agen\u021biei Na\u021bionale o suplimentare a grantului pentru nevoi speciale pentru a putea acoperi costurile suplimentare necesare. Participan\u021bii care doresc s\u0103 solicite sprijin financiar suplimentar pentru nevoie speciale, trebuie s\u0103 discute cu reprezentan\u021bii Compartimentului Erasmus+ despre aceste aspecte \u00een momentul preg\u0103tirii documentelor de mobilitate.<\/p><p>Documentele necesare pentru a solicita suplimentarea pentru nevoi speciale sunt:<\/p><p>\u2013 cerere adresat\u0103 institu\u021biei de origine \u00een care se men\u021bioneaz\u0103 detaliile cu privire la mobilitate, solicitarea de suplimentare a grantului cu suma total\u0103 necesar\u0103, explic\u00e2nd natura nevoilor, tipurile de cheltuieli prev\u0103zute \u0219i sumele aferente;<\/p><p>\u2013 copie a certificatului de \u00eencadrare \u00een grad de handicap al participantului valabil pentru perioada de desf\u0103\u0219urare a mobilit\u0103\u021bii \u0219i emis de o institu\u021bie autorizat\u0103;<\/p><p>\u2013 pot fi anexate \u0219i copii ale altor documente care sprijin\u0103 cererea participantului (de exemplu: dac\u0103 este vorba de acoperirea unor costuri de tratamente, se va anexa \u0219i o trimitere sau scrisoare medical\u0103 din partea unui doctor din care s\u0103 reias\u0103 nevoia pentru tratament pe durata mobilit\u0103\u021bii);<\/p><p>Universitatea va redacta o adres\u0103 oficial\u0103 c\u0103tre Agen\u021bia Na\u021bional\u0103 \u00een care s\u0103 fie incluse detalii cu privire la proiectul pentru care se solicit\u0103 suplimentarea pentru nevoi speciale, detalii despre mobilitatea participantului \u0219i solicitarea de a suplimenta grantul cu suma total\u0103 necesar\u0103.<\/p><p>Fotocopiile documentelor depuse de un\/o participant(\u0103) \u0219i adresa oficial\u0103 se transmit de c\u0103tre universitate \u00een format electronic, prin e-mail, c\u0103tre expertul responsabil de proiect din cadrul Agen\u021biei Na\u021bionale. \u00cen urma primirii lor, Agen\u021bia Na\u021bional\u0103 va analiza cazul \u0219i va transmite universit\u0103\u021bii un r\u0103spuns oficial. \u00cen cazul aprob\u0103rii solicit\u0103rii, Agen\u021bia Na\u021bional\u0103 va emite un act adi\u021bional de suplimentare a fondurilor pentru proiectul \u00een cauz\u0103.<\/p><p>Fondurile suplimentare sunt alocate participantului \u00een baza acordului financiar semnat de universitate si participant. La finalizarea mobilit\u0103\u021bii, participantul va prezenta dovezi ale cheltuielilor efectuate sub forma de bonuri, facturi, bilete etc.\u00a0<\/p>\t\t\t\t\t\t\t\t<\/div>\n\t\t\t\t<\/div>\n\t\t\t\t\t<\/div>\n\t\t\t\t<\/div>\n\t\t<div id=\"e-n-tab-content-9955984717\" role=\"tabpanel\" aria-labelledby=\"e-n-tab-title-9955984717\" data-tab-index=\"17\" style=\"--n-tabs-title-order: 17;\" class=\" elementor-element elementor-element-1fc65d1 e-flex e-con-boxed e-con e-child\" data-id=\"1fc65d1\" data-element_type=\"container\" data-e-type=\"container\">\n\t\t\t\t\t<div class=\"e-con-inner\">\n\t\t\t\t<div class=\"elementor-element elementor-element-72ab9dd elementor-widget elementor-widget-text-editor\" data-id=\"72ab9dd\" data-element_type=\"widget\" data-e-type=\"widget\" data-widget_type=\"text-editor.default\">\n\t\t\t\t<div class=\"elementor-widget-container\">\n\t\t\t\t\t\t\t\t\t<p><a href=\"https:\/\/www.uaic.ro\/wp-content\/uploads\/2024\/10\/HE-Learning-agreement-studies-KA131-Digital-1.pdf\"><strong>Online Learning agreement for studies\u00a0<\/strong><\/a><strong>(\u00eencep\u00e2nd cu anul academic 2022-2023, se completeaz\u0103 exclusiv ON-LINE pe platforma OLA \u2013<\/strong><strong><a href=\"https:\/\/learning-agreement.eu\/\">https:\/\/learning-agreement.eu<\/a>)<\/strong><\/p><p><strong><a href=\"http:\/\/www.uaic.ro\/wp-content\/uploads\/2022\/03\/guidelines-learning-studies_en.pdf\">Guidelines-learning-studies_en<\/a>\u00a0(Ghid completare OLA \u00een lb. englez\u0103)<\/strong><\/p><p><strong><a href=\"https:\/\/www.uaic.ro\/wp-content\/uploads\/2022\/03\/online-learning-agreement-feb-2021_model-de-completare.doc\">Online-learning-agreement-feb-2021_model de completare<\/a>\u00a0(Model completare OLA \u00een lb. rom\u00e2n\u0103)<\/strong><\/p>\t\t\t\t\t\t\t\t<\/div>\n\t\t\t\t<\/div>\n\t\t\t\t\t<\/div>\n\t\t\t\t<\/div>\n\t\t<div id=\"e-n-tab-content-9955984718\" role=\"tabpanel\" aria-labelledby=\"e-n-tab-title-9955984718\" data-tab-index=\"18\" style=\"--n-tabs-title-order: 18;\" class=\" elementor-element elementor-element-b958e13 e-flex e-con-boxed e-con e-child\" data-id=\"b958e13\" data-element_type=\"container\" data-e-type=\"container\">\n\t\t\t\t\t<div class=\"e-con-inner\">\n\t\t\t\t<div class=\"elementor-element elementor-element-f3325b1 elementor-widget elementor-widget-text-editor\" data-id=\"f3325b1\" data-element_type=\"widget\" data-e-type=\"widget\" data-widget_type=\"text-editor.default\">\n\t\t\t\t<div class=\"elementor-widget-container\">\n\t\t\t\t\t\t\t\t\t<p><a href=\"https:\/\/www.uaic.ro\/wp-content\/uploads\/2025\/10\/SREI-Regulament-Erasmus-KA131_revizie-2025.pdf\"><strong>Regulament recunoa\u0219tere \u0219i echivalare ERASMUS studiu \u0219i practic\u0103<\/strong><\/a><\/p><h3 class=\"fusion-responsive-typography-calculated\" data-fontsize=\"16\" data-lineheight=\"24px\">Anexe:<\/h3><p><a href=\"https:\/\/www.uaic.ro\/wp-content\/uploads\/2022\/03\/Anexa-2-Grila-de-echivalare-a-notelor.doc\">Anexa 1 -Grila de echivalare a notelor<\/a><\/p><p>Anexa 2 \u2013\u00a0<a href=\"https:\/\/www.uaic.ro\/wp-content\/uploads\/2026\/01\/Anexa-2-Cerere-de-echivalare-%C8%99i-recunoa%C8%99tere-studiu.docx\">Cerere de echivalare \u0219i recunoa\u0219tere academic\u0103<\/a>\u00a0(se depune la facultate \u00eempreun\u0103 cu TOR-ul)<\/p><p>Anexa 4 \u2013\u00a0<a href=\"https:\/\/www.uaic.ro\/wp-content\/uploads\/2026\/01\/Anexa-4-Adeverinta-de-echivalare-%C8%99i-recunoa%C8%99tere-studiu.docx\">Adeverinta de recunoastere si echivalare studiu ERASMUS<\/a>\u00a0<\/p>\t\t\t\t\t\t\t\t<\/div>\n\t\t\t\t<\/div>\n\t\t\t\t\t<\/div>\n\t\t\t\t<\/div>\n\t\t<div id=\"e-n-tab-content-9955984719\" role=\"tabpanel\" aria-labelledby=\"e-n-tab-title-9955984719\" data-tab-index=\"19\" style=\"--n-tabs-title-order: 19;\" class=\" elementor-element elementor-element-f768f3c e-flex e-con-boxed e-con e-child\" data-id=\"f768f3c\" data-element_type=\"container\" data-e-type=\"container\">\n\t\t\t\t\t<div class=\"e-con-inner\">\n\t\t\t\t<div class=\"elementor-element elementor-element-b3a26b2 elementor-widget elementor-widget-text-editor\" data-id=\"b3a26b2\" data-element_type=\"widget\" data-e-type=\"widget\" data-widget_type=\"text-editor.default\">\n\t\t\t\t<div class=\"elementor-widget-container\">\n\t\t\t\t\t\t\t\t\t<p>Erasmus+ App reprezint\u0103 un instrument on-line de o real\u0103 importan\u021b\u0103 \u0219i utilitate ce permite studen\u021bilor Erasmus o gestionare eficient\u0103 \u0219i sigur\u0103 a tuturor etapelor administrative aferente perioadei de mobilitate (\u00eenainte, \u00een timpul \u0219i ulterior \u0219ederii \u00een str\u0103in\u0103tate).<\/p><p>Prin intermediul acestei aplica\u021bii (conectat\u0103 cu platforma on-line de sprijin lingvistic OLS) studen\u021bii au posibilitatea de a-\u0219i \u00eembun\u0103t\u0103\u021bi competen\u021bele lingvistice, de a accesa detalii informative cu privire la universitatea gazd\u0103 \u0219i cea de origine, precum \u0219i de a se documenta legat de diverse aspecte necesare organiz\u0103rii mobilit\u0103\u021bii (de ex. tips de la al\u021bi beneficiari Erasmus, informa\u021bii despre evenimentele locale \u0219i activit\u0103\u021bile ESN, statusul OLA etc.).<\/p><p>Te invit\u0103m s\u0103 descarci aplica\u021bia de la acest link:\u00a0<a href=\"https:\/\/erasmusapp.eu\/\">https:\/\/erasmusapp.eu\/<\/a>\u00a0\u0219i s\u0103 te bucuri de func\u021bionalit\u0103\u021bile acesteia!<\/p>\t\t\t\t\t\t\t\t<\/div>\n\t\t\t\t<\/div>\n\t\t\t\t\t<\/div>\n\t\t\t\t<\/div>\n\t\t<div id=\"e-n-tab-content-9955984720\" role=\"tabpanel\" aria-labelledby=\"e-n-tab-title-9955984720\" data-tab-index=\"20\" style=\"--n-tabs-title-order: 20;\" class=\" elementor-element elementor-element-102f8aa e-flex e-con-boxed e-con e-child\" data-id=\"102f8aa\" data-element_type=\"container\" data-e-type=\"container\">\n\t\t\t\t\t<div class=\"e-con-inner\">\n\t\t\t\t<div class=\"elementor-element elementor-element-7c62aa6 elementor-widget elementor-widget-text-editor\" data-id=\"7c62aa6\" data-element_type=\"widget\" data-e-type=\"widget\" data-widget_type=\"text-editor.default\">\n\t\t\t\t<div class=\"elementor-widget-container\">\n\t\t\t\t\t\t\t\t\t<p>Noul\u00a0<strong>Online Language Support (OLS)<\/strong>\u00a0te a\u0219teapt\u0103!<\/p><p>Acesta ofer\u0103 o serie de activit\u0103\u021bi interactive \u0219i captivante de \u00eenv\u0103\u021bare a limbilor str\u0103ine pentru a te ajuta sa \u00eenve\u021bi o nou\u0103 limb\u0103 sau s\u0103 st\u0103p\u00e2ne\u0219ti o limb\u0103 pe care ai studiat-o deja. Cea mai bun\u0103 parte este c\u0103 este conceput pentru a r\u0103spunde \u00een mod specific nevoilor fiec\u0103rui cursant.<\/p><p>Asta \u00eenseamn\u0103 c\u0103 te vei bucura de o experien\u021b\u0103 unic\u0103 de \u00eenv\u0103\u021bare a limbilor str\u0103ine, \u00een propriul t\u0103u ritm.<\/p><p>Deci, ce mai a\u0219tep\u021bi? Fie c\u0103 este vorba despre \u00eenv\u0103\u021barea elementelor de baz\u0103 ale francezei sau st\u0103p\u00e2nirea limbii germane la nivel nativ,\u00a0<a href=\"https:\/\/academy.europa.eu\/courses\/learn-a-new-language\">apas\u0103 aici pentru a \u00eencepe<\/a>.<\/p><p>Dureaz\u0103 doar c\u00e2teva secunde pentru a \u00ee\u021bi configura profilul \u0219i pentru a \u00eencepe c\u0103l\u0103toria ta de \u00eenv\u0103\u021bare a unei limbi str\u0103ine ast\u0103zi!\u00a0<a href=\"https:\/\/academy.europa.eu\/courses\/welcome-to-the-eu-academy\">Modulul nostru introductiv te ghideaz\u0103 rapid prin procesul de creare a unui cont<\/a>, pe care \u00eel po\u021bi utiliza pentru a accesa OLS \u0219i multe alte cursuri scurte din EU Academy.<\/p><p>Ne vedem \u00een noul OLS!<\/p>\t\t\t\t\t\t\t\t<\/div>\n\t\t\t\t<\/div>\n\t\t\t\t\t<\/div>\n\t\t\t\t<\/div>\n\t\t<div id=\"e-n-tab-content-9955984721\" role=\"tabpanel\" aria-labelledby=\"e-n-tab-title-9955984721\" data-tab-index=\"21\" style=\"--n-tabs-title-order: 21;\" class=\" elementor-element elementor-element-876933a e-flex e-con-boxed e-con e-child\" data-id=\"876933a\" data-element_type=\"container\" data-e-type=\"container\">\n\t\t\t\t\t<div class=\"e-con-inner\">\n\t\t\t\t<div class=\"elementor-element elementor-element-aa105a8 elementor-widget elementor-widget-text-editor\" data-id=\"aa105a8\" data-element_type=\"widget\" data-e-type=\"widget\" data-widget_type=\"text-editor.default\">\n\t\t\t\t<div class=\"elementor-widget-container\">\n\t\t\t\t\t\t\t\t\t<p>Programul Erasmus+ urm\u0103re\u0219te s\u0103 sprijine dezvoltarea educa\u021bional\u0103, profesional\u0103 \u0219i personal\u0103 a studen\u021bilor \u0219i absolven\u021bilor participan\u021bi.<\/p><p>El urm\u0103re\u0219te, de asemenea, s\u0103 promoveze, \u00een toate ac\u021biunile sale, egalitatea de \u0219anse \u0219i de acces, incluziunea, diversitatea \u0219i echitatea. De asemenea, programul contribuie la realizarea obiectivelor UE legate de transformarea digital\u0103, dezvoltarea durabil\u0103 \u0219i cet\u0103\u021benia activ\u0103.<\/p><p>Carta studentului Erasmus reflect\u0103\u00a0<strong>valorile \u0219i priorit\u0103\u021bile men\u021bionate mai sus<\/strong>, av\u00e2nd rolul de a informa participan\u021bii \u00een mod adecvat cu privire la drepturile \u0219i obliga\u021biile lor \u0219i de a asigura punerea \u00een aplicare cu succes a mobilit\u0103\u021bii lor \u0219i poate fi consultat\u0103 acces\u00e2nd acest link:\u00a0<strong><a href=\"https:\/\/erasmus-plus.ec.europa.eu\/ro\/resources-and-tools\/erasmus-student-charter-0\">https:\/\/erasmus-plus.ec.europa.eu\/ro\/resources-and-tools\/erasmus-student-charter-0\u00a0<\/a><\/strong><\/p>\t\t\t\t\t\t\t\t<\/div>\n\t\t\t\t<\/div>\n\t\t\t\t\t<\/div>\n\t\t\t\t<\/div>\n\t\t<div id=\"e-n-tab-content-9955984722\" role=\"tabpanel\" aria-labelledby=\"e-n-tab-title-9955984722\" data-tab-index=\"22\" style=\"--n-tabs-title-order: 22;\" class=\" elementor-element elementor-element-744366b e-flex e-con-boxed e-con e-child\" data-id=\"744366b\" data-element_type=\"container\" data-e-type=\"container\">\n\t\t\t\t\t<div class=\"e-con-inner\">\n\t\t\t\t<div class=\"elementor-element elementor-element-10c4dea elementor-widget elementor-widget-text-editor\" data-id=\"10c4dea\" data-element_type=\"widget\" data-e-type=\"widget\" data-widget_type=\"text-editor.default\">\n\t\t\t\t<div class=\"elementor-widget-container\">\n\t\t\t\t\t\t\t\t\t<h2 class=\"fusion-responsive-typography-calculated\" data-fontsize=\"18\" data-lineheight=\"27px\"><strong>Persoan\u0103 de contact: Andreea-Alina PURCARU\u00a0 \u00a0 \u00a0 \u00a0 \u00a0<\/strong><\/h2><h2 class=\"fusion-responsive-typography-calculated\" data-fontsize=\"18\" data-lineheight=\"27px\">\u00a0<\/h2><h2 class=\"fusion-responsive-typography-calculated\" data-fontsize=\"18\" data-lineheight=\"27px\"><strong>E-mail:\u00a0<a href=\"mailto:cerasela.jufa@uaic.ro\">andreea.purcaru@uaic.ro<\/a><br \/>Telefon: 0232 20 1113 \u00a0 \u00a0 \u00a0<\/strong><\/h2><p><img decoding=\"async\" class=\"aligncenter wp-image-53630 lazyloaded\" src=\"http:\/\/www.uaic.ro\/wp-content\/uploads\/2018\/04\/Picture5.png\" alt=\"\" width=\"57\" height=\"48\" data-orig-src=\"http:\/\/www.uaic.ro\/wp-content\/uploads\/2018\/04\/Picture5.png\" \/><\/p><p>Compartiment Erasmus+<\/p><p><strong><a href=\"https:\/\/www.uaic.ro\/international\/departamentul-de-relatii-internationale\/\">Serviciul Rela\u021bii Interna\u021bionale<\/a><\/strong><\/p><p>Universitatea \u201eAlexandru Ioan Cuza\u201d din Ia\u0219i<\/p><p>Bulevardul Carol I nr. 11<\/p><p>700506 IASI, ROMANIA<\/p><p><strong>\u00a0<\/strong><\/p><h3 class=\"fusion-responsive-typography-calculated\" data-fontsize=\"16\" data-lineheight=\"24px\"><strong>Program de lucru cu publicul: luni \u2013 joi, orele 09:30 \u2013 12.00<\/strong><\/h3>\t\t\t\t\t\t\t\t<\/div>\n\t\t\t\t<\/div>\n\t\t\t\t\t<\/div>\n\t\t\t\t<\/div>\n\t\t<div id=\"e-n-tab-content-9955984723\" role=\"tabpanel\" aria-labelledby=\"e-n-tab-title-9955984723\" data-tab-index=\"23\" style=\"--n-tabs-title-order: 23;\" class=\" elementor-element elementor-element-1271eda e-flex e-con-boxed e-con e-child\" data-id=\"1271eda\" data-element_type=\"container\" data-e-type=\"container\">\n\t\t\t\t\t<div class=\"e-con-inner\">\n\t\t\t\t<div class=\"elementor-element elementor-element-28d5cda elementor-widget elementor-widget-text-editor\" data-id=\"28d5cda\" data-element_type=\"widget\" data-e-type=\"widget\" data-widget_type=\"text-editor.default\">\n\t\t\t\t<div class=\"elementor-widget-container\">\n\t\t\t\t\t\t\t\t\t<p>Majoritatea universit\u0103\u021bilor partenere ofer\u0103 studen\u0163ilor Erasmus posibilitatea de a se caza \u00een c\u0103minele lor studen\u021be\u0219ti, \u00eens\u0103, pot exista \u0219i excep\u021bii. V\u0103 recomand\u0103m s\u0103 v\u0103 informa\u021bi din timp \u00een leg\u0103tur\u0103 cu acest aspect!<\/p><p>Pentru a veni \u00een ajutorul studen\u021bilor Erasmus care \u00ee\u0219i caut\u0103 cazare pe perioada mobilit\u0103\u021bii, v\u0103 propunem s\u0103 accesa\u0163i platforma Erasmus Play.<\/p><p>Erasmus Play started as a response from a former Erasmus+ group of students who encountered difficulties in finding accommodation in different host cities.<br \/>It allows you to compare all available housing options with ease. Moreover, you will be able to book in total safety since all accommodations are provided by verified platforms. Book your student accommodation in 3 steps:<\/p><p>\u2013 Choose your host University, campus or city and your required dates.<br \/>\u2013 Easily compare accommodation from multiple sites.<br \/>\u2013 Click on view and book it on the website of our trustworthy partners.<\/p><h3 class=\"fusion-responsive-typography-calculated\" data-fontsize=\"16\" data-lineheight=\"24px\"><strong><a href=\"https:\/\/www.uaic.ro\/wp-content\/uploads\/2025\/12\/Erasmus-Survival-Guide-2026-27.pdf\">Erasmus Survival Guide 2026-2027<\/a><\/strong><\/h3><p><a href=\"https:\/\/erasmusplay.com\/en\/\"><img decoding=\"async\" class=\"wp-image-126108 alignleft lazyautosizes lazyloaded\" src=\"https:\/\/www.uaic.ro\/wp-content\/uploads\/2024\/06\/Logo-Erasmus-Play.png.webp\" sizes=\"368px\" srcset=\"https:\/\/www.uaic.ro\/wp-content\/uploads\/2024\/06\/Logo-Erasmus-Play-200x47.png.webp 200w, https:\/\/www.uaic.ro\/wp-content\/uploads\/2024\/06\/Logo-Erasmus-Play-400x94.png.webp 400w, https:\/\/www.uaic.ro\/wp-content\/uploads\/2024\/06\/Logo-Erasmus-Play-600x141.png.webp 600w, https:\/\/www.uaic.ro\/wp-content\/uploads\/2024\/06\/Logo-Erasmus-Play-660x156.png.webp 660w, https:\/\/www.uaic.ro\/wp-content\/uploads\/2024\/06\/Logo-Erasmus-Play-768x181.png.webp 768w, https:\/\/www.uaic.ro\/wp-content\/uploads\/2024\/06\/Logo-Erasmus-Play-800x189.png.webp 800w, https:\/\/www.uaic.ro\/wp-content\/uploads\/2024\/06\/Logo-Erasmus-Play-950x224.png.webp 950w, https:\/\/www.uaic.ro\/wp-content\/uploads\/2024\/06\/Logo-Erasmus-Play-1200x283.png.webp 1200w, https:\/\/www.uaic.ro\/wp-content\/uploads\/2024\/06\/Logo-Erasmus-Play-1536x362.png.webp 1536w, https:\/\/www.uaic.ro\/wp-content\/uploads\/2024\/06\/Logo-Erasmus-Play.png.webp 8313w\" alt=\"\" width=\"368\" height=\"87\" data-orig-src=\"https:\/\/www.uaic.ro\/wp-content\/uploads\/2024\/06\/Logo-Erasmus-Play.png.webp\" data-srcset=\"https:\/\/www.uaic.ro\/wp-content\/uploads\/2024\/06\/Logo-Erasmus-Play-200x47.png.webp 200w, https:\/\/www.uaic.ro\/wp-content\/uploads\/2024\/06\/Logo-Erasmus-Play-400x94.png.webp 400w, https:\/\/www.uaic.ro\/wp-content\/uploads\/2024\/06\/Logo-Erasmus-Play-600x141.png.webp 600w, https:\/\/www.uaic.ro\/wp-content\/uploads\/2024\/06\/Logo-Erasmus-Play-660x156.png.webp 660w, https:\/\/www.uaic.ro\/wp-content\/uploads\/2024\/06\/Logo-Erasmus-Play-768x181.png.webp 768w, https:\/\/www.uaic.ro\/wp-content\/uploads\/2024\/06\/Logo-Erasmus-Play-800x189.png.webp 800w, https:\/\/www.uaic.ro\/wp-content\/uploads\/2024\/06\/Logo-Erasmus-Play-950x224.png.webp 950w, https:\/\/www.uaic.ro\/wp-content\/uploads\/2024\/06\/Logo-Erasmus-Play-1200x283.png.webp 1200w, https:\/\/www.uaic.ro\/wp-content\/uploads\/2024\/06\/Logo-Erasmus-Play-1536x362.png.webp 1536w, https:\/\/www.uaic.ro\/wp-content\/uploads\/2024\/06\/Logo-Erasmus-Play.png.webp 8313w\" data-sizes=\"auto\" data-orig-sizes=\"(max-width: 368px) 100vw, 368px\" \/><\/a><\/p>\t\t\t\t\t\t\t\t<\/div>\n\t\t\t\t<\/div>\n\t\t\t\t\t<\/div>\n\t\t\t\t<\/div>\n\t\t<div id=\"e-n-tab-content-9955984724\" role=\"tabpanel\" aria-labelledby=\"e-n-tab-title-9955984724\" data-tab-index=\"24\" style=\"--n-tabs-title-order: 24;\" class=\" elementor-element elementor-element-38a125b e-flex e-con-boxed e-con e-child\" data-id=\"38a125b\" data-element_type=\"container\" data-e-type=\"container\">\n\t\t\t\t\t<div class=\"e-con-inner\">\n\t\t\t\t<div class=\"elementor-element elementor-element-33d6055 elementor-widget elementor-widget-text-editor\" data-id=\"33d6055\" data-element_type=\"widget\" data-e-type=\"widget\" data-widget_type=\"text-editor.default\">\n\t\t\t\t<div class=\"elementor-widget-container\">\n\t\t\t\t\t\t\t\t\t<p style=\"text-align: center;\"><strong>Destina\u0163iile pe \u0163\u0103ri ale studen\u0163ilor ce au efectuat mobilit\u0103\u0163i de practic\u0103 ERASMUS+ \u00een anul academic 2022 \u2013 2023<\/strong><\/p><p><img data-dominant-color=\"c3bdb5\" data-has-transparency=\"false\" style=\"--dominant-color: #c3bdb5;\" loading=\"lazy\" decoding=\"async\" class=\"size-full wp-image-3191 aligncenter not-transparent\" src=\"https:\/\/international.uaic.ro\/wp-content\/uploads\/2026\/02\/poza-mobilitati-studiu-1-600x424.jpg.webp\" alt=\"\" width=\"600\" height=\"424\" srcset=\"https:\/\/international.uaic.ro\/wp-content\/uploads\/2026\/02\/poza-mobilitati-studiu-1-600x424.jpg.webp 600w, https:\/\/international.uaic.ro\/wp-content\/uploads\/2026\/02\/poza-mobilitati-studiu-1-600x424.jpg-300x212.webp 300w\" sizes=\"(max-width: 600px) 100vw, 600px\" \/><\/p>\t\t\t\t\t\t\t\t<\/div>\n\t\t\t\t<\/div>\n\t\t\t\t\t<\/div>\n\t\t\t\t<\/div>\n\t\t<div id=\"e-n-tab-content-9955984725\" role=\"tabpanel\" aria-labelledby=\"e-n-tab-title-9955984725\" data-tab-index=\"25\" style=\"--n-tabs-title-order: 25;\" class=\" elementor-element elementor-element-ee573a8 e-flex e-con-boxed e-con e-child\" data-id=\"ee573a8\" data-element_type=\"container\" data-e-type=\"container\">\n\t\t\t\t\t<div class=\"e-con-inner\">\n\t\t\t\t<div class=\"elementor-element elementor-element-25b0342 elementor-widget elementor-widget-text-editor\" data-id=\"25b0342\" data-element_type=\"widget\" data-e-type=\"widget\" data-widget_type=\"text-editor.default\">\n\t\t\t\t<div class=\"elementor-widget-container\">\n\t\t\t\t\t\t\t\t\t<p>Prezent\u0103ri ante-selec\u021bie:<\/p><ul><li><a href=\"https:\/\/www.uaic.ro\/wp-content\/uploads\/2023\/02\/Mobilit%C4%83%C8%9Bi-Erasmus-STUDIU-2022.pptx\">Mobilit\u0103\u021bi Erasmus+ STUDIU 2022<\/a><\/li><li><a href=\"https:\/\/www.uaic.ro\/wp-content\/uploads\/2023\/02\/Prezentare-Erasmus-studiu-si-practica-2020.pptx\">Prezentare Erasmus studiu si practica 2020<\/a><\/li><li><a href=\"https:\/\/www.uaic.ro\/wp-content\/uploads\/2023\/02\/erasmus-plus-practica-si-studiu2017-2019.ppsx\">Erasmus plus practica si studiu 2017-2019<\/a><\/li><li><a href=\"https:\/\/www.uaic.ro\/wp-content\/uploads\/2017\/05\/erasmus-plus-practica-si-studiu2016-2018.ppsx\">Erasmus plus practica si studiu 2016-2018<\/a><\/li><li><a href=\"https:\/\/www.uaic.ro\/wp-content\/uploads\/2017\/05\/Prezentare-informare-Erasmus.ppt\">Prezentare informare Erasmus+, mai 2015<\/a><\/li><li><a href=\"https:\/\/www.uaic.ro\/wp-content\/uploads\/2017\/05\/Prezentare-selec%C8%9Bie-Erasmus-2015-2016-25-martie-2015.ppt\">Prezentare selec\u021bie Erasmus+ 2015-2016, 25 martie 2014<\/a><\/li><\/ul><p>Prezent\u0103ri post-selec\u021bie (formalit\u0103\u021bi deplasare \u00een str\u0103in\u0103tate):<\/p><ul><li><a href=\"https:\/\/www.uaic.ro\/wp-content\/uploads\/2023\/02\/SESIUNE-INFORMATIV%C4%82-ERASMUS-POST-SELEC%C8%9AIE-LUNG%C4%82-DURAT%C4%82_10.11.2022.pdf\">Prezentare formalit\u0103\u021bi de deplasare \u00een str\u0103in\u0103tate 10.11.2022<\/a><\/li><li><a href=\"https:\/\/www.uaic.ro\/wp-content\/uploads\/2023\/02\/Prezentare-formalit%C4%83%C8%9Bi-de-deplasare-%C3%AEn-str%C4%83in%C4%83tate-12.11.2021.ppt\">Prezentare-formalit\u0103\u021bi-de-deplasare-\u00een-str\u0103in\u0103tate 12.11.2021<\/a><\/li><li><a href=\"https:\/\/www.uaic.ro\/wp-content\/uploads\/2023\/02\/Prezentare-formalit%C4%83%C8%9Bi-de-deplasare-%C3%AEn-str%C4%83in%C4%83tate-06.11.2020.ppt\">Prezentare-formalit\u0103\u021bi-de-deplasare-\u00een-str\u0103in\u0103tate-06.11.2020<\/a><\/li><li><a href=\"https:\/\/www.uaic.ro\/wp-content\/uploads\/2020\/09\/Prezentare-formalit%C4%83%C8%9Bi-de-deplasare-%C3%AEn-str%C4%83in%C4%83tate-14.11.2019ppt.ppt\">Prezentare-formalit\u0103\u021bi-de-deplasare-\u00een-str\u0103in\u0103tate-14.11.2019<\/a><\/li><li><a href=\"https:\/\/www.uaic.ro\/wp-content\/uploads\/2023\/02\/Prezentare-formalit%C4%83%C8%9Bi-de-deplasare-%C3%AEn-str%C4%83in%C4%83tate-21.11.2018ppt.pdf\">Prezentare-formalit\u0103\u021bi-de-deplasare-\u00een-str\u0103in\u0103tate-21.11.2018<\/a><\/li><li><a href=\"https:\/\/www.uaic.ro\/wp-content\/uploads\/2017\/11\/Prezentare-formalit%C4%83%C8%9Bi-de-deplasare-%C3%AEn-str%C4%83in%C4%83tate-16.11.2017.pdf\">Prezentare-formalit\u0103\u021bi-de-deplasare-\u00een-str\u0103in\u0103tate-16.11.2017<\/a><\/li><li><a href=\"https:\/\/www.uaic.ro\/wp-content\/uploads\/2017\/05\/Prezentare-formalit%C4%83%C8%9Bi-de-deplasare-%C3%AEn-str%C4%83in%C4%83tate-6-noiembrie-2016.ppt\">Prezentare-formalit\u0103\u021bi-de-deplasare-\u00een-str\u0103in\u0103tate-8-noiembrie-2016<\/a><\/li><li><a href=\"https:\/\/www.uaic.ro\/wp-content\/uploads\/2017\/05\/Prezentare-formalit%C4%83%C8%9Bi-de-deplasare-%C3%AEn-str%C4%83in%C4%83tate-26-aprilie-2016-1.ppt\">Prezentare-formalit\u0103\u021bi-de-deplasare-\u00een-str\u0103in\u0103tate-26-aprilie-2016<\/a><\/li><li><a href=\"https:\/\/www.uaic.ro\/wp-content\/uploads\/2017\/05\/Prezentare-formalit%C4%83%C8%9Bi-de-deplasare-%C3%AEn-str%C4%83in%C4%83tate-11-noiembrie-2015.ppt\">Prezentare formalit\u0103\u021bi de deplasare \u00een str\u0103in\u0103tate, 11 noiembrie 2015<\/a><\/li><li><a href=\"https:\/\/www.uaic.ro\/wp-content\/uploads\/2017\/05\/Prezentare-formalit%C4%83%C8%9Bi-de-deplasare-%C3%AEn-str%C4%83in%C4%83tate-23-aprilie-2015.pptx\">Prezentare formalit\u0103\u021bi de deplasare \u00een str\u0103in\u0103tate, 23 aprilie 2015<\/a><\/li><\/ul>\t\t\t\t\t\t\t\t<\/div>\n\t\t\t\t<\/div>\n\t\t\t\t\t<\/div>\n\t\t\t\t<\/div>\n\t\t<div id=\"e-n-tab-content-9955984726\" role=\"tabpanel\" aria-labelledby=\"e-n-tab-title-9955984726\" data-tab-index=\"26\" style=\"--n-tabs-title-order: 26;\" class=\" elementor-element elementor-element-7e0c580 e-flex e-con-boxed e-con e-child\" data-id=\"7e0c580\" data-element_type=\"container\" data-e-type=\"container\">\n\t\t\t\t\t<div class=\"e-con-inner\">\n\t\t\t\t<div class=\"elementor-element elementor-element-b6ab294 elementor-widget elementor-widget-text-editor\" data-id=\"b6ab294\" data-element_type=\"widget\" data-e-type=\"widget\" data-widget_type=\"text-editor.default\">\n\t\t\t\t<div class=\"elementor-widget-container\">\n\t\t\t\t\t\t\t\t\t<p><strong><a href=\"https:\/\/www.uaic.ro\/wp-content\/uploads\/2017\/05\/concurs-anunt-2016-2017-2.pdf\">Concurs Experienta mea Erasmus+ 2016-2017<\/a><\/strong><\/p><p><strong><a href=\"https:\/\/www.uaic.ro\/international\/programul-erasmus\/studenti\/concurs-experienta-mea-erasmus-2015-2016\/\">CONCURS Experien\u021ba mea Erasmus+ 2015-2016<\/a><\/strong><\/p><p><strong><a href=\"https:\/\/www.uaic.ro\/international\/programul-erasmus\/studenti\/concurs-experienta-mea-erasmus-2014-2-15\/\">CONCURS Experien\u021ba mea Erasmus+ 2014-2015<\/a><\/strong><\/p>\t\t\t\t\t\t\t\t<\/div>\n\t\t\t\t<\/div>\n\t\t\t\t\t<\/div>\n\t\t\t\t<\/div>\n\t\t\t\t\t<\/div>\n\t\t<\/div>\n\t\t\t\t\t\t<\/div>\n\t\t\t\t<\/div>\n\t\t\t\t\t<\/div>\n\t\t\t\t<\/div>\n\t\t<div class=\"elementor-element elementor-element-9f6c0ae e-flex e-con-boxed e-con e-parent\" data-id=\"9f6c0ae\" data-element_type=\"container\" data-e-type=\"container\" data-settings=\"{&quot;background_background&quot;:&quot;classic&quot;}\">\n\t\t\t\t\t<div class=\"e-con-inner\">\n\t\t\t\t<div class=\"elementor-element elementor-element-209f2ef elementor-widget elementor-widget-text-editor\" data-id=\"209f2ef\" data-element_type=\"widget\" data-e-type=\"widget\" data-widget_type=\"text-editor.default\">\n\t\t\t\t<div class=\"elementor-widget-container\">\n\t\t\t\t\t\t\t\t\t<h3 class=\"fusion-responsive-typography-calculated\" data-fontsize=\"16\" data-lineheight=\"24px\"><strong>CONTACT<\/strong><\/h3><p>Serviciul Rela\u0163ii Interna\u0163ionale<br \/>Universitatea \u201cAlexandru Ioan Cuza\u201d din Ia\u015fi<br \/>Bulevardul Carol I nr.11<br \/>700506 \u2013 IASI \/ ROMANIA<br \/><strong>Fax<\/strong>: 0232 20 1802<\/p><p><strong>Email<\/strong>: relint(at)uaic.ro<\/p>\t\t\t\t\t\t\t\t<\/div>\n\t\t\t\t<\/div>\n\t\t<div class=\"elementor-element elementor-element-9428a05 e-con-full e-flex e-con e-child\" data-id=\"9428a05\" data-element_type=\"container\" data-e-type=\"container\" data-settings=\"{&quot;background_background&quot;:&quot;classic&quot;}\">\n\t\t\t\t<div class=\"elementor-element elementor-element-d7eb99c elementor-widget elementor-widget-image\" data-id=\"d7eb99c\" data-element_type=\"widget\" data-e-type=\"widget\" data-widget_type=\"image.default\">\n\t\t\t\t<div class=\"elementor-widget-container\">\n\t\t\t\t\t\t\t\t\t\t\t\t\t\t\t<img loading=\"lazy\" decoding=\"async\" width=\"730\" height=\"164\" src=\"https:\/\/international.uaic.ro\/wp-content\/uploads\/2026\/02\/RO_FundedbytheEU_RGB_Monochrome-1024x230.webp\" class=\"attachment-large size-large wp-image-3093 has-transparency\" alt=\"\" srcset=\"https:\/\/international.uaic.ro\/wp-content\/uploads\/2026\/02\/RO_FundedbytheEU_RGB_Monochrome-1024x230.webp 1024w, https:\/\/international.uaic.ro\/wp-content\/uploads\/2026\/02\/RO_FundedbytheEU_RGB_Monochrome-300x67.webp 300w, https:\/\/international.uaic.ro\/wp-content\/uploads\/2026\/02\/RO_FundedbytheEU_RGB_Monochrome-768x173.webp 768w, https:\/\/international.uaic.ro\/wp-content\/uploads\/2026\/02\/RO_FundedbytheEU_RGB_Monochrome-1536x345.webp 1536w, https:\/\/international.uaic.ro\/wp-content\/uploads\/2026\/02\/RO_FundedbytheEU_RGB_Monochrome-2048x460.webp 2048w\" sizes=\"(max-width: 730px) 100vw, 730px\" data-has-transparency=\"true\" data-dominant-color=\"00339b\" style=\"--dominant-color: #00339b\" \/>\t\t\t\t\t\t\t\t\t\t\t\t\t\t\t<\/div>\n\t\t\t\t<\/div>\n\t\t\t\t<div class=\"elementor-element elementor-element-93e0b86 elementor-widget elementor-widget-text-editor\" data-id=\"93e0b86\" data-element_type=\"widget\" data-e-type=\"widget\" data-widget_type=\"text-editor.default\">\n\t\t\t\t<div class=\"elementor-widget-container\">\n\t\t\t\t\t\t\t\t\t<p>Con\u0163inutul prezentului material reprezint\u0103 responsabilitatea exclusiv\u0103 a autorilor, iar Agen\u0163ia Na\u0163ional\u0103 \u015fi Comisia European\u0103 nu sunt responsabile pentru modul \u00een care va fi folosit con\u0163inutul informa\u0163iei.<\/p>\t\t\t\t\t\t\t\t<\/div>\n\t\t\t\t<\/div>\n\t\t\t\t<\/div>\n\t\t\t\t\t<\/div>\n\t\t\t\t<\/div>\n\t\t\t\t<\/div>\n\t\t","protected":false},"excerpt":{"rendered":"<p>Programul Erasmus+ cu \u021b\u0103rile participante \u2013 mobilit\u0103\u021bi de studiu \u00cenainte de plecare La \u00eentoarcere Lumea este o carte, iar cei care nu c\u0103l\u0103toresc citesc doar o pagin\u0103. (Sf. Augustin) Regulament selec\u021bie A\u0219a \u00eencepe mobilitatea ta Erasmus Formulare Criterii de eligibilitate <a href=\"https:\/\/international.uaic.ro\/?page_id=3090\"> Read more&#8230;<\/a><\/p>\n","protected":false},"author":1,"featured_media":0,"parent":0,"menu_order":0,"comment_status":"closed","ping_status":"closed","template":"","meta":{"footnotes":""},"class_list":["post-3090","page","type-page","status-publish","hentry"],"_links":{"self":[{"href":"https:\/\/international.uaic.ro\/index.php?rest_route=\/wp\/v2\/pages\/3090","targetHints":{"allow":["GET"]}}],"collection":[{"href":"https:\/\/international.uaic.ro\/index.php?rest_route=\/wp\/v2\/pages"}],"about":[{"href":"https:\/\/international.uaic.ro\/index.php?rest_route=\/wp\/v2\/types\/page"}],"author":[{"embeddable":true,"href":"https:\/\/international.uaic.ro\/index.php?rest_route=\/wp\/v2\/users\/1"}],"replies":[{"embeddable":true,"href":"https:\/\/international.uaic.ro\/index.php?rest_route=%2Fwp%2Fv2%2Fcomments&post=3090"}],"version-history":[{"count":73,"href":"https:\/\/international.uaic.ro\/index.php?rest_route=\/wp\/v2\/pages\/3090\/revisions"}],"predecessor-version":[{"id":3386,"href":"https:\/\/international.uaic.ro\/index.php?rest_route=\/wp\/v2\/pages\/3090\/revisions\/3386"}],"wp:attachment":[{"href":"https:\/\/international.uaic.ro\/index.php?rest_route=%2Fwp%2Fv2%2Fmedia&parent=3090"}],"curies":[{"name":"wp","href":"https:\/\/api.w.org\/{rel}","templated":true}]}}