{"id":2828,"date":"2025-05-29T10:08:11","date_gmt":"2025-05-29T07:08:11","guid":{"rendered":"https:\/\/international.uaic.ro\/?page_id=2828"},"modified":"2026-04-26T21:56:54","modified_gmt":"2026-04-26T18:56:54","slug":"evenimente","status":"publish","type":"page","link":"https:\/\/international.uaic.ro\/?page_id=2828","title":{"rendered":"Evenimente"},"content":{"rendered":"\t\t<div data-elementor-type=\"wp-page\" data-elementor-id=\"2828\" class=\"elementor elementor-2828\">\n\t\t\t\t<div class=\"elementor-element elementor-element-f54c259 e-con-full e-flex e-con e-parent\" data-id=\"f54c259\" data-element_type=\"container\" data-e-type=\"container\" data-settings=\"{&quot;background_background&quot;:&quot;classic&quot;}\">\n\t\t\t\t<div class=\"elementor-element elementor-element-0c804cb elementor-widget elementor-widget-html\" data-id=\"0c804cb\" data-element_type=\"widget\" data-e-type=\"widget\" data-widget_type=\"html.default\">\n\t\t\t\t<div class=\"elementor-widget-container\">\n\t\t\t\t\t<style>\r\n\/* 1. FUNDALUL MARE BEJ *\/\r\n.e-con.e-parent {\r\n    width: 100vw !important;\r\n    position: relative !important;\r\n    left: 50% !important;\r\n    margin-left: -50vw !important;\r\n    background-color: #d7ccc8 !important;\r\n    padding: 0 0 40px 0 !important;\r\n    overflow-x: hidden !important;\r\n}\r\n\r\n\/* 2. FOR\u021aARE BANNER ALBASTRU (Widget-ul Heading) *\/\r\n\/* Folosim 'transform' pentru a for\u021ba centrarea bannerului pe ecran, nu pe container *\/\r\n.evenimente-header {\r\n    background-color: #0d4a7c !important;\r\n    width: 100vw !important;\r\n    position: relative !important;\r\n    left: 50% !important;\r\n    transform: translateX(-50%) !important; \/* Aceast\u0103 linie \u00eel va trage la marginea din st\u00e2nga a ecranului *\/\r\n    border-bottom: 5px solid #00c3ff !important;\r\n    box-sizing: border-box !important;\r\n    display: block !important;\r\n}\r\n\r\n\/* For\u021b\u0103m containerul intern al widget-ului s\u0103 ocupe tot spa\u021biul creat de banner *\/\r\n.evenimente-header .elementor-widget-container {\r\n    width: 100% !important;\r\n    padding: 0 !important;\r\n    margin: 0 !important;\r\n}\r\n\r\n\/* 3. STILUL TEXTULUI (Centrat \u00een interiorul bannerului) *\/\r\n.evenimente-header .elementor-heading-title {\r\n    color: #ffffff !important;\r\n    padding: 25px 0 !important;\r\n    text-align: center !important;\r\n    font-size: 26px !important;\r\n    text-transform: uppercase !important;\r\n    margin: 0 !important;\r\n    border: none !important;\r\n    width: 100% !important;\r\n}\r\n\r\n\/* 4. ZONA DE TAB-URI (Centrat\u0103 frumos) *\/\r\n.elementor-tabs {\r\n    display: flex !important;\r\n    max-width: 1200px !important;\r\n    width: 90% !important;\r\n    margin: 40px auto !important;\r\n    background-color: #ffffff !important;\r\n    box-shadow: 0px 10px 30px rgba(0,0,0,0.15);\r\n}\r\n\r\n.elementor-tabs-wrapper {\r\n    width: 35% !important;\r\n    background-color: #f5f5f5 !important;\r\n    border-right: 1px solid #d7ccc8 !important;\r\n}\r\n\r\n.elementor-tab-content {\r\n    width: 65% !important;\r\n    background-color: #ffffff !important;\r\n}\r\n\r\n.elementor-tab-title.elementor-active {\r\n    background-color: #d7ccc8 !important;\r\n}\r\n<\/style>\t\t\t\t<\/div>\n\t\t\t\t<\/div>\n\t\t\t\t<div class=\"elementor-element elementor-element-2a12a62 evenimente-header elementor-widget elementor-widget-heading\" data-id=\"2a12a62\" data-element_type=\"widget\" data-e-type=\"widget\" data-widget_type=\"heading.default\">\n\t\t\t\t<div class=\"elementor-widget-container\">\n\t\t\t\t\t<h2 class=\"elementor-heading-title elementor-size-default\">EVENIMENTE<\/h2>\t\t\t\t<\/div>\n\t\t\t\t<\/div>\n\t\t\t\t<div class=\"elementor-element elementor-element-b704246 e-n-tabs-mobile elementor-widget elementor-widget-n-tabs\" data-id=\"b704246\" data-element_type=\"widget\" data-e-type=\"widget\" data-widget_type=\"nested-tabs.default\">\n\t\t\t\t<div class=\"elementor-widget-container\">\n\t\t\t\t\t\t\t<div class=\"e-n-tabs\" data-widget-number=\"191906374\" aria-label=\"File. Deschizi elementele cu tasta Enter sau Spa\u021biu, le \u00eenchizi cu Esc \u0219i navighezi folosind tastele s\u0103ge\u021bi.\">\n\t\t\t<div class=\"e-n-tabs-heading\" role=\"tablist\">\n\t\t\t\t\t<button id=\"e-n-tab-title-1919063741\" data-tab-title-id=\"e-n-tab-title-1919063741\" class=\"e-n-tab-title\" aria-selected=\"true\" data-tab-index=\"1\" role=\"tab\" tabindex=\"0\" aria-controls=\"e-n-tab-content-1919063741\" style=\"--n-tabs-title-order: 1;\">\n\t\t\t\t\t\t<span class=\"e-n-tab-title-text\">\n\t\t\t\tERASMUS International Staff Training Week (8th edition - June 2025)\t\t\t<\/span>\n\t\t<\/button>\n\t\t\t\t<button id=\"e-n-tab-title-1919063742\" data-tab-title-id=\"e-n-tab-title-1919063742\" class=\"e-n-tab-title\" aria-selected=\"false\" data-tab-index=\"2\" role=\"tab\" tabindex=\"-1\" aria-controls=\"e-n-tab-content-1919063742\" style=\"--n-tabs-title-order: 2;\">\n\t\t\t\t\t\t<span class=\"e-n-tab-title-text\">\n\t\t\t\tERASMUS International Staff Training Week (7th edition - May 2024)\t\t\t<\/span>\n\t\t<\/button>\n\t\t\t\t<button id=\"e-n-tab-title-1919063743\" data-tab-title-id=\"e-n-tab-title-1919063743\" class=\"e-n-tab-title\" aria-selected=\"false\" data-tab-index=\"3\" role=\"tab\" tabindex=\"-1\" aria-controls=\"e-n-tab-content-1919063743\" style=\"--n-tabs-title-order: 3;\">\n\t\t\t\t\t\t<span class=\"e-n-tab-title-text\">\n\t\t\t\tERASMUS DAYS\t\t\t<\/span>\n\t\t<\/button>\n\t\t\t\t<button id=\"e-n-tab-title-1919063744\" data-tab-title-id=\"e-n-tab-title-1919063744\" class=\"e-n-tab-title\" aria-selected=\"false\" data-tab-index=\"4\" role=\"tab\" tabindex=\"-1\" aria-controls=\"e-n-tab-content-1919063744\" style=\"--n-tabs-title-order: 4;\">\n\t\t\t\t\t\t<span class=\"e-n-tab-title-text\">\n\t\t\t\tSEMINARUL \u201eUNIVERSITIES IN A CHANGING EUROPE: 30 YEARS SINCE THE FALL OF THE IRON CURTAIN\u201d\t\t\t<\/span>\n\t\t<\/button>\n\t\t\t\t<button id=\"e-n-tab-title-1919063745\" data-tab-title-id=\"e-n-tab-title-1919063745\" class=\"e-n-tab-title\" aria-selected=\"false\" data-tab-index=\"5\" role=\"tab\" tabindex=\"-1\" aria-controls=\"e-n-tab-content-1919063745\" style=\"--n-tabs-title-order: 5;\">\n\t\t\t\t\t\t<span class=\"e-n-tab-title-text\">\n\t\t\t\tCEREMONIE ANIVERSAR\u0102 \u2013 25 ANI DE PARTENERIAT UAIC-KONSTANZ\t\t\t<\/span>\n\t\t<\/button>\n\t\t\t\t<button id=\"e-n-tab-title-1919063746\" data-tab-title-id=\"e-n-tab-title-1919063746\" class=\"e-n-tab-title\" aria-selected=\"false\" data-tab-index=\"6\" role=\"tab\" tabindex=\"-1\" aria-controls=\"e-n-tab-content-1919063746\" style=\"--n-tabs-title-order: 6;\">\n\t\t\t\t\t\t<span class=\"e-n-tab-title-text\">\n\t\t\t\tS\u0102PT\u0102M\u00c2NA DE FORMARE A BIBLIOTECARILOR\t\t\t<\/span>\n\t\t<\/button>\n\t\t\t\t<button id=\"e-n-tab-title-1919063747\" data-tab-title-id=\"e-n-tab-title-1919063747\" class=\"e-n-tab-title\" aria-selected=\"false\" data-tab-index=\"7\" role=\"tab\" tabindex=\"-1\" aria-controls=\"e-n-tab-content-1919063747\" style=\"--n-tabs-title-order: 7;\">\n\t\t\t\t\t\t<span class=\"e-n-tab-title-text\">\n\t\t\t\tERASMUS+ STAFF TRAINING WEEK (2019)\t\t\t<\/span>\n\t\t<\/button>\n\t\t\t\t<button id=\"e-n-tab-title-1919063748\" data-tab-title-id=\"e-n-tab-title-1919063748\" class=\"e-n-tab-title\" aria-selected=\"false\" data-tab-index=\"8\" role=\"tab\" tabindex=\"-1\" aria-controls=\"e-n-tab-content-1919063748\" style=\"--n-tabs-title-order: 8;\">\n\t\t\t\t\t\t<span class=\"e-n-tab-title-text\">\n\t\t\t\tERASMUS+ STAFF TRAINING WEEK (14 \u2013 18 MAI 2018)\t\t\t<\/span>\n\t\t<\/button>\n\t\t\t\t<button id=\"e-n-tab-title-1919063749\" data-tab-title-id=\"e-n-tab-title-1919063749\" class=\"e-n-tab-title\" aria-selected=\"false\" data-tab-index=\"9\" role=\"tab\" tabindex=\"-1\" aria-controls=\"e-n-tab-content-1919063749\" style=\"--n-tabs-title-order: 9;\">\n\t\t\t\t\t\t<span class=\"e-n-tab-title-text\">\n\t\t\t\tERASMUS DAY (edi\u021bia 2018)\t\t\t<\/span>\n\t\t<\/button>\n\t\t\t\t<button id=\"e-n-tab-title-19190637410\" data-tab-title-id=\"e-n-tab-title-19190637410\" class=\"e-n-tab-title\" aria-selected=\"false\" data-tab-index=\"10\" role=\"tab\" tabindex=\"-1\" aria-controls=\"e-n-tab-content-19190637410\" style=\"--n-tabs-title-order: 10;\">\n\t\t\t\t\t\t<span class=\"e-n-tab-title-text\">\n\t\t\t\tS\u0103pt\u0103m\u00e2na de formare Erasmus+ la UAIC (edi\u021bia 2017)\t\t\t<\/span>\n\t\t<\/button>\n\t\t\t\t<button id=\"e-n-tab-title-19190637411\" data-tab-title-id=\"e-n-tab-title-19190637411\" class=\"e-n-tab-title\" aria-selected=\"false\" data-tab-index=\"11\" role=\"tab\" tabindex=\"-1\" aria-controls=\"e-n-tab-content-19190637411\" style=\"--n-tabs-title-order: 11;\">\n\t\t\t\t\t\t<span class=\"e-n-tab-title-text\">\n\t\t\t\tHigh Level Policy Seminar 2015\t\t\t<\/span>\n\t\t<\/button>\n\t\t\t\t<button id=\"e-n-tab-title-19190637412\" data-tab-title-id=\"e-n-tab-title-19190637412\" class=\"e-n-tab-title\" aria-selected=\"false\" data-tab-index=\"12\" role=\"tab\" tabindex=\"-1\" aria-controls=\"e-n-tab-content-19190637412\" style=\"--n-tabs-title-order: 12;\">\n\t\t\t\t\t\t<span class=\"e-n-tab-title-text\">\n\t\t\t\tErasmus Welcome Day 2014\t\t\t<\/span>\n\t\t<\/button>\n\t\t\t\t<button id=\"e-n-tab-title-19190637413\" data-tab-title-id=\"e-n-tab-title-19190637413\" class=\"e-n-tab-title\" aria-selected=\"false\" data-tab-index=\"13\" role=\"tab\" tabindex=\"-1\" aria-controls=\"e-n-tab-content-19190637413\" style=\"--n-tabs-title-order: 13;\">\n\t\t\t\t\t\t<span class=\"e-n-tab-title-text\">\n\t\t\t\tProgramele europene Erasmus Mundus \u0219i LLP-Erasmus la UAIC \u2013 continuitate \u0219i dezvoltare \u00een perioada 2011-2014\t\t\t<\/span>\n\t\t<\/button>\n\t\t\t\t<button id=\"e-n-tab-title-19190637414\" data-tab-title-id=\"e-n-tab-title-19190637414\" class=\"e-n-tab-title\" aria-selected=\"false\" data-tab-index=\"14\" role=\"tab\" tabindex=\"-1\" aria-controls=\"e-n-tab-content-19190637414\" style=\"--n-tabs-title-order: 14;\">\n\t\t\t\t\t\t<span class=\"e-n-tab-title-text\">\n\t\t\t\t\u00cent\u00e2lnire informativ\u0103 Erasmus\t\t\t<\/span>\n\t\t<\/button>\n\t\t\t\t<button id=\"e-n-tab-title-19190637415\" data-tab-title-id=\"e-n-tab-title-19190637415\" class=\"e-n-tab-title\" aria-selected=\"false\" data-tab-index=\"15\" role=\"tab\" tabindex=\"-1\" aria-controls=\"e-n-tab-content-19190637415\" style=\"--n-tabs-title-order: 15;\">\n\t\t\t\t\t\t<span class=\"e-n-tab-title-text\">\n\t\t\t\tErasmus Welcome Day 2011\t\t\t<\/span>\n\t\t<\/button>\n\t\t\t\t\t<\/div>\n\t\t\t<div class=\"e-n-tabs-content\">\n\t\t\t\t<div id=\"e-n-tab-content-1919063741\" role=\"tabpanel\" aria-labelledby=\"e-n-tab-title-1919063741\" data-tab-index=\"1\" style=\"--n-tabs-title-order: 1;\" class=\"e-active elementor-element elementor-element-bf33670 e-con-full e-flex e-con e-child\" data-id=\"bf33670\" data-element_type=\"container\" data-e-type=\"container\">\n\t\t\t\t<div class=\"elementor-element elementor-element-497da16 elementor-widget elementor-widget-text-editor\" data-id=\"497da16\" data-element_type=\"widget\" data-e-type=\"widget\" data-widget_type=\"text-editor.default\">\n\t\t\t\t<div class=\"elementor-widget-container\">\n\t\t\t\t\t\t\t\t\t<h2 class=\"page-header fusion-responsive-typography-calculated\" data-fontsize=\"18\" data-lineheight=\"27px\">Inclusive Mindsets: Embracing Diversity in Education and Society<\/h2>\n<p>Dear colleagues,<\/p>\n<p>The Department of International Relations of\u00a0<em>Alexandru Ioan Cuza<\/em>\u00a0University of Iasi is very pleased to announce the 8th edition of its International Staff Training Week, scheduled to take place between 2 and 6 June 2025.<\/p>\n<p>Under the title \u201cInclusive Mindsets: Embracing Diversity in Education and Society\u201d, this year\u2019s edition turns the spotlight on one of the current core focuses of the Erasmus+ Programme, that of inclusion and diversity. We are excited to embark on this journey with you, to exchange examples of best practices, to come up with pertinent solutions to some of the greatest challenges faced by mobility beneficiaries and to propel one another towards fostering more inclusive environments, for the benefit of both academia and society, at large.<\/p>\n<p>Aside from a variety of workshops and individual visits to homologous departments, participants will take part in an international fair, a guided city tour, an ikebana demonstration (to be confirmed), a day-long trip to the center of Moldavia, and many others.<\/p>\n<p>If you are interested in joining the event,\u00a0please fill in the following application form:\u00a0<strong><a href=\"https:\/\/forms.gle\/ajsBDadPZc9wngGX6%C2%A0\">https:\/\/forms.gle\/ajsBDadPZc9wngGX6\u00a0<\/a><\/strong>(if the link is not working, please copy and paste it into a new tab\/browser and it should work).<\/p>\n<p>The registration is open\u00a0only\u00a0to participants from\u00a0Programme Countries.\u00a0<\/p>\n<p>The detailed agenda for our International Staff Training Week, together with all the necessary organizational aspects, will be provided at a later date.<\/p>\n<p><strong>Maximum number of participants<\/strong>: 30<\/p>\n<p><strong>Deadline for applying<\/strong>: Wednesday, 30 April, 2025<\/p>\n<p><strong>Accommodation<\/strong>: not provided<\/p>\n<p><strong>Registration fee<\/strong>: 0 Euro for registration, 50 Euro for the trip to central Moldavian region (optional)<\/p>\n<p><strong>Contact person details<\/strong>: Alexandra Teodorescu (e-mail address: alexandra.teodorescu@uaic.ro, phone number: +40232201021)<\/p>\n<h2 class=\"fusion-responsive-typography-calculated\" data-fontsize=\"18\" data-lineheight=\"27px\"><a href=\"https:\/\/www.uaic.ro\/wp-content\/uploads\/2025\/05\/Final-Agenda-Staff-Week-UAIC-2025.pdf\"><strong>FINAL PROGRAMME<\/strong><\/a><\/h2>\n<h2 class=\"fusion-responsive-typography-calculated\" data-fontsize=\"18\" data-lineheight=\"27px\"><a href=\"https:\/\/www.uaic.ro\/wp-content\/uploads\/2025\/05\/Eat.Drink_.Dance-1.pdf\"><strong>ENJOY IA\u015eI<\/strong><\/a><\/h2>\t\t\t\t\t\t\t\t<\/div>\n\t\t\t\t<\/div>\n\t\t\t\t<\/div>\n\t\t<div id=\"e-n-tab-content-1919063742\" role=\"tabpanel\" aria-labelledby=\"e-n-tab-title-1919063742\" data-tab-index=\"2\" style=\"--n-tabs-title-order: 2;\" class=\" elementor-element elementor-element-77c97eb e-con-full e-flex e-con e-child\" data-id=\"77c97eb\" data-element_type=\"container\" data-e-type=\"container\">\n\t\t\t\t<div class=\"elementor-element elementor-element-f4ab0c6 elementor-widget elementor-widget-text-editor\" data-id=\"f4ab0c6\" data-element_type=\"widget\" data-e-type=\"widget\" data-widget_type=\"text-editor.default\">\n\t\t\t\t<div class=\"elementor-widget-container\">\n\t\t\t\t\t\t\t\t\t<h2 class=\"fusion-responsive-typography-calculated\" data-fontsize=\"18\" data-lineheight=\"27px\"><a href=\"https:\/\/www.uaic.ro\/wp-content\/uploads\/2024\/05\/Final-Program_Erasmus-International-Staff-Training-Week.pdf\">Final Program<\/a><\/h2><h2 class=\"fusion-responsive-typography-calculated\" data-fontsize=\"18\" data-lineheight=\"27px\"><a href=\"https:\/\/www.uaic.ro\/wp-content\/uploads\/2024\/05\/Iasi_Eat_Drink_Dance-1.pdf\">Iasi_Eat_Drink_Dance<\/a><\/h2><p>\u00a0<\/p><p><img data-dominant-color=\"8ca4c0\" data-has-transparency=\"false\" style=\"--dominant-color: #8ca4c0;\" fetchpriority=\"high\" decoding=\"async\" class=\"alignnone size-medium wp-image-4034 not-transparent\" src=\"https:\/\/international.uaic.ro\/wp-content\/uploads\/2026\/04\/Erasmus-International-Staff-Training-Week_poster-400x566.png-212x300.webp\" alt=\"\" width=\"212\" height=\"300\" srcset=\"https:\/\/international.uaic.ro\/wp-content\/uploads\/2026\/04\/Erasmus-International-Staff-Training-Week_poster-400x566.png-212x300.webp 212w, https:\/\/international.uaic.ro\/wp-content\/uploads\/2026\/04\/Erasmus-International-Staff-Training-Week_poster-400x566.png.webp 400w\" sizes=\"(max-width: 212px) 100vw, 212px\" \/><\/p>\t\t\t\t\t\t\t\t<\/div>\n\t\t\t\t<\/div>\n\t\t\t\t<\/div>\n\t\t<div id=\"e-n-tab-content-1919063743\" role=\"tabpanel\" aria-labelledby=\"e-n-tab-title-1919063743\" data-tab-index=\"3\" style=\"--n-tabs-title-order: 3;\" class=\" elementor-element elementor-element-590ab2b e-con-full e-flex e-con e-child\" data-id=\"590ab2b\" data-element_type=\"container\" data-e-type=\"container\">\n\t\t\t\t<div class=\"elementor-element elementor-element-546991e elementor-widget elementor-widget-text-editor\" data-id=\"546991e\" data-element_type=\"widget\" data-e-type=\"widget\" data-widget_type=\"text-editor.default\">\n\t\t\t\t<div class=\"elementor-widget-container\">\n\t\t\t\t\t\t\t\t\t<p style=\"margin: 0px 0px 20px; text-align: justify; color: #4c4e4d; font-family: Roboto;\"><span style=\"color: #000000;\"><span style=\"font-weight: bold;\">\u00cen perioada 15 \u2013 17 octombrie 2020 a avut loc cea de-a treia edi\u021bie a ini\u021biativei Erasmus Days la care a luat parte \u0219i UAIC<\/span>.<\/span><\/p><p style=\"margin: 0px 0px 20px; text-align: justify; color: #4c4e4d; font-family: Roboto;\"><span style=\"color: #000000;\">Pentru acest eveniment Serviciul Rela\u021bii Interna\u021bionale a<\/span><span style=\"color: #000000;\">\u00a0organizat o serie de activit\u0103\u021bi online la care au fost invita\u021bi s\u0103 ia parte to\u021bi studen\u021bii interesa\u021bi de stagiile Erasmus. Printre acestea se num\u0103r\u0103 concursul \u201cPovestea mea ERASMUS \u00een \u0219apte cuvinte\u201d unde f<\/span><span style=\"color: #000000;\">o\u0219ti \u0219i actuali studen\u021bi Erasmus au fost invita\u021bi s\u0103 trimite o fotografie reprezentativ\u0103 din stagiul Erasmus \u0219i s\u0103 identifice 7 cuvinte cheie ale experien\u021bei lor. Toate imaginile \u00eenscrise \u00een competi\u021bie au fost f\u0103cute publice pe 15 octombrie pe pagina de Facebook a UAIC, fiind desemnat\u0103 c\u00e2\u0219tig\u0103toare fotografia care a ob\u021binut cele mai multe aprecieri \u0219i distribuiri. Premiul a constat \u00een materiale promo\u021bionale Erasmus.<\/span><\/p><p style=\"margin: 0px 0px 20px; text-align: justify; color: #4c4e4d; font-family: Roboto;\"><span style=\"color: #000000;\">Tot pe data de 15 octombrie a fost organizat\u0103 o sesiune informativ\u0103 online unde reprezentan\u021bi ai Biroului Erasmus al UAIC au vorbit despre avantajele stagiilor Erasmus, condi\u021bii ce trebuie \u00eendeplinite pentru a deveni student Erasmus \u0219i pa\u0219ii necesari pentru desf\u0103\u0219urarea unor mobilit\u0103\u021bi \u00een str\u0103in\u0103tate. La eveniment au fost invita\u021bi to\u021bi studen\u021bii UAIC interesa\u021bi s\u0103 afle mai multe detalii despre programul Erasmus, participan\u021bii av\u00e2nd ocazia de a primi r\u0103spunsuri la \u00eentreb\u0103rile legate de acest subiect.\u00a0<\/span><\/p><p style=\"margin: 0px 0px 20px; text-align: justify; color: #4c4e4d; font-family: Roboto;\"><span style=\"color: #000000;\">Sesiunea informativ\u0103 a fost urmat\u0103 de un tur ghidat online al UAIC \u00een limba englez\u0103 realizat de c\u0103tre lect. univ. dr. Mihai BULAI de la Facultatea de Geografie \u0219i Geologie. Au fost invita\u021bi s\u0103 participe la aceast\u0103 activitate studen\u021bii interna\u021bionali afla\u021bi la UAIC la momentul respectiv, c\u00e2t \u0219i al\u021bi studen\u021bi de la universit\u0103\u021bile partenere ale UAIC interesa\u021bi \u00een desf\u0103\u0219urarea de stagii Erasmus de studiu sau practic\u0103 \u00een Ia\u0219i.\u00a0<\/span><\/p><p style=\"margin: 0px 0px 20px; text-align: justify; color: #4c4e4d; font-family: Roboto;\"><span style=\"color: #000000;\">Seria de activit\u0103\u021bi Erasmus Days a continuat pe data de 16 octombrie cu o sesiune de testimoniale video \u00een care studen\u021bi beneficiari ai stagiilor Erasmus de studiu \u0219i practic\u0103 au \u00eemp\u0103rt\u0103\u0219it din experien\u021ba lor celor interesa\u021bi.<\/span><\/p><p style=\"margin: 0px 0px 20px; text-align: justify; color: #4c4e4d; font-family: Roboto;\"><span style=\"color: #000000;\">Evenimentele Erasmus Days organizate la UAIC au putut fi urm\u0103rite pe pagina de Facebook Erasmus UAIC \u0219i au fost dedicate tuturor participan\u021bilor la programul Erasmus, studen\u021bilor interesa\u021bi de stagii de studiu \u0219i practic\u0103 Erasmus, c\u00e2t \u0219i altor actori interesa\u021bi.<\/span><\/p><p style=\"margin: 0px 0px 20px; text-align: justify; color: #4c4e4d; font-family: Roboto;\"><span style=\"color: #000000;\"> <img data-dominant-color=\"a59b8e\" data-has-transparency=\"false\" style=\"--dominant-color: #a59b8e;\" decoding=\"async\" class=\"alignnone size-medium wp-image-4035 not-transparent\" src=\"https:\/\/international.uaic.ro\/wp-content\/uploads\/2026\/04\/Anunt-concurs-foto-Erasmus-Days-320x202.jpg-300x189.webp\" alt=\"\" width=\"300\" height=\"189\" srcset=\"https:\/\/international.uaic.ro\/wp-content\/uploads\/2026\/04\/Anunt-concurs-foto-Erasmus-Days-320x202.jpg-300x189.webp 300w, https:\/\/international.uaic.ro\/wp-content\/uploads\/2026\/04\/Anunt-concurs-foto-Erasmus-Days-320x202.jpg.webp 320w\" sizes=\"(max-width: 300px) 100vw, 300px\" \/><img data-dominant-color=\"dad8d7\" data-has-transparency=\"false\" style=\"--dominant-color: #dad8d7;\" decoding=\"async\" class=\"alignnone size-medium wp-image-4036 not-transparent\" src=\"https:\/\/international.uaic.ro\/wp-content\/uploads\/2026\/04\/ERASMUS-DAYS-meeting-320x202.jpg-300x189.webp\" alt=\"\" width=\"300\" height=\"189\" srcset=\"https:\/\/international.uaic.ro\/wp-content\/uploads\/2026\/04\/ERASMUS-DAYS-meeting-320x202.jpg-300x189.webp 300w, https:\/\/international.uaic.ro\/wp-content\/uploads\/2026\/04\/ERASMUS-DAYS-meeting-320x202.jpg.webp 320w\" sizes=\"(max-width: 300px) 100vw, 300px\" \/><img data-dominant-color=\"6b81a7\" data-has-transparency=\"false\" style=\"--dominant-color: #6b81a7;\" loading=\"lazy\" decoding=\"async\" class=\"alignnone size-medium wp-image-4037 not-transparent\" src=\"https:\/\/international.uaic.ro\/wp-content\/uploads\/2026\/04\/Anunt-sesiune-testimoniale-video-320x202.jpg-300x189.webp\" alt=\"\" width=\"300\" height=\"189\" srcset=\"https:\/\/international.uaic.ro\/wp-content\/uploads\/2026\/04\/Anunt-sesiune-testimoniale-video-320x202.jpg-300x189.webp 300w, https:\/\/international.uaic.ro\/wp-content\/uploads\/2026\/04\/Anunt-sesiune-testimoniale-video-320x202.jpg.webp 320w\" sizes=\"(max-width: 300px) 100vw, 300px\" \/><img data-dominant-color=\"878371\" data-has-transparency=\"false\" style=\"--dominant-color: #878371;\" loading=\"lazy\" decoding=\"async\" class=\"alignnone size-medium wp-image-4038 not-transparent\" src=\"https:\/\/international.uaic.ro\/wp-content\/uploads\/2026\/04\/Online-Guided-Tour-of-UAIC-for-Erasmus-Students-320x202.jpg-300x189.webp\" alt=\"\" width=\"300\" height=\"189\" srcset=\"https:\/\/international.uaic.ro\/wp-content\/uploads\/2026\/04\/Online-Guided-Tour-of-UAIC-for-Erasmus-Students-320x202.jpg-300x189.webp 300w, https:\/\/international.uaic.ro\/wp-content\/uploads\/2026\/04\/Online-Guided-Tour-of-UAIC-for-Erasmus-Students-320x202.jpg.webp 320w\" sizes=\"(max-width: 300px) 100vw, 300px\" \/><\/span><\/p><p style=\"margin: 0px 0px 20px; text-align: justify; color: #4c4e4d; font-family: Roboto;\"><span style=\"color: #000000;\">\u00a0<\/span><\/p>\t\t\t\t\t\t\t\t<\/div>\n\t\t\t\t<\/div>\n\t\t\t\t<\/div>\n\t\t<div id=\"e-n-tab-content-1919063744\" role=\"tabpanel\" aria-labelledby=\"e-n-tab-title-1919063744\" data-tab-index=\"4\" style=\"--n-tabs-title-order: 4;\" class=\" elementor-element elementor-element-216d401 e-flex e-con-boxed e-con e-child\" data-id=\"216d401\" data-element_type=\"container\" data-e-type=\"container\">\n\t\t\t\t\t<div class=\"e-con-inner\">\n\t\t\t\t<div class=\"elementor-element elementor-element-f9e8d31 elementor-widget elementor-widget-text-editor\" data-id=\"f9e8d31\" data-element_type=\"widget\" data-e-type=\"widget\" data-widget_type=\"text-editor.default\">\n\t\t\t\t<div class=\"elementor-widget-container\">\n\t\t\t\t\t\t\t\t\t<p><img data-dominant-color=\"c4c7c3\" data-has-transparency=\"false\" style=\"--dominant-color: #c4c7c3;\" loading=\"lazy\" decoding=\"async\" class=\"alignnone size-medium wp-image-4039 not-transparent\" src=\"https:\/\/international.uaic.ro\/wp-content\/uploads\/2026\/04\/Seminar-rectori-2019-208x300.webp\" alt=\"\" width=\"208\" height=\"300\" srcset=\"https:\/\/international.uaic.ro\/wp-content\/uploads\/2026\/04\/Seminar-rectori-2019-208x300.webp 208w, https:\/\/international.uaic.ro\/wp-content\/uploads\/2026\/04\/Seminar-rectori-2019.webp 312w\" sizes=\"(max-width: 208px) 100vw, 208px\" \/><\/p><p>\u00cen perioada 24-26 octombrie 2019 UAIC a organizat Seminarul \u201eUniversities in a Changing Europe: 30 years since the Fall of the Iron Curtain\u201d, cu ocazia \u00eemplinirii a 30 de ani de la c\u0103derea Cortinei de Fier. Evenimentul a reunit rectori \u0219i prorectori din universit\u0103\u021bile membre ale Grupului Coimbra, Re\u021belei Utrecht, Consor\u021biului \u201eUniversitaria\u201d \u0219i ale Consor\u021biului Universit\u0103\u021bilor din Republica Moldova, Rom\u00e2nia \u0219i Ucraina, precum \u0219i Universitatea din Konstanz \u0219i Universitatea de Medicin\u0103 \u0219i Farmacie \u201eGrigore T. Popa\u201d din Ia\u0219i. Seminarul a inclus prelegeri \u0219i dezbateri pe tema provoc\u0103rilor cu care se confrunt\u0103 universit\u0103\u021bile europene \u00een prezent, \u00een particular cele legate de Brexit, r\u0103sp\u00e2ndirea populismului \u0219i dezvoltarea tendin\u021belor post-adev\u0103r.<\/p><p>\u00cen cadrul Seminarului, reprezentan\u021bii universit\u0103\u021bilor participante au semnat o declara\u021bie privitoare la provoc\u0103rile actuale ale universit\u0103\u021bilor europene. Documentul reprezint\u0103 o pozi\u021bie comun\u0103 a institu\u021biilor semnatare, care se angajeaz\u0103 s\u0103 continue demersul de a promova spiritul \u00een\u021belegerii \u0219i respectului fa\u021b\u0103 de identit\u0103\u021bi sociale diferite, \u00een contextul intoleran\u021bei care se manifest\u0103 din ce \u00een ce mai intens \u00een societ\u0103\u021bile europene. De asemenea, declara\u021bia presupune asumarea ferm\u0103 a misiunii universit\u0103\u021bilor de a c\u0103uta si ap\u0103ra adev\u0103rul \u0219i spiritul critic \u00een opozi\u021bie cu propagarea post-adev\u0103rului \u0219i stipuleaz\u0103 convingerea c\u0103 universit\u0103\u021bile britanice ar trebui s\u0103 \u00ee\u0219i p\u0103streze eligibilitatea \u00een programele educa\u021bionale \u0219i de cercetare europene, indiferent de modul \u00een care va fi decis \u201eBrexit\u201d-ul.<\/p>\t\t\t\t\t\t\t\t<\/div>\n\t\t\t\t<\/div>\n\t\t\t\t\t<\/div>\n\t\t\t\t<\/div>\n\t\t<div id=\"e-n-tab-content-1919063745\" role=\"tabpanel\" aria-labelledby=\"e-n-tab-title-1919063745\" data-tab-index=\"5\" style=\"--n-tabs-title-order: 5;\" class=\" elementor-element elementor-element-222cf25 e-flex e-con-boxed e-con e-child\" data-id=\"222cf25\" data-element_type=\"container\" data-e-type=\"container\">\n\t\t\t\t\t<div class=\"e-con-inner\">\n\t\t\t\t<div class=\"elementor-element elementor-element-8cf56db elementor-widget elementor-widget-text-editor\" data-id=\"8cf56db\" data-element_type=\"widget\" data-e-type=\"widget\" data-widget_type=\"text-editor.default\">\n\t\t\t\t<div class=\"elementor-widget-container\">\n\t\t\t\t\t\t\t\t\t<p><img data-dominant-color=\"745e4c\" data-has-transparency=\"false\" style=\"--dominant-color: #745e4c;\" loading=\"lazy\" decoding=\"async\" class=\"alignnone size-medium wp-image-4040 not-transparent\" src=\"https:\/\/international.uaic.ro\/wp-content\/uploads\/2026\/04\/Ceremonie-Konstanz-2019-300x200.webp\" alt=\"\" width=\"300\" height=\"200\" srcset=\"https:\/\/international.uaic.ro\/wp-content\/uploads\/2026\/04\/Ceremonie-Konstanz-2019-300x200.webp 300w, https:\/\/international.uaic.ro\/wp-content\/uploads\/2026\/04\/Ceremonie-Konstanz-2019-768x513.webp 768w, https:\/\/international.uaic.ro\/wp-content\/uploads\/2026\/04\/Ceremonie-Konstanz-2019.webp 923w\" sizes=\"(max-width: 300px) 100vw, 300px\" \/>Vineri, 25 octombrie 2019, \u00een Sala Senatului Universit\u0103\u021bii a avut loc ceremonia organizat\u0103 cu ocazia \u00eemplinirii a 25 de ani de parteneriat \u00eentre Universitatea \u201eAlexandru Ioan Cuza\u201d din Ia\u0219i \u0219i Universitatea Konstanz din Germania. Din partea Universit\u0103\u021bii Konstanz, la eveniment au participat Prof. univ. dr. Silvia Mergenthal, Prorector Rela\u021bii Interna\u021bionale, Prof. univ. dr. Ulrike Stefani, coordonator academic al parteneriatului cu UAIC, Dr. Johannes Dingler, Director Rela\u021bii Interna\u021bionale \u0219i Agnieszka Vojta, coordonator parteneriate est-europene. UAIC a fost reprezentat\u0103 la eveniment de c\u0103tre Prof.univ.dr. Henri Luchian \u0219i Conf. univ. dr. Ioan Lihaciu. Doamna lector Susanne Lorenz a fost prezent\u0103, de asemenea, din partea DAAD.Ceremonia s-a deschis cu o serie de alocu\u021biuni sus\u021binute de c\u0103tre reprezenta\u021bi ai conducerilor celor dou\u0103 universit\u0103\u021bi, \u00een care au fost eviden\u021biate cele mai importante repere ale cooper\u0103rii \u00een domeniul educa\u021bional \u0219i de cercetare dintre Ia\u0219i \u0219i Konstanz \u0219i beneficiile pentru cele dou\u0103 institu\u021bii, precum \u0219i perspectivele de dezvoltare ale parteneriatului academic.\u00a0 \u00cen cadrul evenimentului, profesori, cercet\u0103tori \u0219i studen\u021bi ai UAIC \u2013 alumni ai Universit\u0103\u021bii din Konstanz \u2013 au \u00eemp\u0103rt\u0103\u0219it din experien\u021ba dob\u00e2ndit\u0103 pe parcursul vizitelor \u0219i stagiilor efectuate \u00een institu\u021bia partener\u0103. Ceremonia s-a \u00eencheiat cu o sesiune de prezent\u0103ri a proiectelor \u00een derulare \u0219i a unor noi ini\u021biative comune.<\/p>\t\t\t\t\t\t\t\t<\/div>\n\t\t\t\t<\/div>\n\t\t\t\t\t<\/div>\n\t\t\t\t<\/div>\n\t\t<div id=\"e-n-tab-content-1919063746\" role=\"tabpanel\" aria-labelledby=\"e-n-tab-title-1919063746\" data-tab-index=\"6\" style=\"--n-tabs-title-order: 6;\" class=\" elementor-element elementor-element-702d873 e-flex e-con-boxed e-con e-child\" data-id=\"702d873\" data-element_type=\"container\" data-e-type=\"container\">\n\t\t\t\t\t<div class=\"e-con-inner\">\n\t\t\t\t<div class=\"elementor-element elementor-element-3a7731d elementor-widget elementor-widget-text-editor\" data-id=\"3a7731d\" data-element_type=\"widget\" data-e-type=\"widget\" data-widget_type=\"text-editor.default\">\n\t\t\t\t<div class=\"elementor-widget-container\">\n\t\t\t\t\t\t\t\t\t<p><img data-dominant-color=\"725b49\" data-has-transparency=\"false\" style=\"--dominant-color: #725b49;\" loading=\"lazy\" decoding=\"async\" class=\"alignnone size-medium wp-image-4041 not-transparent\" src=\"https:\/\/international.uaic.ro\/wp-content\/uploads\/2026\/04\/ST-week-bibliotecari-300x200.webp\" alt=\"\" width=\"300\" height=\"200\" srcset=\"https:\/\/international.uaic.ro\/wp-content\/uploads\/2026\/04\/ST-week-bibliotecari-300x200.webp 300w, https:\/\/international.uaic.ro\/wp-content\/uploads\/2026\/04\/ST-week-bibliotecari-1024x683.webp 1024w, https:\/\/international.uaic.ro\/wp-content\/uploads\/2026\/04\/ST-week-bibliotecari-768x512.webp 768w, https:\/\/international.uaic.ro\/wp-content\/uploads\/2026\/04\/ST-week-bibliotecari.webp 1374w\" sizes=\"(max-width: 300px) 100vw, 300px\" \/><\/p><p><strong>Universitatea \u201eAlexandru Ioan Cuza\u201d din Ia\u0219i<\/strong>\u00a0(UAIC) a g\u0103zduit, \u00een perioada\u00a0<strong>7 \u2013 11 octombrie 2019<\/strong>,\u00a0<strong>prima edi\u021bie a\u00a0<em>S\u0103pt\u0103m\u00e2nii de Formare a Bibliotecarilor (Librarians\u2019 Staff Training Week)<\/em><\/strong>. Evenimentul a fost organizat de Serviciul de Rela\u021bii Interna\u021bionale \u00eempreun\u0103 cu\u00a0<strong>Biblioteca Central\u0103 Universitar\u0103 \u201eMihai Eminescu\u201d<\/strong>. Beneficiarii direc\u021bi au fost bibliotecarii, at\u00e2t ie\u0219eni c\u00e2t \u0219i de la bibliotecile universit\u0103\u021bilor partenere:\u00a0<em>Universit\u00e9 Catholique de Louvain<\/em>\u00a0\u0219i\u00a0<em>University of Antwerpen<\/em>\u00a0(Belgia),\u00a0<em>University of Zagreb<\/em>\u00a0(Croa\u021bia),\u00a0<em>University of Southern Denmark<\/em>\u00a0(Danemarca),\u00a0<em>Aristotle University of Thessaloniki<\/em>\u00a0(Grecia),\u00a0<em>City University of London<\/em>\u00a0(Marea Britanie),\u00a0<em>University of Gdansk,\u00a0<\/em><em>The J\u00f3zef Pi\u0142sudski University of Physical Education in Warsaw<\/em>\u00a0(Polonia),\u00a0<em>University of Coimbra<\/em>\u00a0(Portugalia) \u0219i\u00a0<em>Universidad Complutense de Madrid<\/em>(Spania).<\/p><p>Programul evenimentului a inclus activit\u0103\u021bi academice \u0219i culturale legate de rolul \u0219i via\u021ba bibliotecarilor. \u00cen \u0219edin\u021ba festiv\u0103, doamna Conf. Dr. Mireille R\u0102DOI, Directorul Bibliotecii Centrale Universitare \u201eCarol I\u201d, Bucure\u0219ti a sus\u021binut prelegerea\u00a0<strong><em>2020 Smart Braries \u2013 as Digital Citizenship Facilitators &amp; Cultural Paladins<\/em><\/strong>. Invita\u021bii au participat zilnic la workshop-uri pe teme specifice, precum\u00a0<em>biblioteca digital\u0103 \u0219i publicul \u021bint\u0103<\/em>,\u00a0<em>promovarea \u0219i marketing-ul bibliotecii<\/em>,\u00a0<em>gestionarea colec\u021biilor speciale<\/em>,\u00a0<em>promovarea resurselor \u0219tiin\u021bifice \u0219i respectarea principiilor Open Access<\/em>,\u00a0<em>infrastructura IT<\/em>,\u00a0<em>\u00eemprumutul interbibliotecar<\/em>,\u00a0<em>schimburi interna\u021bionale<\/em>, c\u00e2t \u0219i mese rotunde \u0219i \u00eent\u00e2lniri de lucru cu invita\u021bi de la Biblioteca Jude\u021bean\u0103 \u201eGheorghe Asachi\u201d Ia\u015fi, Biblioteca Universit\u0103\u021bii Tehnice \u201eGheorghe Asachi\u201d Ia\u0219i, Biblioteca Central\u0103 a Universit\u0103\u0163ii de Medicin\u0103 \u015fi Farmacie \u201cGr. T. Popa\u201d Ia\u0219i \u0219i Biblioteca Universit\u0103\u0163ii de Arte \u201eGeorge Enescu\u201d Ia\u015fi.<\/p><p>Activit\u0103\u021bile organizate pentru participan\u021bi au inclus turul campusului UAIC \u0219i al ora\u0219ului Ia\u0219i, vizitarea Palatului Culturii \u0219i a Gr\u0103dinii Botanice din Ia\u0219i. Evenimentul s-a \u00eencheiat cu o excursie \u00een regiunea central\u0103 a Moldovei, prilej de explorare a cadrului natural, de descoperire a patrimoniului cultural \u0219i de cunoa\u0219tere a mo\u0219tenirii istorice a zonei.<\/p><p><strong><em>Librarians\u2019 Staff Training Week<\/em><\/strong>\u00a0favorizeaz\u0103 cre\u0219terea vizibilit\u0103\u021bii Bibliotecii Centrale Universitare \u201eMihai Eminescu\u201d \u00een re\u021beaua de biblioteci universitare din Europa, oferind prilej de consolidare a schimburilor de bune practici \u00eentre participan\u021bi \u0219i organizatori, at\u00e2t \u00een domeniul biblioteconomiei, c\u00e2t \u0219i al rela\u021biilor interna\u021bionale. Totodat\u0103, evenimentul ilustreaz\u0103 rolul de pionierat al Universit\u0103\u021bii \u201eAlexandru Ioan Cuza\u201d \u0219i al Bibliotecii Centrale Universitare \u201eMihai Eminescu\u201d din Ia\u0219i, prin organizarea primei manifest\u0103ri de acest fel din \u021bar\u0103.<\/p>\t\t\t\t\t\t\t\t<\/div>\n\t\t\t\t<\/div>\n\t\t\t\t\t<\/div>\n\t\t\t\t<\/div>\n\t\t<div id=\"e-n-tab-content-1919063747\" role=\"tabpanel\" aria-labelledby=\"e-n-tab-title-1919063747\" data-tab-index=\"7\" style=\"--n-tabs-title-order: 7;\" class=\" elementor-element elementor-element-e5edd2e e-flex e-con-boxed e-con e-child\" data-id=\"e5edd2e\" data-element_type=\"container\" data-e-type=\"container\">\n\t\t\t\t\t<div class=\"e-con-inner\">\n\t\t\t\t<div class=\"elementor-element elementor-element-239f10e elementor-widget elementor-widget-text-editor\" data-id=\"239f10e\" data-element_type=\"widget\" data-e-type=\"widget\" data-widget_type=\"text-editor.default\">\n\t\t\t\t<div class=\"elementor-widget-container\">\n\t\t\t\t\t\t\t\t\t<p><img data-dominant-color=\"675c59\" data-has-transparency=\"false\" style=\"--dominant-color: #675c59;\" loading=\"lazy\" decoding=\"async\" class=\"alignnone size-medium wp-image-4042 not-transparent\" src=\"https:\/\/international.uaic.ro\/wp-content\/uploads\/2026\/04\/ST-week-2019-300x200.webp\" alt=\"\" width=\"300\" height=\"200\" srcset=\"https:\/\/international.uaic.ro\/wp-content\/uploads\/2026\/04\/ST-week-2019-300x200.webp 300w, https:\/\/international.uaic.ro\/wp-content\/uploads\/2026\/04\/ST-week-2019-1024x683.webp 1024w, https:\/\/international.uaic.ro\/wp-content\/uploads\/2026\/04\/ST-week-2019-768x512.webp 768w, https:\/\/international.uaic.ro\/wp-content\/uploads\/2026\/04\/ST-week-2019.webp 1077w\" sizes=\"(max-width: 300px) 100vw, 300px\" \/><\/p><p><strong>Universitatea \u201eAlexandru Ioan Cuza\u201d din Ia\u0219i<\/strong>\u00a0(UAIC) a g\u0103zduit, \u00een s\u0103pt\u0103m\u00e2na 17 \u2013 21 iunie 2019, cea de-a\u00a0<strong>patra edi\u021bie a\u00a0<em>Erasmus+ International Staff Training Week<\/em><\/strong>, organizat\u0103 de Serviciul de Rela\u021bii Interna\u021bionale pentru 31 de oaspe\u021bi interna\u021bionali beneficiari de stagii de formare Erasmus+ din 14 \u021a\u0103ri Partenere: Albania, Algeria, Armenia, Azerbaidjan, Belarus. China, Georgia, Israel, Maroc, Muntenegru, Serbia, Tunisia, Ucraina \u0219i Uzbekistan.<\/p><p>Programul evenimentului a inclus at\u00e2t activit\u0103\u021bi academice, c\u00e2t \u0219i culturale foarte diverse, precum prezentarea evolu\u021biei programului Erasmus \u00een cei 20 de ani la UAIC, sus\u021binut\u0103 de Prof. Dr. Henri Luchian, Prorector pentru Rela\u021bii Interna\u021bionale \u0219i coordonator institu\u021bional Erasmus;\u00a0 prelegerea intitulat\u0103\u00a0<em>Cross-Cultural Encounters and Personal Development<\/em>, sus\u021binut\u0103 de Prof. Dr. Adriana Zai\u021b, Directorul \u0218colii Doctorale de Economie \u0219i Administrarea Afacerilor; cursul introductiv pe tema \u201eLimba, cultura \u0219i civiliza\u021bia rom\u00e2neasc\u0103\u201d sus\u021binut Dr. Arina Chiril\u0103, Facultatea de Litere; prezentarea sus\u021binut\u0103 de domnul \u0218tefan Velciu, expert al Agen\u021biei Na\u021bionale, pe tema programului Erasmus la nivel european \u0219i na\u021bional \u2013 perspective structurale \u0219i financiare asupra trecutului, prezentului \u0219i viitorului; prezent\u0103ri ale coordonatorilor Erasmus+ din facult\u0103\u021bile UAIC; prezentarea \u0218colii de Var\u0103\u00a0<em>JASSY<\/em>\u00a0organizat\u0103 de UAIC, aflat\u0103 la a doua edi\u021bie anul acesta; organizarea unor workshop-uri pe teme specifice \u0219i \u00eent\u00e2lniri de lucru individuale cu membri ai serviciilor \u0219i facult\u0103\u021bilor Universit\u0103\u021bii, la cererea participan\u021bilor, \u00een func\u021bie de interesele profesionale ale acestora.<\/p><p>Activit\u0103\u021bile organizate pentru oaspe\u021bi au inclus \u0219i un t\u00e2rg de prezentare a universit\u0103\u021bilor partenere \u0219i a culturii locale \u0219i na\u021bionale, organizat \u00een Sala Pa\u0219ilor Pierdu\u021bi, o vizit\u0103 la Muzeul Universit\u0103\u021bii, un tur ghidat al Bibliotecii Centrale Universitare \u201eMihai Eminescu\u201d, prezentarea\u00a0<em>Welcome Center<\/em>\u00a0pentru studen\u021bii interna\u021bionali, turul campusului UAIC \u0219i al ora\u0219ului Ia\u0219i. Evenimentul s-a \u00eencheiat cu o excursie \u00een regiunea central\u0103 a Moldovei, prilej de explorare a cadrului natural, de descoperire a patrimoniului cultural \u0219i de cunoa\u0219tere a mo\u0219tenirii istorice a zonei.<\/p><p><strong><em>Erasmus+ International Staff Training Week<\/em><\/strong>\u00a0contribuie, \u00een primul r\u00e2nd, la cunoa\u0219terea direct\u0103 a Universit\u0103\u021bii \u201eAlexandru Ioan Cuza\u201d din Ia\u0219i de c\u0103tre universit\u0103\u021bile partenere cu care colaboreaz\u0103 \u00een cadrul Programului Erasmus+ KA107 (cu \u021a\u0103ri Partenere), c\u00e2t \u0219i la \u00eent\u0103rirea \u0219i dezvoltarea rela\u021biilor de colaborare dintre acestea. Aceast\u0103 s\u0103pt\u0103m\u00e2n\u0103 de formare a fost o ocazie de schimburi de bune practici \u00eentre participan\u021bi \u0219i organizatori, at\u00e2t \u00een domeniul proiectelor de schimburi academice, dar \u0219i al rela\u021biilor interna\u021bionale \u00een general.<\/p>\t\t\t\t\t\t\t\t<\/div>\n\t\t\t\t<\/div>\n\t\t\t\t\t<\/div>\n\t\t\t\t<\/div>\n\t\t<div id=\"e-n-tab-content-1919063748\" role=\"tabpanel\" aria-labelledby=\"e-n-tab-title-1919063748\" data-tab-index=\"8\" style=\"--n-tabs-title-order: 8;\" class=\" elementor-element elementor-element-a9c720d e-flex e-con-boxed e-con e-child\" data-id=\"a9c720d\" data-element_type=\"container\" data-e-type=\"container\">\n\t\t\t\t\t<div class=\"e-con-inner\">\n\t\t\t\t<div class=\"elementor-element elementor-element-755f2bd elementor-widget elementor-widget-text-editor\" data-id=\"755f2bd\" data-element_type=\"widget\" data-e-type=\"widget\" data-widget_type=\"text-editor.default\">\n\t\t\t\t<div class=\"elementor-widget-container\">\n\t\t\t\t\t\t\t\t\t<p><img data-dominant-color=\"6d625f\" data-has-transparency=\"false\" style=\"--dominant-color: #6d625f;\" loading=\"lazy\" decoding=\"async\" class=\"alignnone size-medium wp-image-4043 not-transparent\" src=\"https:\/\/international.uaic.ro\/wp-content\/uploads\/2026\/04\/poza-STW-2018-300x200.webp\" alt=\"\" width=\"300\" height=\"200\" srcset=\"https:\/\/international.uaic.ro\/wp-content\/uploads\/2026\/04\/poza-STW-2018-300x200.webp 300w, https:\/\/international.uaic.ro\/wp-content\/uploads\/2026\/04\/poza-STW-2018-1024x682.webp 1024w, https:\/\/international.uaic.ro\/wp-content\/uploads\/2026\/04\/poza-STW-2018-768x511.webp 768w, https:\/\/international.uaic.ro\/wp-content\/uploads\/2026\/04\/poza-STW-2018.webp 1263w\" sizes=\"(max-width: 300px) 100vw, 300px\" \/><\/p><p>La cea de-a 3a edi\u021bie a Erasmus+\u00a0<em>Staff Training Week<\/em>, organizat\u0103 de UAIC \u00een 2018, a participat personal academic \u0219i administrativ din universit\u0103\u021bile partenere din 18 \u021b\u0103ri:\u00a0 Albania, Algeria, Armenia, Azerbaijan, Belarus, Coreea de Sud, Egipt, Georgia, Israel, Japonia, Maroc, Republica Moldova, Serbia, Tunisia, Ucraina, USA, Uzbekistan \u0219i Vietnam. Programul a inclus at\u00e2t activit\u0103\u021bi academice, c\u00e2t \u0219i culturale \u0219i sociale: un pr\u00e2nz de bun venit, turul campusului, cin\u0103 \u2013 prilej de socializare \u0219i de cunoa\u0219tere reciproc\u0103, turul ora\u0219ului organizat de Departamentul de Geografie, conferin\u021be pe diverse teme de interes, un t\u00e2rg educa\u021bional pentru prezentarea ofertelor academice ale universit\u0103\u021bilor participan\u021bilor, o discu\u021bie \u00een plen cu studen\u021bii interna\u021bionali de la universit\u0103\u021bile ai c\u0103ror reprezentan\u021bi au participat la Erasmus+\u00a0<em>Staff Training Week<\/em>, \u00eent\u00e2lniri individuale organizate la cerere (cu Departamentul de Cercetare, Serviciul Rela\u021bii Interna\u021bionale, Departamentul de Resurse Umane, Departamentul de Comunica\u021bii Date, Departamentul de Statistic\u0103, Facultatea de Fizic\u0103, Facultatea de Economie \u0219i Administrarea Afacerilor), vizite la Muzeul Universit\u0103\u021bii, Gr\u0103dina Botanic\u0103, Palatul Culturii, \u0219i, nu \u00een ultimul r\u00e2nd, o excursie \u00een Regiunea Moldovei.<\/p><p>Erasmus+\u00a0<em>Staff Training Week\u00a0<\/em>a contribuit, \u00een primul r\u00e2nd, la stabilirea unor contacte directe \u00eentre Universitatea \u201cAlexandru Ioan Cuza\u201d din Ia\u0219i si universit\u0103\u021bile partenere cu care colaboreaz\u0103 \u00een cadrul Programului Erasmus+ KA107, c\u00e2t \u0219i la \u00eent\u0103rirea \u0219i cre\u0219terea rela\u021biilor de colaborare dintre acestea. A fost o ocazie de schimburi de bune practici \u00eentre participan\u021bi si organizatori, at\u00e2t \u00een domeniul proiectelor de mobilitate \u0219i schimburi academice, dar \u0219i al rela\u021biilor interna\u021bionale \u00een general.<\/p><p>Evenimentul Erasmus+\u00a0<em>Staff Training Week\u00a0<\/em>a fost apreciat ca fiind de un real folos pentru toate universit\u0103\u021bile implicate, motiv pentru care Biroul Erasmus+ a decis continuarea organiz\u0103rii lui \u00een perioada 17 \u2013 21 iunie 2019.<\/p>\t\t\t\t\t\t\t\t<\/div>\n\t\t\t\t<\/div>\n\t\t\t\t\t<\/div>\n\t\t\t\t<\/div>\n\t\t<div id=\"e-n-tab-content-1919063749\" role=\"tabpanel\" aria-labelledby=\"e-n-tab-title-1919063749\" data-tab-index=\"9\" style=\"--n-tabs-title-order: 9;\" class=\" elementor-element elementor-element-7939ebc e-flex e-con-boxed e-con e-child\" data-id=\"7939ebc\" data-element_type=\"container\" data-e-type=\"container\">\n\t\t\t\t\t<div class=\"e-con-inner\">\n\t\t\t\t<div class=\"elementor-element elementor-element-c6e9558 elementor-widget elementor-widget-text-editor\" data-id=\"c6e9558\" data-element_type=\"widget\" data-e-type=\"widget\" data-widget_type=\"text-editor.default\">\n\t\t\t\t<div class=\"elementor-widget-container\">\n\t\t\t\t\t\t\t\t\t<p><img data-dominant-color=\"987d6a\" data-has-transparency=\"false\" style=\"--dominant-color: #987d6a;\" loading=\"lazy\" decoding=\"async\" class=\"alignnone size-medium wp-image-4044 not-transparent\" src=\"https:\/\/international.uaic.ro\/wp-content\/uploads\/2026\/04\/Erasmus-Day-2018-300x200.webp\" alt=\"\" width=\"300\" height=\"200\" srcset=\"https:\/\/international.uaic.ro\/wp-content\/uploads\/2026\/04\/Erasmus-Day-2018-300x200.webp 300w, https:\/\/international.uaic.ro\/wp-content\/uploads\/2026\/04\/Erasmus-Day-2018-1024x683.webp 1024w, https:\/\/international.uaic.ro\/wp-content\/uploads\/2026\/04\/Erasmus-Day-2018-768x512.webp 768w, https:\/\/international.uaic.ro\/wp-content\/uploads\/2026\/04\/Erasmus-Day-2018.webp 1245w\" sizes=\"(max-width: 300px) 100vw, 300px\" \/><\/p><p><strong><em>Erasmus Day<\/em><\/strong><strong>,<\/strong>\u00a0un eveniment cu tradi\u021bie la UAIC, este organizat la \u00eenceputul fiec\u0103rui semestru de c\u0103tre Biroul Erasmus+ din cadrul Serviciului\u00a0 Rela\u021bii Interna\u021bionale.<\/p><p>\u00cen anul academic 2017 \u2013 2018, au fost organizate dou\u0103 astfel de evenimete, primul av\u00e2nd loc \u00een luna martie, iar cel de-al doilea, \u00een luna octobrie.\u00a0<em>Erasmus Day<\/em>\u00a0din toamna anului 2018 a fost organizat \u00een parteneriat cu Universitatea Tehnic\u0103 \u201eGheorghe Asachi\u201d din Ia\u015fi (TUIA\u0218I), Universitatea de Medicin\u0103 \u0219i Farmacie \u201eGrigore T. Popa\u201d din Ia\u0219i (UMF), Universitatea de \u0218tiin\u021be Agricole \u0219i Medicin\u0103 Veterinar\u0103 \u201eIon Ionescu de la Brad\u201d (USAMV), Universitatea Na\u021bional\u0103 de Arte \u201eGeorge Enescu\u201d (UNAGE) \u0219i Prim\u0103ria Municipiului Ia\u0219i. Evenimentul a fost g\u0103zduit de c\u0103tre UAIC, scopul principal al acestuia fiind facilitarea integr\u0103rii \u00een spa\u021biul academic \u0219i cultural ie\u0219ean a studen\u021bilor interna\u021bionali veni\u021bi la UAIC.<\/p><p>Pe l\u00e2ng\u0103 Prof. dr. Henri Luchian,\u00a0<strong>Prorector pentru Rela\u021bii Interna\u021bionale \u0219i Parteneriate de Studii \u0219i Cercetare al UAIC,\u00a0<\/strong>au mai transmis cuvinte de bun-venit domnul Primar Mihai Chirica, Excelen\u021ba Sa, domnul Mihai Gr\u0103dinaru, Consul Onorific al Fran\u021bei \u00een Ia\u0219i, Excelen\u021ba Sa, domnul Enrico Novella, Consul Onorific al Italiei \u00een Ia\u0219i, domnul Vincent Lorenzini, directorul Institutului Cultural Francez, doamna Petronela Gu\u0219\u0103, customer service and teaching center coordinator la British Council Ia\u0219i, doamna prof. univ. dr. Irina Lungu, Prorector de Rela\u021bii Interna\u021bionale TUIA\u0218I, doamna prof. univ. dr. Monica H\u0103ncianu, Prorector de Rela\u021bii Interna\u021bionale UMF \u0219i domnul conf. univ. dr. R\u0103zvan Radu-Rusu, \u0218ef Departament Rela\u021bii Interna\u021bionale USAMV.\u00a0 \u00a0 \u00a0 \u00a0 \u00a0<\/p><p>\u00cen \u00eencheierea evenimentului, c\u00e2\u021biva dintre studen\u021bii Erasmus+ au \u00eemp\u0103rt\u0103\u0219it experien\u021ba lor Erasmus la Ia\u0219i, f\u0103c\u00e2nd referire la multiplele avantaje \u0219i oportunit\u0103\u021bi oferite de Programul Erasmus.<\/p><p>La final, oaspe\u021bii au asistat momente de muzic\u0103 \u0219i dans oferite de Corala UAIC \u0219i studen\u021bi de la Universitatea de Arte \u201eGeorge Enescu\u201d, dup\u0103 care au fost invita\u021bi \u00een Sala Pa\u0219ilor Pierdu\u021bi, unde au degustat bucate tradi\u021bionale rom\u00e2ne\u0219ti.<\/p>\t\t\t\t\t\t\t\t<\/div>\n\t\t\t\t<\/div>\n\t\t\t\t\t<\/div>\n\t\t\t\t<\/div>\n\t\t<div id=\"e-n-tab-content-19190637410\" role=\"tabpanel\" aria-labelledby=\"e-n-tab-title-19190637410\" data-tab-index=\"10\" style=\"--n-tabs-title-order: 10;\" class=\" elementor-element elementor-element-d3d758a e-flex e-con-boxed e-con e-child\" data-id=\"d3d758a\" data-element_type=\"container\" data-e-type=\"container\">\n\t\t\t\t\t<div class=\"e-con-inner\">\n\t\t\t\t<div class=\"elementor-element elementor-element-4b3db52 elementor-widget elementor-widget-text-editor\" data-id=\"4b3db52\" data-element_type=\"widget\" data-e-type=\"widget\" data-widget_type=\"text-editor.default\">\n\t\t\t\t<div class=\"elementor-widget-container\">\n\t\t\t\t\t\t\t\t\t<p><img data-dominant-color=\"59534b\" data-has-transparency=\"false\" style=\"--dominant-color: #59534b;\" loading=\"lazy\" decoding=\"async\" class=\"alignnone size-medium wp-image-4045 not-transparent\" src=\"https:\/\/international.uaic.ro\/wp-content\/uploads\/2026\/04\/poza-STW-2017-1-300x200.webp\" alt=\"\" width=\"300\" height=\"200\" srcset=\"https:\/\/international.uaic.ro\/wp-content\/uploads\/2026\/04\/poza-STW-2017-1-300x200.webp 300w, https:\/\/international.uaic.ro\/wp-content\/uploads\/2026\/04\/poza-STW-2017-1.webp 660w\" sizes=\"(max-width: 300px) 100vw, 300px\" \/><\/p><p>Departamentul de Rela\u021bii Interna\u021bionale al Universit\u0103\u021bii \u201cAlexandru Ioan Cuza\u201d din Ia\u0219i a g\u0103zduit, timp de o s\u0103pt\u0103m\u00e2n\u0103 (15 \u2013 19 mai 2017), \u00een cadrul celei de-a doua edi\u021bii a Erasmus+ International Staff Training Week, 44 de participan\u021bi \u2013 personal academic \u0219i administrativ din universit\u0103\u021bile partenere din 14 \u021b\u0103ri:\u00a0 Algeria, Armenia, Belarus, Bosnia \u0219i Her\u021begovina, Georgia, Israel, Kazahstan, Maroc, Moldova, Serbia, Tadjikistan, Tunisia, Ucraina, Uzbekistan. Programul a inclus at\u00e2t activit\u0103\u021bi academice, c\u00e2t \u0219i culturale: prezentarea evolu\u021biei programului Erasmus \u00een cei 19 ani la UAIC, sus\u021binut\u0103 de Prof. Dr. Henri Luchian, coordonatorul institu\u021bional Erasmus, workshop-ul intitulat Professional Narrabilities Revisited (Conf. Dr. Ovidiu Gavrilovici, Facultatea de Psihologie \u0219i \u0218tiin\u021bele Educa\u021biei), turul campusului \u0219i al ora\u0219ului organizate de Departamentul de Geografie, prezentarea pe tema Integr\u0103rii Europene (Lect.Dr. S\u00eenziana B\u0103l\u021b\u0103tescu, Facultatea de Economie \u0219i Administrarea Afacerilor), t\u00e2rgul educa\u021bional pentru prezentarea ofertelor academice ale universit\u0103\u021bilor participan\u021bilor, prezentarea intitulat\u0103 Cross-Cultural Encounters And Personal Development (Prof. Dr. Adriana Zai\u021b, Facultatea de Economie \u0219i Administrarea Afacerilor), Student Panel \u2013 o discu\u021bie \u00een plen cu studen\u021bii interna\u021bionali de la universit\u0103\u021bile participan\u021bilor, care studiaz\u0103 acest semestru, o introducere asupra Geografiei turismului \u00een regiunea Moldovei (Lect.Dr. Mihai Bulai, Facultatea de Geografie \u0219i Geologie), \u00eent\u00e2lniri organizate la cerere (cu Departamentul de Programe Didactice, Departamentul de Formare Continu\u0103, Facultatea de Fizic\u0103, Facultatea de Litere, Departamentul Financiar-Contabil, Departamentul de Asigurare a Calit\u0103\u021bii), vizite la Muzeul Universit\u0103\u021bii, Gr\u0103dina Botanic\u0103, Palatul Culturii \u0219i, nu \u00een ultimul r\u00e2nd, o excursie \u00een zona cultural\u0103 extins\u0103 a Ia\u0219ului.<\/p><p>Erasmus+ International Staff Training Week contribuie, \u00een primul r\u00e2nd, la cunoa\u0219terea direct\u0103 a Universit\u0103\u021bii \u201eAlexandru Ioan Cuza\u201d din Ia\u0219i de c\u0103tre universit\u0103\u021bile partenere cu care colaboreaz\u0103 \u00een cadrul Programului Erasmus+ KA107, c\u00e2t si la \u00eent\u0103rirea si cre\u0219terea rela\u021biilor de colaborare dintre acestea. A fost o ocazie de schimburi de bune practici \u00eentre participan\u021bi \u0219i organizatori, at\u00e2t \u00een domeniul proiectelor de mobilitate si schimburi academice, dar \u0219i al rela\u021biilor interna\u021bionale \u00een general.<\/p><p>International Staff Training Week s-a desf\u0103\u0219urat \u00een cadrul S\u0103pt\u0103m\u00e2nii Europene la UAIC, cu un ecou puternic \u00een r\u00e2ndurile participan\u021bilor din afara Uniunii Europene.<\/p>\t\t\t\t\t\t\t\t<\/div>\n\t\t\t\t<\/div>\n\t\t\t\t\t<\/div>\n\t\t\t\t<\/div>\n\t\t<div id=\"e-n-tab-content-19190637411\" role=\"tabpanel\" aria-labelledby=\"e-n-tab-title-19190637411\" data-tab-index=\"11\" style=\"--n-tabs-title-order: 11;\" class=\" elementor-element elementor-element-097faf4 e-flex e-con-boxed e-con e-child\" data-id=\"097faf4\" data-element_type=\"container\" data-e-type=\"container\">\n\t\t\t\t\t<div class=\"e-con-inner\">\n\t\t\t\t<div class=\"elementor-element elementor-element-73ed7a6 elementor-widget elementor-widget-text-editor\" data-id=\"73ed7a6\" data-element_type=\"widget\" data-e-type=\"widget\" data-widget_type=\"text-editor.default\">\n\t\t\t\t<div class=\"elementor-widget-container\">\n\t\t\t\t\t\t\t\t\t<p>Your Content Goes Here<\/p>\t\t\t\t\t\t\t\t<\/div>\n\t\t\t\t<\/div>\n\t\t\t\t\t<\/div>\n\t\t\t\t<\/div>\n\t\t<div id=\"e-n-tab-content-19190637412\" role=\"tabpanel\" aria-labelledby=\"e-n-tab-title-19190637412\" data-tab-index=\"12\" style=\"--n-tabs-title-order: 12;\" class=\" elementor-element elementor-element-f3d84b5 e-flex e-con-boxed e-con e-child\" data-id=\"f3d84b5\" data-element_type=\"container\" data-e-type=\"container\">\n\t\t\t\t\t<div class=\"e-con-inner\">\n\t\t\t\t<div class=\"elementor-element elementor-element-bffd245 elementor-widget elementor-widget-text-editor\" data-id=\"bffd245\" data-element_type=\"widget\" data-e-type=\"widget\" data-widget_type=\"text-editor.default\">\n\t\t\t\t<div class=\"elementor-widget-container\">\n\t\t\t\t\t\t\t\t\t<p><img data-dominant-color=\"5e6fa0\" data-has-transparency=\"false\" style=\"--dominant-color: #5e6fa0;\" loading=\"lazy\" decoding=\"async\" class=\"alignnone size-full wp-image-4046 not-transparent\" src=\"https:\/\/international.uaic.ro\/wp-content\/uploads\/2026\/04\/Erasmus-Welcome-Day-2014.webp\" alt=\"\" width=\"300\" height=\"212\" \/><\/p><p>Universitatea ,,Alexandru Ioan Cuza\u201d, \u00eempreun\u0103 cu cele patru universit\u0103\u021bi de stat din Ia\u0219i (Universitatea Tehnic\u0103 \u201cGheorghe Asachi\u201d, Universitatea de Medicin\u0103 \u0219i Farmacie \u02baGrigore T. Popa\u02ba, Universitatea de \u015etiin\u0163e Agricole \u015fi Medicin\u0103 Veterinar\u0103 \u201eIon Ionescu de la Brad\u201d \u0219i Universitatea de Arte \u201eGeorge Enescu\u201d), au organizat, miercuri, 8 octombrie 2014, la ora 17.00, \u00een Aula Magna ,,Mihai Eminescu\u201d, \u00eent\u00e2lnirea cu studen\u0163ii Erasmus \u0219i Erasmus Mundus \u2013 \u201eErasmus Welcome Day\u201d.<\/p><p>Scopul acestei \u00eent\u00e2lniri, organizat\u0103 la UAIC la \u00eenceputul fiec\u0103rui an universitar, este de a facilita integrarea \u00een spa\u0163iul academic \u015fi cultural ie\u015fean a studen\u0163ilor Erasmus \u0219i Erasmus Mundus de la universit\u0103\u0163ile partenere din spa\u021biul UE si non-UE, care vin s\u0103 studieze la Universitatea ,,Alexandru Ioan Cuza\u201d din Ia\u015fi pe durata unui semestru sau a unui an universitar.<\/p><p>\u00cen cadrul acestui eveniment, reprezentan\u021bii celor 5 universit\u0103\u021bi ie\u0219ene au adresat un cuvant de bun-venit oaspe\u0163ilor, dup\u0103 care asocia\u0163ia studen\u0163easc\u0103 Erasmus (ESN Ia\u0219i) a prezentat activit\u0103\u0163ile la care vor fi invita\u021bi studen\u021bii pe tot parcursul anului, iar fo\u0219ti studen\u021bi Erasmus \u0219i Erasmus Mundus au \u00eempart\u0103\u0219it c\u00e2te ceva din experien\u021ba lor Erasmus la Ia\u0219i.<\/p><p>La final, oaspe\u021bii au degustat bucate tradi\u0163ionale rom\u00e2ne\u015fti, iar evenimentul s-a \u00eencheiat cu o hor\u0103 moldoveneasc\u0103, al\u0103turi de colegii rom\u00e2ni.<\/p>\t\t\t\t\t\t\t\t<\/div>\n\t\t\t\t<\/div>\n\t\t\t\t\t<\/div>\n\t\t\t\t<\/div>\n\t\t<div id=\"e-n-tab-content-19190637413\" role=\"tabpanel\" aria-labelledby=\"e-n-tab-title-19190637413\" data-tab-index=\"13\" style=\"--n-tabs-title-order: 13;\" class=\" elementor-element elementor-element-c5ed9f8 e-flex e-con-boxed e-con e-child\" data-id=\"c5ed9f8\" data-element_type=\"container\" data-e-type=\"container\">\n\t\t\t\t\t<div class=\"e-con-inner\">\n\t\t\t\t<div class=\"elementor-element elementor-element-b62a00d elementor-widget elementor-widget-text-editor\" data-id=\"b62a00d\" data-element_type=\"widget\" data-e-type=\"widget\" data-widget_type=\"text-editor.default\">\n\t\t\t\t<div class=\"elementor-widget-container\">\n\t\t\t\t\t\t\t\t\t<p><img data-dominant-color=\"acc2dc\" data-has-transparency=\"false\" style=\"--dominant-color: #acc2dc;\" loading=\"lazy\" decoding=\"async\" class=\"alignnone size-medium wp-image-4047 not-transparent\" src=\"https:\/\/international.uaic.ro\/wp-content\/uploads\/2026\/04\/ErasmusMundus-300x117.webp\" alt=\"\" width=\"300\" height=\"117\" srcset=\"https:\/\/international.uaic.ro\/wp-content\/uploads\/2026\/04\/ErasmusMundus-300x117.webp 300w, https:\/\/international.uaic.ro\/wp-content\/uploads\/2026\/04\/ErasmusMundus.webp 640w\" sizes=\"(max-width: 300px) 100vw, 300px\" \/><\/p><p>Universitatea \u201eAlexandru Ioan Cuza\u201d din Ia\u015fi este o institu\u0163ie de referin\u021b\u0103 \u00een propunerea, implementarea \u015fi gestionarea proiectelor europene din cadrul programelor Erasmus Mundus \u015fi LLP-Erasmus.<\/p><p>UAIC este, din 2011, prima \u015fi \u00eenc\u0103 singura universitate din Rom\u00e2nia coordonatoare de proiecte Erasmus Mundus. Universitatea coordoneaz\u0103 3 astfel de proiecte: EMERGE (parteneriatul incluz\u00e2nd 17 universit\u0103\u0163i din U.E. \u015fi universit\u0103\u0163i din Republica Moldova, Ucraina, Belarus), IANUS (20 de universit\u0103\u0163i din U.E. \u015fi din Republica Moldova, Ucraina, Armenia, Georgia, Azerbaijan, Belarus) \u015fi EDEN (15 universit\u0103\u0163i din U.E. \u015fi din Israel). Ca urmare a selec\u0163iilor care au avut loc \u00een aceste trei proiecte, aproximativ 120 de bursieri vor veni la UAIC pentru c\u00e2te o mobilitate Erasmus Mundus \u00een anul universitar 2013-2014.<\/p><p>\u00cen cadrul Programului LLP-Erasmus, \u00een anul universitar 2011-2012, 451 de studen\u0163i ai UAIC au beneficiat de mobilit\u0103\u0163i de studiu \u015fi practic\u0103, grantul lunar mediu fiind de 590 de Euro pentru mobilit\u0103\u0163ile de studiu (de regul\u0103, 4,5 luni) \u015fi de 660 Euro pentru mobilit\u0103\u0163ile de practic\u0103 (3 luni). Exist\u0103 diferen\u0163e individuale, corelate cu plafoanele lunare pe fiecare \u0163ar\u0103, decise de Comisia European\u0103. La \u00eentoarcere, to\u0163i studen\u0163ii au primit o mic\u0103 suplimentare din veniturile proprii ale universit\u0103\u0163ii, totaliz\u00e2nd pentru un student 200 de euro (studiu) sau 100 euro (practic\u0103), \u00een afara prevederilor \u015fi obliga\u021biilor programului Erasmus \u015fi conform deciziei proprii a universit\u0103\u0163ii.<\/p><p>\u00cen fiecare an, universitatea dimensioneaz\u0103 grantul mediu lunar \u00een func\u021bie de grantul institu\u021bional pe care \u00eel prime\u0219te \u00een acel an. Pentru anul universitar 2012-2013, Universitatea \u201eAlexandru Ioan Cuza\u201d a putut majora grantul lunar mediu al studen\u021bilor la 645 euro pentru fiecare lun\u0103 de studiu, respectiv 672 euro pentru fiecare lun\u0103 de practic\u0103 din fondurile Programului LLP-Erasmus. Grantul lunar variaz\u0103, conform plafoanelor lunare maximale pentru fiecare \u0163ar\u0103 de destina\u0163ie. Prin aceast\u0103 majorare, Universitatea \u201eAlexandru Ioan Cuza\u201d urm\u0103re\u015fte s\u0103 acopere \u00eentr-o mai mare m\u0103sur\u0103 \u015fi mai rapid cheltuielile de \u00eentre\u021binere \u00een str\u0103in\u0103tate ale studen\u021bilor s\u0103i, dup\u0103 luarea acestei decizii majorarea put\u00e2nd fi pl\u0103tit\u0103, ca regul\u0103, \u00een timpul \u0219ederii lor la institu\u021biile partenere. Universitatea a decis ca modesta suplimentare din fondurile ei proprii (\u00een limita a 200, respectiv 100 de euro, de fiecare student) s\u0103 mai fie acordat\u0103 numai studen\u021bilor care, prin compara\u021bie cu anul trecut, au primit \u00een urma acestei major\u0103ri o cre\u0219tere mai mic\u0103 de 200 (sau 100) de euro a grantului total. \u00cen anul academic 2012-2013, 360 de studen\u0163i ai Universit\u0103\u0163ii \u201eAlexandru Ioan Cuza\u201d din Ia\u015fi si-au \u00eencheiat sau \u00eenc\u0103 \u00ee\u015fi desf\u0103\u015foar\u0103 stagiile de studiu \u015fi practic\u0103 in cele 265 de universit\u0103\u0163i europene partenere ale noastre \u00een cadrul programului LLP-Erasmus; estim\u0103m c\u0103 al\u0163i 70 de studen\u0163i vor mai beneficia de stagii de practic\u0103 \u00een acest an.<\/p><p>Procesul de selec\u0163ie pentru mobilit\u0103\u0163ile de studiu Erasmus 2013-2014 a fost demarat \u00een luna martie a acestui an \u015fi este in curs de definitivare; conform rezultatelor primite p\u00e2n\u0103 acum de la facult\u0103\u0163i, \u00een aceast\u0103 prim\u0103 etap\u0103 aproximativ 300 de studen\u0163i ai UAIC au fost declara\u0163i titulari ai unei mobilit\u0103\u0163i de studiu Erasmus. \u00cen anul academic viitor, nivelul preliminat al grantului lunar este, p\u00e2n\u0103 la aflarea valorii efective a grantului anual institu\u0163ional ce va fi primit de Universitate, de 600 euro\/lun\u0103 (studiu), respectiv grantul maxim lunar pe \u0163ara de destina\u0163ie, a\u015fa cum a fost stabilit de Comisia European\u0103 (practic\u0103).<\/p><p>\u00cen cei 15 ani de participare activ\u0103 \u00een programul LLP-Erasmus, peste 4500 de studen\u0163i ai UAIC au fost ambasadorii universit\u0103\u0163ii noastre la alte universit\u0103\u0163i europene si aproximativ 900 de studen\u0163i str\u0103ini au ales universitatea noastr\u0103 ca destina\u0163ie a mobilit\u0103\u0163ii lor Erasmus. Dintre cele peste 3500 institu\u0163ii de \u00eenv\u0103\u0163\u0103m\u00e2nt superior europene participante \u00een programul LLP-Erasmus, UAIC se afl\u0103 intre primele 100 de universit\u0103\u0163i \u00een ceea ce prive\u015fte num\u0103rul de studen\u0163i \u015fi de profesori ai universit\u0103\u0163ii care beneficiaz\u0103 de vizite Erasmus la universit\u0103\u0163i partenere. (<em>14.05.2013<\/em>)<\/p>\t\t\t\t\t\t\t\t<\/div>\n\t\t\t\t<\/div>\n\t\t\t\t\t<\/div>\n\t\t\t\t<\/div>\n\t\t<div id=\"e-n-tab-content-19190637414\" role=\"tabpanel\" aria-labelledby=\"e-n-tab-title-19190637414\" data-tab-index=\"14\" style=\"--n-tabs-title-order: 14;\" class=\" elementor-element elementor-element-074b872 e-flex e-con-boxed e-con e-child\" data-id=\"074b872\" data-element_type=\"container\" data-e-type=\"container\">\n\t\t\t\t\t<div class=\"e-con-inner\">\n\t\t\t\t<div class=\"elementor-element elementor-element-dfd424d elementor-widget elementor-widget-text-editor\" data-id=\"dfd424d\" data-element_type=\"widget\" data-e-type=\"widget\" data-widget_type=\"text-editor.default\">\n\t\t\t\t<div class=\"elementor-widget-container\">\n\t\t\t\t\t\t\t\t\t<p>Biroul pentru Programe Comunitare din cadrul\u00a0<a href=\"http:\/\/www.uaic.ro\/international\/departamentul-de-relatii-internationale\/\">Departamentului de Relatii Internationale<\/a>, Universitatea ,,Alexandru Ioan Cuza\u201d din Ia\u015fi, organizeaz\u0103 joi, 18 martie 2013, la ora 14.00, \u00een Aula Magna ,,Mihai Eminescu\u201d, \u00eent\u00e2lnirea informativ\u0103 cu studen\u0163ii interesa\u021bi de o mobilitate de studiu sau practic\u0103 Erasmus.<\/p><p>Vezi\u00a0<a href=\"http:\/\/www.uaic.ro\/wp-content\/uploads\/2014\/01\/A3posterErasmus18martie2013.pdf\"><strong>aici<\/strong><\/a>\u00a0afi\u0219ul evenimentului. (<em>18.02.2013<\/em>)<img data-dominant-color=\"e6ddd7\" data-has-transparency=\"false\" style=\"--dominant-color: #e6ddd7;\" loading=\"lazy\" decoding=\"async\" class=\"alignnone size-full wp-image-4048 not-transparent\" src=\"https:\/\/international.uaic.ro\/wp-content\/uploads\/2026\/04\/Erasmus-open-doors-2011-2012.jpg.webp\" alt=\"\" width=\"212\" height=\"300\" \/><\/p><p><strong>Erasmus Open Doors \u2013 \u00eent\u00e2lnire organizat\u0103 pentru studen\u0163ii rom\u00e2ni titulari ai unei mobilit\u0103\u0163i LLP-Erasmus \u00een anul universitar 2011-2012<\/strong><\/p><p>\u00cen cadrul evenimentului\u00a0<strong>Erasmus Open Doors<\/strong>, Biroul pentru Programe Comunitare organizeaz\u0103 mar\u0163i, 31 mai 2011, la orele 14:00, \u00een Sala Senatului Universit\u0103\u0163ii \u201eAlexandru Ioan Cuza\u201d o \u00eent\u00e2lnire cu to\u0163i studen\u0163ii titulari ai unei mobilit\u0103\u0163i Erasmus pentru anul universitar 2011-2012.<\/p><p>La acest eveniment vor fi prezen\u0163i viitori studen\u0163i Erasmus \u015fi reprezentan\u0163i ai asocia\u0163iilor studen\u0163e\u015fti\u00a0<em>Erasmus Student Network (ESN)<\/em>\u00a0\u015fi\u00a0<em>Ini\u0163iativa Erasmus Ia\u015fi (IEI)<\/em>.<\/p><p>(<em>18.05.2011<\/em>)<\/p>\t\t\t\t\t\t\t\t<\/div>\n\t\t\t\t<\/div>\n\t\t\t\t\t<\/div>\n\t\t\t\t<\/div>\n\t\t<div id=\"e-n-tab-content-19190637415\" role=\"tabpanel\" aria-labelledby=\"e-n-tab-title-19190637415\" data-tab-index=\"15\" style=\"--n-tabs-title-order: 15;\" class=\" elementor-element elementor-element-9ec9cf8 e-flex e-con-boxed e-con e-child\" data-id=\"9ec9cf8\" data-element_type=\"container\" data-e-type=\"container\">\n\t\t\t\t\t<div class=\"e-con-inner\">\n\t\t\t\t<div class=\"elementor-element elementor-element-397e7d6 elementor-widget elementor-widget-text-editor\" data-id=\"397e7d6\" data-element_type=\"widget\" data-e-type=\"widget\" data-widget_type=\"text-editor.default\">\n\t\t\t\t<div class=\"elementor-widget-container\">\n\t\t\t\t\t\t\t\t\t<p><img data-dominant-color=\"3a5996\" data-has-transparency=\"false\" style=\"--dominant-color: #3a5996;\" loading=\"lazy\" decoding=\"async\" class=\"alignnone size-full wp-image-4050 not-transparent\" src=\"https:\/\/international.uaic.ro\/wp-content\/uploads\/2026\/04\/Erasmus-Welcome-Day-2011.webp\" alt=\"\" width=\"212\" height=\"300\" \/><\/p><p>Biroul pentru Programe Comunitare din cadrul\u00a0<a href=\"http:\/\/www.uaic.ro\/international\/departamentul-de-relatii-internationale\/\">Departamentului de Relatii Internationale<\/a>, Universitatea ,,Alexandru Ioan Cuza\u201d din Iasi organizeaz\u0103 miercuri, 19 octombrie 2011, la ora 17.00, \u00een Aula Magna ,,Mihai Eminescu\u201d, \u00eent\u00e2lnirea cu studen\u0163ii Erasmus \u2013 \u201eErasmus Welcome Day\u201d.<\/p><p>Scopul acestei \u00eent\u00e2lniri este de a facilita integrarea \u00een spa\u0163iul academic \u015fi cultural ie\u015fean a studen\u0163ilor Erasmus de la universit\u0103\u0163ile europene, care vin s\u0103 studieze la Universitatea ,,Alexandru Ioan Cuza\u201d din Ia\u015fi pe durata unui semestru sau a unui an universitar.<\/p><p>\u00cen cadrul acestui eveniment, conducerea Universit\u0103\u0163ii va adresa un cuvant de bun-venit oaspe\u0163ilor, dup\u0103 care asocia\u0163iile studen\u0163e\u015fti vor prezenta activit\u0103\u0163ile care vor fi organizate pe tot parcursul anului, \u00een cadrul UAIC, pentru studen\u0163ii str\u0103ini.<\/p><p>De asemenea, studen\u0163ii Erasmus vor primi materiale promo\u0163ionale din partea Universit\u0103\u0163ii ,,Alexandru Ioan Cuza\u201d , se vor prinde \u00eentr-o hor\u0103 moldoveneasc\u0103 al\u0103turi de colegii rom\u00e2ni \u015fi vor degusta din bucate tradi\u0163ionale rom\u00e2ne\u015fti. (<em>10.10.2011<\/em>)<\/p><p>Vezi fotografii de la eveniment\u00a0<a href=\"http:\/\/www.uaic.ro\/avada_portfolio\/erasmus-welcome-day-2011\/\">AICI<\/a>.<\/p>\t\t\t\t\t\t\t\t<\/div>\n\t\t\t\t<\/div>\n\t\t\t\t\t<\/div>\n\t\t\t\t<\/div>\n\t\t\t\t\t<\/div>\n\t\t<\/div>\n\t\t\t\t\t\t<\/div>\n\t\t\t\t<\/div>\n\t\t\t\t<\/div>\n\t\t\t\t<\/div>\n\t\t","protected":false},"excerpt":{"rendered":"<p>EVENIMENTE ERASMUS International Staff Training Week (8th edition &#8211; June 2025) ERASMUS International Staff Training Week (7th edition &#8211; May 2024) ERASMUS DAYS SEMINARUL \u201eUNIVERSITIES IN A CHANGING EUROPE: 30 YEARS SINCE THE FALL OF THE IRON CURTAIN\u201d CEREMONIE ANIVERSAR\u0102 <a href=\"https:\/\/international.uaic.ro\/?page_id=2828\"> Read more&#8230;<\/a><\/p>\n","protected":false},"author":1,"featured_media":0,"parent":0,"menu_order":0,"comment_status":"closed","ping_status":"closed","template":"elementor_header_footer","meta":{"footnotes":""},"class_list":["post-2828","page","type-page","status-publish","hentry"],"_links":{"self":[{"href":"https:\/\/international.uaic.ro\/index.php?rest_route=\/wp\/v2\/pages\/2828","targetHints":{"allow":["GET"]}}],"collection":[{"href":"https:\/\/international.uaic.ro\/index.php?rest_route=\/wp\/v2\/pages"}],"about":[{"href":"https:\/\/international.uaic.ro\/index.php?rest_route=\/wp\/v2\/types\/page"}],"author":[{"embeddable":true,"href":"https:\/\/international.uaic.ro\/index.php?rest_route=\/wp\/v2\/users\/1"}],"replies":[{"embeddable":true,"href":"https:\/\/international.uaic.ro\/index.php?rest_route=%2Fwp%2Fv2%2Fcomments&post=2828"}],"version-history":[{"count":7,"href":"https:\/\/international.uaic.ro\/index.php?rest_route=\/wp\/v2\/pages\/2828\/revisions"}],"predecessor-version":[{"id":4053,"href":"https:\/\/international.uaic.ro\/index.php?rest_route=\/wp\/v2\/pages\/2828\/revisions\/4053"}],"wp:attachment":[{"href":"https:\/\/international.uaic.ro\/index.php?rest_route=%2Fwp%2Fv2%2Fmedia&parent=2828"}],"curies":[{"name":"wp","href":"https:\/\/api.w.org\/{rel}","templated":true}]}}